{"id":344,"date":"2019-08-09T20:02:04","date_gmt":"2019-08-09T23:02:04","guid":{"rendered":"http:\/\/intranet.filantropiacortessolari.cl\/?page_id=344"},"modified":"2024-03-22T15:08:27","modified_gmt":"2024-03-22T18:08:27","slug":"articulos-y-reportajes","status":"publish","type":"page","link":"https:\/\/www.filantropiacortessolari.cl\/en\/articulos-y-reportajes\/","title":{"rendered":"ARTICLES AND REPORTS"},"content":{"rendered":"<style type=\"text\/css\"> \n#cmsms_row_69eebac41ce795_32951546 .cmsms_row_outer_parent { \n\tpadding-top: 0px; \n} \n\n#cmsms_row_69eebac41ce795_32951546 .cmsms_row_outer_parent { \n\tpadding-bottom: 50px; \n} \n\n<\/style><div id=\"cmsms_row_69eebac41ce795_32951546\" class=\"cmsms_row cmsms_color_scheme_default\">\n<div class=\"cmsms_row_outer_parent\">\n<div class=\"cmsms_row_outer\">\n<div class=\"cmsms_row_inner\">\n<div class=\"cmsms_row_margin\">\n<div class=\"cmsms_column one_first\">\n<div class=\"cmsms_text\">\n<h1>ARTICLES AND REPORTS<\/h1>\n<\/div>\n<div class=\"cmsms_wrap_blog entry-summary\" id=\"blog_69eebac41d0a7\" data-meta=\"date\"><script type=\"text\/javascript\">\r\njQuery(document).ready(function () {\r\n(function ($) {\r\n\tif ($('#blog_69eebac41d0a7').find('article').length == '0') {\r\n\t\treturn false;\r\n\t}\r\n\t\r\n\r\n\tstartBlog( \r\n\t\t'69eebac41d0a7', \r\n\t\t'columns', \r\n\t\t'grid', \r\n\t\t'https:\/\/www.filantropiacortessolari.cl\/wp-content\/plugins\/cmsms-content-composer\/', \r\n\t\t'date', \r\n\t\t'DESC', \r\n\t\t'12', \r\n\t\t'prensa-escrita',\r\n\t\t'date' \r\n\t);\r\n} )(jQuery);\r\n} );\r\n<\/script>\r\n<div class=\"blog columns grid cmsms_3\">\r\n<!--_________________________ Start Standard Article _________________________ -->\r\n\r\n<article id=\"post-12304\" class=\"cmsms_post_masonry post-12304 post type-post status-publish format-standard has-post-thumbnail hentry category-noticias category-prensa-escrita category-fundacion-meri\" data-category=\"noticias prensa-escrita fundacion-meri\">\r\n\t<div class=\"cmsms_post_cont\">\r\n\t<figure><a href=\"https:\/\/www.filantropiacortessolari.cl\/en\/cooperativa-harvard-y-filantropia-cortes-solari-realizaran-estudio-sobre-escasez-hidrica-en-atacama\/\" title=\"[Cooperativa] Harvard y Filantrop\u00eda Cort\u00e9s Solari realizar\u00e1n estudio sobre escasez h\u00eddrica en Atacama\" class=\"cmsms_img_link preloader\"><img loading=\"lazy\" decoding=\"async\" width=\"580\" height=\"330\" src=\"https:\/\/www.filantropiacortessolari.cl\/wp-content\/uploads\/2026\/02\/iStock-1415856794-580x330.jpg\" class=\"full-width wp-post-image\" alt=\"[Cooperativa] Harvard y Filantrop\u00eda Cort\u00e9s Solari realizar\u00e1n estudio sobre escasez h\u00eddrica en Atacama\" title=\"[Cooperativa] Harvard y Filantrop\u00eda Cort\u00e9s Solari realizar\u00e1n estudio sobre escasez h\u00eddrica en Atacama\" \/><\/a><\/figure><abbr class=\"published cmsms_post_date cmsms_theme_icon_calendar\" title=\"February 24, 2026\">February 24, 2026<\/abbr><abbr class=\"dn date updated\" title=\"March 16, 2026\">March 16, 2026<\/abbr><header class=\"cmsms_post_header entry-header\"><h3 class=\"cmsms_post_title entry-title\"><a href=\"https:\/\/www.filantropiacortessolari.cl\/en\/cooperativa-harvard-y-filantropia-cortes-solari-realizaran-estudio-sobre-escasez-hidrica-en-atacama\/\">[Cooperativa] Harvard y Filantrop\u00eda Cort\u00e9s Solari realizar\u00e1n estudio sobre escasez h\u00eddrica en Atacama<\/a><\/h3><\/header><div class=\"cmsms_post_content entry-content\">\n<p>La Escuela de Graduados de Dise\u00f1o de Harvard (GSD) buscar\u00e1 integrar el conocimiento cient\u00edfico con los saberes ancestrales del pueblo...<\/p>\n<\/div>\n\t<\/div>\r\n<\/article>\r\n<!--_________________________ Finish Standard Article _________________________ -->\r\n\r\n\r\n<!--_________________________ Start Standard Article _________________________ -->\r\n\r\n<article id=\"post-12226\" class=\"cmsms_post_masonry post-12226 post type-post status-publish format-standard has-post-thumbnail hentry category-noticias category-prensa-escrita category-fundacion-meri\" data-category=\"noticias prensa-escrita fundacion-meri\">\r\n\t<div class=\"cmsms_post_cont\">\r\n\t<figure><a href=\"https:\/\/www.filantropiacortessolari.cl\/en\/mision-elemental-ciencia-y-educacion-en-tres-territorios\/\" title=\"Elemental Mission: Science and Education in Three Territories\" class=\"cmsms_img_link preloader\"><img loading=\"lazy\" decoding=\"async\" width=\"580\" height=\"330\" src=\"https:\/\/www.filantropiacortessolari.cl\/wp-content\/uploads\/2026\/02\/mision2-580x330.jpeg\" class=\"full-width wp-post-image\" alt=\"Elemental Mission: Science and Education in Three Territories\" title=\"Elemental Mission: Science and Education in Three Territories\" \/><\/a><\/figure><abbr class=\"published cmsms_post_date cmsms_theme_icon_calendar\" title=\"February 12, 2026\">February 12, 2026<\/abbr><abbr class=\"dn date updated\" title=\"February 12, 2026\">February 12, 2026<\/abbr><header class=\"cmsms_post_header entry-header\"><h3 class=\"cmsms_post_title entry-title\"><a href=\"https:\/\/www.filantropiacortessolari.cl\/en\/mision-elemental-ciencia-y-educacion-en-tres-territorios\/\">Elemental Mission: Science and Education in Three Territories<\/a><\/h3><\/header><div class=\"cmsms_post_content entry-content\">\n<p>Misi\u00f3n Elemental is a learning, research, and action program of Filantrop\u00eda Cort\u00e9s Solari, implemented through its network of Elemental Reserves:...<\/p>\n<\/div>\n\t<\/div>\r\n<\/article>\r\n<!--_________________________ Finish Standard Article _________________________ -->\r\n\r\n\r\n<!--_________________________ Start Standard Article _________________________ -->\r\n\r\n<article id=\"post-12180\" class=\"cmsms_post_masonry post-12180 post type-post status-publish format-standard has-post-thumbnail hentry category-noticias category-prensa-escrita\" data-category=\"noticias prensa-escrita\">\r\n\t<div class=\"cmsms_post_cont\">\r\n\t<figure><a href=\"https:\/\/www.filantropiacortessolari.cl\/en\/columna-francisca-cortes-solari-periodismo-conciencia-y-accion-el-rol-clave-de-la-prensa-en-la-emergencia-climatica\/\" title=\"[Columna Francisca Cort\u00e9s Solari] Periodismo, conciencia y acci\u00f3n: el rol clave de la prensa en la emergencia clim\u00e1tica\" class=\"cmsms_img_link preloader\"><img loading=\"lazy\" decoding=\"async\" width=\"580\" height=\"330\" src=\"https:\/\/www.filantropiacortessolari.cl\/wp-content\/uploads\/2025\/11\/DRCADLM5TRD4NFNFC6YQSHVAIU-1-580x330.avif\" class=\"full-width wp-post-image\" alt=\"[Columna Francisca Cort\u00e9s Solari] Periodismo, conciencia y acci\u00f3n: el rol clave de la prensa en la emergencia clim\u00e1tica\" title=\"[Columna Francisca Cort\u00e9s Solari] Periodismo, conciencia y acci\u00f3n: el rol clave de la prensa en la emergencia clim\u00e1tica\" \/><\/a><\/figure><abbr class=\"published cmsms_post_date cmsms_theme_icon_calendar\" title=\"November 11, 2025\">November 11, 2025<\/abbr><abbr class=\"dn date updated\" title=\"November 11, 2025\">November 11, 2025<\/abbr><header class=\"cmsms_post_header entry-header\"><h3 class=\"cmsms_post_title entry-title\"><a href=\"https:\/\/www.filantropiacortessolari.cl\/en\/columna-francisca-cortes-solari-periodismo-conciencia-y-accion-el-rol-clave-de-la-prensa-en-la-emergencia-climatica\/\">[Columna Francisca Cort\u00e9s Solari] Periodismo, conciencia y acci\u00f3n: el rol clave de la prensa en la emergencia clim\u00e1tica<\/a><\/h3><\/header><div class=\"cmsms_post_content entry-content\">\n<p>Por primera vez en la historia de las conferencias clim\u00e1ticas de Naciones Unidas, la COP30 incorpor\u00f3 un panel dedicado exclusivamente...<\/p>\n<\/div>\n\t<\/div>\r\n<\/article>\r\n<!--_________________________ Finish Standard Article _________________________ -->\r\n\r\n\r\n<!--_________________________ Start Standard Article _________________________ -->\r\n\r\n<article id=\"post-12177\" class=\"cmsms_post_masonry post-12177 post type-post status-publish format-standard has-post-thumbnail hentry category-noticias category-prensa-escrita category-fundacion-meri\" data-category=\"noticias prensa-escrita fundacion-meri\">\r\n\t<div class=\"cmsms_post_cont\">\r\n\t<figure><a href=\"https:\/\/www.filantropiacortessolari.cl\/en\/wmo-science-for-climate-action-places-scientific-evidence-at-the-heart-of-public-policy\/\" title=\"WMO &#8211; \u201cScience for Climate Action\u201d places scientific evidence at the heart of public policy\" class=\"cmsms_img_link preloader\"><img loading=\"lazy\" decoding=\"async\" width=\"580\" height=\"330\" src=\"https:\/\/www.filantropiacortessolari.cl\/wp-content\/uploads\/2025\/11\/science-580x330.png\" class=\"full-width wp-post-image\" alt=\"WMO &#8211; \u201cScience for Climate Action\u201d places scientific evidence at the heart of public policy\" title=\"WMO &#8211; \u201cScience for Climate Action\u201d places scientific evidence at the heart of public policy\" \/><\/a><\/figure><abbr class=\"published cmsms_post_date cmsms_theme_icon_calendar\" title=\"November 7, 2025\">November 7, 2025<\/abbr><abbr class=\"dn date updated\" title=\"November 7, 2025\">November 7, 2025<\/abbr><header class=\"cmsms_post_header entry-header\"><h3 class=\"cmsms_post_title entry-title\"><a href=\"https:\/\/www.filantropiacortessolari.cl\/en\/wmo-science-for-climate-action-places-scientific-evidence-at-the-heart-of-public-policy\/\">WMO &#8211; \u201cScience for Climate Action\u201d places scientific evidence at the heart of public policy<\/a><\/h3><\/header><div class=\"cmsms_post_content entry-content\">\n<p>Bel\u00e9m do Par\u00e1 &#8211; Ahead of the upcoming United Nations Climate Change Conference (COP30), the Science for Climate Action Pavilion...<\/p>\n<\/div>\n\t<\/div>\r\n<\/article>\r\n<!--_________________________ Finish Standard Article _________________________ -->\r\n\r\n\r\n<!--_________________________ Start Standard Article _________________________ -->\r\n\r\n<article id=\"post-12158\" class=\"cmsms_post_masonry post-12158 post type-post status-publish format-standard has-post-thumbnail hentry category-prensa-escrita category-fundacion-meri\" data-category=\"prensa-escrita fundacion-meri\">\r\n\t<div class=\"cmsms_post_cont\">\r\n\t<figure><a href=\"https:\/\/www.filantropiacortessolari.cl\/en\/uicn-congress-2025-la-cumbre-inaugural-de-filantropia-para-la-naturaleza-destaca-su-papel-en-la-conservacion-de-hoy\/\" title=\"[UICN Congress 2025] La Cumbre Inaugural de Filantrop\u00eda para la Naturaleza destaca su papel en la conservaci\u00f3n de hoy\" class=\"cmsms_img_link preloader\"><img loading=\"lazy\" decoding=\"async\" width=\"580\" height=\"330\" src=\"https:\/\/www.filantropiacortessolari.cl\/wp-content\/uploads\/2025\/10\/uicn-580x330.jpg\" class=\"full-width wp-post-image\" alt=\"[UICN Congress 2025] La Cumbre Inaugural de Filantrop\u00eda para la Naturaleza destaca su papel en la conservaci\u00f3n de hoy\" title=\"[UICN Congress 2025] La Cumbre Inaugural de Filantrop\u00eda para la Naturaleza destaca su papel en la conservaci\u00f3n de hoy\" \/><\/a><\/figure><abbr class=\"published cmsms_post_date cmsms_theme_icon_calendar\" title=\"October 8, 2025\">October 8, 2025<\/abbr><abbr class=\"dn date updated\" title=\"October 8, 2025\">October 8, 2025<\/abbr><header class=\"cmsms_post_header entry-header\"><h3 class=\"cmsms_post_title entry-title\"><a href=\"https:\/\/www.filantropiacortessolari.cl\/en\/uicn-congress-2025-la-cumbre-inaugural-de-filantropia-para-la-naturaleza-destaca-su-papel-en-la-conservacion-de-hoy\/\">[UICN Congress 2025] La Cumbre Inaugural de Filantrop\u00eda para la Naturaleza destaca su papel en la conservaci\u00f3n de hoy<\/a><\/h3><\/header><div class=\"cmsms_post_content entry-content\">\n<p>La primera Cumbre de Filantrop\u00eda para la Naturaleza de la UICN tuvo lugar hoy en v\u00edsperas del Congreso Mundial de...<\/p>\n<\/div>\n\t<\/div>\r\n<\/article>\r\n<!--_________________________ Finish Standard Article _________________________ -->\r\n\r\n\r\n<!--_________________________ Start Standard Article _________________________ -->\r\n\r\n<article id=\"post-12153\" class=\"cmsms_post_masonry post-12153 post type-post status-publish format-standard has-post-thumbnail hentry category-noticias category-prensa-escrita category-fundacion-meri\" data-category=\"noticias prensa-escrita fundacion-meri\">\r\n\t<div class=\"cmsms_post_cont\">\r\n\t<figure><a href=\"https:\/\/www.filantropiacortessolari.cl\/en\/la-tercera-el-legado-de-jane-goodall-que-inspira-a-organizaciones-ambientales-y-a-nuevas-generaciones\/\" title=\"[La Tercera] El legado de Jane Goodall que inspira a organizaciones ambientales y a nuevas generaciones\" class=\"cmsms_img_link preloader\"><img loading=\"lazy\" decoding=\"async\" width=\"580\" height=\"330\" src=\"https:\/\/www.filantropiacortessolari.cl\/wp-content\/uploads\/2025\/10\/YQMLR6LZDJFAZGRDRQIF2GSRDY-580x330.avif\" class=\"full-width wp-post-image\" alt=\"[La Tercera] El legado de Jane Goodall que inspira a organizaciones ambientales y a nuevas generaciones\" title=\"[La Tercera] El legado de Jane Goodall que inspira a organizaciones ambientales y a nuevas generaciones\" \/><\/a><\/figure><abbr class=\"published cmsms_post_date cmsms_theme_icon_calendar\" title=\"October 6, 2025\">October 6, 2025<\/abbr><abbr class=\"dn date updated\" title=\"October 6, 2025\">October 6, 2025<\/abbr><header class=\"cmsms_post_header entry-header\"><h3 class=\"cmsms_post_title entry-title\"><a href=\"https:\/\/www.filantropiacortessolari.cl\/en\/la-tercera-el-legado-de-jane-goodall-que-inspira-a-organizaciones-ambientales-y-a-nuevas-generaciones\/\">[La Tercera] El legado de Jane Goodall que inspira a organizaciones ambientales y a nuevas generaciones<\/a><\/h3><\/header><div class=\"cmsms_post_content entry-content\">\n<p>Tras una vida dedicada a entender, proteger y ense\u00f1ar que el futuro del planeta depende de nuestra relaci\u00f3n con la...<\/p>\n<\/div>\n\t<\/div>\r\n<\/article>\r\n<!--_________________________ Finish Standard Article _________________________ -->\r\n\r\n\r\n<!--_________________________ Start Standard Article _________________________ -->\r\n\r\n<article id=\"post-12134\" class=\"cmsms_post_masonry post-12134 post type-post status-publish format-standard has-post-thumbnail hentry category-noticias category-fundacion-caserta category-prensa-escrita\" data-category=\"noticias fundacion-caserta prensa-escrita\">\r\n\t<div class=\"cmsms_post_cont\">\r\n\t<figure><a href=\"https:\/\/www.filantropiacortessolari.cl\/en\/la-historia-tras-la-filantropia-conservacionista-de-francisca-cortes-solari-el-estado-no-puede-solo\/\" title=\"[El Mercurio] La historia tras la \u201cfilantrop\u00eda\u201d conservacionista de Francisca Cort\u00e9s Solari: \u201cEl Estado no puede solo\u201d\" class=\"cmsms_img_link preloader\"><img loading=\"lazy\" decoding=\"async\" width=\"580\" height=\"330\" src=\"https:\/\/www.filantropiacortessolari.cl\/wp-content\/uploads\/2025\/09\/fran-580x330.jpeg\" class=\"full-width wp-post-image\" alt=\"[El Mercurio] La historia tras la \u201cfilantrop\u00eda\u201d conservacionista de Francisca Cort\u00e9s Solari: \u201cEl Estado no puede solo\u201d\" title=\"[El Mercurio] La historia tras la \u201cfilantrop\u00eda\u201d conservacionista de Francisca Cort\u00e9s Solari: \u201cEl Estado no puede solo\u201d\" \/><\/a><\/figure><abbr class=\"published cmsms_post_date cmsms_theme_icon_calendar\" title=\"September 15, 2025\">September 15, 2025<\/abbr><abbr class=\"dn date updated\" title=\"September 15, 2025\">September 15, 2025<\/abbr><header class=\"cmsms_post_header entry-header\"><h3 class=\"cmsms_post_title entry-title\"><a href=\"https:\/\/www.filantropiacortessolari.cl\/en\/la-historia-tras-la-filantropia-conservacionista-de-francisca-cortes-solari-el-estado-no-puede-solo\/\">[El Mercurio] La historia tras la \u201cfilantrop\u00eda\u201d conservacionista de Francisca Cort\u00e9s Solari: \u201cEl Estado no puede solo\u201d<\/a><\/h3><\/header><div class=\"cmsms_post_content entry-content\">\n<p>Todo comenz\u00f3 cuando muri\u00f3 su abuela Eliana Falabella y las hermanas Liliana, Mar\u00eda Luisa y Teresa, su madre, le encargaron...<\/p>\n<\/div>\n\t<\/div>\r\n<\/article>\r\n<!--_________________________ Finish Standard Article _________________________ -->\r\n\r\n\r\n<!--_________________________ Start Standard Article _________________________ -->\r\n\r\n<article id=\"post-12127\" class=\"cmsms_post_masonry post-12127 post type-post status-publish format-standard has-post-thumbnail hentry category-noticias category-prensa-escrita category-fundacion-meri\" data-category=\"noticias prensa-escrita fundacion-meri\">\r\n\t<div class=\"cmsms_post_cont\">\r\n\t<figure><a href=\"https:\/\/www.filantropiacortessolari.cl\/en\/memoria-ancestral-expo-muestra-la-vida-de-los-selknam-yamana-y-kawesqar-en-fotos\/\" title=\"&#8220;Memoria Ancestral&#8221;: expo muestra la vida de los Selk&#8217;nam, Y\u00e1mana y Kawesqar en fotos\" class=\"cmsms_img_link preloader\"><img loading=\"lazy\" decoding=\"async\" width=\"580\" height=\"330\" src=\"https:\/\/www.filantropiacortessolari.cl\/wp-content\/uploads\/2025\/08\/voces-580x330.jpeg\" class=\"full-width wp-post-image\" alt=\"&#8220;Memoria Ancestral&#8221;: expo muestra la vida de los Selk&#8217;nam, Y\u00e1mana y Kawesqar en fotos\" title=\"&#8220;Memoria Ancestral&#8221;: expo muestra la vida de los Selk&#8217;nam, Y\u00e1mana y Kawesqar en fotos\" \/><\/a><\/figure><abbr class=\"published cmsms_post_date cmsms_theme_icon_calendar\" title=\"August 13, 2025\">August 13, 2025<\/abbr><abbr class=\"dn date updated\" title=\"August 13, 2025\">August 13, 2025<\/abbr><header class=\"cmsms_post_header entry-header\"><h3 class=\"cmsms_post_title entry-title\"><a href=\"https:\/\/www.filantropiacortessolari.cl\/en\/memoria-ancestral-expo-muestra-la-vida-de-los-selknam-yamana-y-kawesqar-en-fotos\/\">&#8220;Memoria Ancestral&#8221;: expo muestra la vida de los Selk&#8217;nam, Y\u00e1mana y Kawesqar en fotos<\/a><\/h3><\/header><div class=\"cmsms_post_content entry-content\">\n<p>PUEBLOS ORIGINARIOS. Selecci\u00f3n itinerante se instala como plato fuerte del Encuentro de Fotograf\u00eda Enfoto 2025 en el Diego Rivera. Una...<\/p>\n<\/div>\n\t<\/div>\r\n<\/article>\r\n<!--_________________________ Finish Standard Article _________________________ -->\r\n\r\n\r\n<!--_________________________ Start Standard Article _________________________ -->\r\n\r\n<article id=\"post-12124\" class=\"cmsms_post_masonry post-12124 post type-post status-publish format-standard has-post-thumbnail hentry category-noticias category-prensa-escrita category-fundacion-meri\" data-category=\"noticias prensa-escrita fundacion-meri\">\r\n\t<div class=\"cmsms_post_cont\">\r\n\t<figure><a href=\"https:\/\/www.filantropiacortessolari.cl\/en\/columna-francisca-cortes-solari-conservar-no-es-freno-es-motor-de-desarrollo\/\" title=\"[Columna] Francisca Cort\u00e9s Solari: Conservar no es freno: es motor de desarrollo\" class=\"cmsms_img_link preloader\"><img loading=\"lazy\" decoding=\"async\" width=\"580\" height=\"330\" src=\"https:\/\/www.filantropiacortessolari.cl\/wp-content\/uploads\/2025\/06\/fran-e1748881947199-580x330.jpeg\" class=\"full-width wp-post-image\" alt=\"[Columna] Francisca Cort\u00e9s Solari: Conservar no es freno: es motor de desarrollo\" title=\"[Columna] Francisca Cort\u00e9s Solari: Conservar no es freno: es motor de desarrollo\" \/><\/a><\/figure><abbr class=\"published cmsms_post_date cmsms_theme_icon_calendar\" title=\"August 7, 2025\">August 7, 2025<\/abbr><abbr class=\"dn date updated\" title=\"August 7, 2025\">August 7, 2025<\/abbr><header class=\"cmsms_post_header entry-header\"><h3 class=\"cmsms_post_title entry-title\"><a href=\"https:\/\/www.filantropiacortessolari.cl\/en\/columna-francisca-cortes-solari-conservar-no-es-freno-es-motor-de-desarrollo\/\">[Columna] Francisca Cort\u00e9s Solari: Conservar no es freno: es motor de desarrollo<\/a><\/h3><\/header><div class=\"cmsms_post_content entry-content\">\n<p>&#8216;El sector privado tiene las herramientas, la escala y el deber de actuar. No solo como fil\u00e1ntropo, sino tambi\u00e9n como...<\/p>\n<\/div>\n\t<\/div>\r\n<\/article>\r\n<!--_________________________ Finish Standard Article _________________________ -->\r\n\r\n\r\n<!--_________________________ Start Standard Article _________________________ -->\r\n\r\n<article id=\"post-12104\" class=\"cmsms_post_masonry post-12104 post type-post status-publish format-standard has-post-thumbnail hentry category-noticias category-prensa-escrita category-fundacion-meri\" data-category=\"noticias prensa-escrita fundacion-meri\">\r\n\t<div class=\"cmsms_post_cont\">\r\n\t<figure><a href=\"https:\/\/www.filantropiacortessolari.cl\/en\/chile-voces-de-la-patagonia-exposicion-central-con-la-que-chile-inaugura-su-participacion-en-photoespana-2025\/\" title=\"Chile: Voces De La Patagonia &#8211; Exposici\u00f3n central con la que Chile inaugura su participaci\u00f3n en PHotoESPA\u00d1A 2025\" class=\"cmsms_img_link preloader\"><img loading=\"lazy\" decoding=\"async\" width=\"580\" height=\"330\" src=\"https:\/\/www.filantropiacortessolari.cl\/wp-content\/uploads\/2025\/06\/voces-de-la-patagonia5-e1750871867296-580x330.webp\" class=\"full-width wp-post-image\" alt=\"Chile: Voces De La Patagonia &#8211; Exposici\u00f3n central con la que Chile inaugura su participaci\u00f3n en PHotoESPA\u00d1A 2025\" title=\"Chile: Voces De La Patagonia &#8211; Exposici\u00f3n central con la que Chile inaugura su participaci\u00f3n en PHotoESPA\u00d1A 2025\" \/><\/a><\/figure><abbr class=\"published cmsms_post_date cmsms_theme_icon_calendar\" title=\"June 25, 2025\">June 25, 2025<\/abbr><abbr class=\"dn date updated\" title=\"June 25, 2025\">June 25, 2025<\/abbr><header class=\"cmsms_post_header entry-header\"><h3 class=\"cmsms_post_title entry-title\"><a href=\"https:\/\/www.filantropiacortessolari.cl\/en\/chile-voces-de-la-patagonia-exposicion-central-con-la-que-chile-inaugura-su-participacion-en-photoespana-2025\/\">Chile: Voces De La Patagonia &#8211; Exposici\u00f3n central con la que Chile inaugura su participaci\u00f3n en PHotoESPA\u00d1A 2025<\/a><\/h3><\/header><div class=\"cmsms_post_content entry-content\">\n<p>Comisariada por Filantrop\u00eda Cort\u00e9s Solari y el Atelier EXB, y coorganizada con el Gobierno de Cantabria, Fundaci\u00f3n Chile-Espa\u00f1a y la...<\/p>\n<\/div>\n\t<\/div>\r\n<\/article>\r\n<!--_________________________ Finish Standard Article _________________________ -->\r\n\r\n\r\n<!--_________________________ Start Standard Article _________________________ -->\r\n\r\n<article id=\"post-12071\" class=\"cmsms_post_masonry post-12071 post type-post status-publish format-standard has-post-thumbnail hentry category-noticias category-prensa-escrita category-fundacion-meri\" data-category=\"noticias prensa-escrita fundacion-meri\">\r\n\t<div class=\"cmsms_post_cont\">\r\n\t<figure><a href=\"https:\/\/www.filantropiacortessolari.cl\/en\/documentales-zifio-el-ultimo-viaje-y-patagonia-azul-la-interconexion-de-la-vida\/\" title=\"[El Mostrador] Documentales \u201cZifio, el \u00faltimo viaje\u201d y \u201cPatagonia azul, la interconexi\u00f3n de la vida\u201d\" class=\"cmsms_img_link preloader\"><img loading=\"lazy\" decoding=\"async\" width=\"580\" height=\"330\" src=\"https:\/\/www.filantropiacortessolari.cl\/wp-content\/uploads\/2023\/02\/ballena-580x330.jpg\" class=\"full-width wp-post-image\" alt=\"[El Mostrador] Documentales \u201cZifio, el \u00faltimo viaje\u201d y \u201cPatagonia azul, la interconexi\u00f3n de la vida\u201d\" title=\"[El Mostrador] Documentales \u201cZifio, el \u00faltimo viaje\u201d y \u201cPatagonia azul, la interconexi\u00f3n de la vida\u201d\" \/><\/a><\/figure><abbr class=\"published cmsms_post_date cmsms_theme_icon_calendar\" title=\"May 15, 2025\">May 15, 2025<\/abbr><abbr class=\"dn date updated\" title=\"May 22, 2025\">May 22, 2025<\/abbr><header class=\"cmsms_post_header entry-header\"><h3 class=\"cmsms_post_title entry-title\"><a href=\"https:\/\/www.filantropiacortessolari.cl\/en\/documentales-zifio-el-ultimo-viaje-y-patagonia-azul-la-interconexion-de-la-vida\/\">[El Mostrador] Documentales \u201cZifio, el \u00faltimo viaje\u201d y \u201cPatagonia azul, la interconexi\u00f3n de la vida\u201d<\/a><\/h3><\/header><div class=\"cmsms_post_content entry-content\">\n<p>Documentales \u201cZifio, el \u00faltimo viaje\u201d y \u201cPatagonia azul, la interconexi\u00f3n de la vida\u201d Centro de Arte Molino Machmar, Av. Gramado...<\/p>\n<\/div>\n\t<\/div>\r\n<\/article>\r\n<!--_________________________ Finish Standard Article _________________________ -->\r\n\r\n\r\n<!--_________________________ Start Standard Article _________________________ -->\r\n\r\n<article id=\"post-12068\" class=\"cmsms_post_masonry post-12068 post type-post status-publish format-standard has-post-thumbnail hentry category-noticias category-prensa-escrita category-fundacion-meri\" data-category=\"noticias prensa-escrita fundacion-meri\">\r\n\t<div class=\"cmsms_post_cont\">\r\n\t<figure><a href=\"https:\/\/www.filantropiacortessolari.cl\/en\/cooperativa-seguimiento-satelital-revela-rutas-migratorias-de-flamencos-altoandinos-en-atacama\/\" title=\"[Cooperativa] Seguimiento satelital revela rutas migratorias de flamencos altoandinos en Atacama\" class=\"cmsms_img_link preloader\"><img loading=\"lazy\" decoding=\"async\" width=\"580\" height=\"330\" src=\"https:\/\/www.filantropiacortessolari.cl\/wp-content\/uploads\/2022\/05\/flamencos-580x330.jpg\" class=\"full-width wp-post-image\" alt=\"[Cooperativa] Seguimiento satelital revela rutas migratorias de flamencos altoandinos en Atacama\" title=\"[Cooperativa] Seguimiento satelital revela rutas migratorias de flamencos altoandinos en Atacama\" \/><\/a><\/figure><abbr class=\"published cmsms_post_date cmsms_theme_icon_calendar\" title=\"May 7, 2025\">May 7, 2025<\/abbr><abbr class=\"dn date updated\" title=\"May 7, 2025\">May 7, 2025<\/abbr><header class=\"cmsms_post_header entry-header\"><h3 class=\"cmsms_post_title entry-title\"><a href=\"https:\/\/www.filantropiacortessolari.cl\/en\/cooperativa-seguimiento-satelital-revela-rutas-migratorias-de-flamencos-altoandinos-en-atacama\/\">[Cooperativa] Seguimiento satelital revela rutas migratorias de flamencos altoandinos en Atacama<\/a><\/h3><\/header><div class=\"cmsms_post_content entry-content\">\n<p>En pleno desierto de Atacama, una alianza entre la ciencia y la conservaci\u00f3n entrega nuevas claves sobre los flamencos altoandinos....<\/p>\n<\/div>\n\t<\/div>\r\n<\/article>\r\n<!--_________________________ Finish Standard Article _________________________ -->\r\n\r\n<\/div><div class=\"cmsms_wrap_more_posts\"><div class=\"cmsms_wrap_post_loader\">\r\n\t\t\t\t<a href=\"javascript:void(0);\" class=\"cmsms_button cmsms_post_loader\">\r\n\t\t\t\t\t<span>M\u00e1s noticias<\/span>\r\n\t\t\t\t<\/a>\r\n\t\t\t<\/div><\/div><\/div>\n<\/div>\n<\/div>\n<\/div>\n<\/div>\n<\/div>\n<\/div>\n\n","protected":false},"excerpt":{"rendered":"","protected":false},"author":1,"featured_media":0,"parent":0,"menu_order":0,"comment_status":"closed","ping_status":"closed","template":"","meta":{"footnotes":""},"class_list":["post-344","page","type-page","status-publish","hentry"],"translation":{"provider":"WPGlobus","version":"3.0.2","language":"en","enabled_languages":["es","en"],"languages":{"es":{"title":true,"content":true,"excerpt":false},"en":{"title":true,"content":true,"excerpt":false}}},"yoast_head":"<!-- This site is optimized with the Yoast SEO plugin v27.4 - https:\/\/yoast.com\/product\/yoast-seo-wordpress\/ -->\n<title>ARTICLES AND REPORTS<\/title>\n<meta name=\"robots\" content=\"index, follow, max-snippet:-1, max-image-preview:large, max-video-preview:-1\" \/>\n<link rel=\"canonical\" href=\"https:\/\/www.filantropiacortessolari.cl\/articulos-y-reportajes\/\" \/>\n<meta property=\"og:locale\" content=\"en_US\" \/>\n<meta property=\"og:type\" content=\"article\" \/>\n<meta property=\"og:title\" content=\"ARTICLES AND REPORTS\" \/>\n<meta property=\"og:url\" content=\"https:\/\/www.filantropiacortessolari.cl\/articulos-y-reportajes\/\" \/>\n<meta property=\"og:site_name\" content=\"Filantrop\u00eda Cort\u00e9s Solari\" \/>\n<meta property=\"article:modified_time\" content=\"2024-03-22T18:08:27+00:00\" \/>\n<meta name=\"twitter:card\" content=\"summary_large_image\" \/>\n<meta name=\"twitter:label1\" content=\"Est. reading time\" \/>\n\t<meta name=\"twitter:data1\" content=\"1 minute\" \/>\n<script type=\"application\/ld+json\" class=\"yoast-schema-graph\">{\"@context\":\"https:\\\/\\\/schema.org\",\"@graph\":[{\"@type\":\"WebPage\",\"@id\":\"https:\\\/\\\/www.filantropiacortessolari.cl\\\/articulos-y-reportajes\\\/\",\"url\":\"https:\\\/\\\/www.filantropiacortessolari.cl\\\/articulos-y-reportajes\\\/\",\"name\":\"ARTICLES AND REPORTS\",\"isPartOf\":{\"@id\":\"https:\\\/\\\/www.filantropiacortessolari.cl\\\/#website\"},\"datePublished\":\"2019-08-09T23:02:04+00:00\",\"dateModified\":\"2024-03-22T18:08:27+00:00\",\"breadcrumb\":{\"@id\":\"https:\\\/\\\/www.filantropiacortessolari.cl\\\/articulos-y-reportajes\\\/#breadcrumb\"},\"inLanguage\":\"en-US\",\"potentialAction\":[{\"@type\":\"ReadAction\",\"target\":[\"https:\\\/\\\/www.filantropiacortessolari.cl\\\/articulos-y-reportajes\\\/\"]}]},{\"@type\":\"BreadcrumbList\",\"@id\":\"https:\\\/\\\/www.filantropiacortessolari.cl\\\/articulos-y-reportajes\\\/#breadcrumb\",\"itemListElement\":[{\"@type\":\"ListItem\",\"position\":1,\"name\":\"Portada\",\"item\":\"https:\\\/\\\/www.filantropiacortessolari.cl\\\/\"},{\"@type\":\"ListItem\",\"position\":2,\"name\":\"ART\u00cdCULOS Y REPORTAJES\"}]},{\"@type\":\"WebSite\",\"@id\":\"https:\\\/\\\/www.filantropiacortessolari.cl\\\/#website\",\"url\":\"https:\\\/\\\/www.filantropiacortessolari.cl\\\/\",\"name\":\"Filantrop\u00eda Cort\u00e9s Solari\",\"description\":\"Sitio web Filantrop\u00eda Cort\u00e9s Solari\",\"potentialAction\":[{\"@type\":\"SearchAction\",\"target\":{\"@type\":\"EntryPoint\",\"urlTemplate\":\"https:\\\/\\\/www.filantropiacortessolari.cl\\\/?s={search_term_string}\"},\"query-input\":{\"@type\":\"PropertyValueSpecification\",\"valueRequired\":true,\"valueName\":\"search_term_string\"}}],\"inLanguage\":\"en-US\"}]}<\/script>\n<!-- \/ Yoast SEO plugin. -->","yoast_head_json":{"title":"ARTICLES AND REPORTS","robots":{"index":"index","follow":"follow","max-snippet":"max-snippet:-1","max-image-preview":"max-image-preview:large","max-video-preview":"max-video-preview:-1"},"canonical":"https:\/\/www.filantropiacortessolari.cl\/articulos-y-reportajes\/","og_locale":"en_US","og_type":"article","og_title":"ARTICLES AND REPORTS","og_url":"https:\/\/www.filantropiacortessolari.cl\/articulos-y-reportajes\/","og_site_name":"Filantrop\u00eda Cort\u00e9s Solari","article_modified_time":"2024-03-22T18:08:27+00:00","twitter_card":"summary_large_image","twitter_misc":{"Est. reading time":"1 minute"},"schema":{"@context":"https:\/\/schema.org","@graph":[{"@type":"WebPage","@id":"https:\/\/www.filantropiacortessolari.cl\/articulos-y-reportajes\/","url":"https:\/\/www.filantropiacortessolari.cl\/articulos-y-reportajes\/","name":"ARTICLES AND REPORTS","isPartOf":{"@id":"https:\/\/www.filantropiacortessolari.cl\/#website"},"datePublished":"2019-08-09T23:02:04+00:00","dateModified":"2024-03-22T18:08:27+00:00","breadcrumb":{"@id":"https:\/\/www.filantropiacortessolari.cl\/articulos-y-reportajes\/#breadcrumb"},"inLanguage":"en-US","potentialAction":[{"@type":"ReadAction","target":["https:\/\/www.filantropiacortessolari.cl\/articulos-y-reportajes\/"]}]},{"@type":"BreadcrumbList","@id":"https:\/\/www.filantropiacortessolari.cl\/articulos-y-reportajes\/#breadcrumb","itemListElement":[{"@type":"ListItem","position":1,"name":"Portada","item":"https:\/\/www.filantropiacortessolari.cl\/"},{"@type":"ListItem","position":2,"name":"ART\u00cdCULOS Y REPORTAJES"}]},{"@type":"WebSite","@id":"https:\/\/www.filantropiacortessolari.cl\/#website","url":"https:\/\/www.filantropiacortessolari.cl\/","name":"Filantrop\u00eda Cort\u00e9s Solari","description":"Sitio web Filantrop\u00eda Cort\u00e9s Solari","potentialAction":[{"@type":"SearchAction","target":{"@type":"EntryPoint","urlTemplate":"https:\/\/www.filantropiacortessolari.cl\/?s={search_term_string}"},"query-input":{"@type":"PropertyValueSpecification","valueRequired":true,"valueName":"search_term_string"}}],"inLanguage":"en-US"}]}},"_links":{"self":[{"href":"https:\/\/www.filantropiacortessolari.cl\/en\/wp-json\/wp\/v2\/pages\/344","targetHints":{"allow":["GET"]}}],"collection":[{"href":"https:\/\/www.filantropiacortessolari.cl\/en\/wp-json\/wp\/v2\/pages"}],"about":[{"href":"https:\/\/www.filantropiacortessolari.cl\/en\/wp-json\/wp\/v2\/types\/page"}],"author":[{"embeddable":true,"href":"https:\/\/www.filantropiacortessolari.cl\/en\/wp-json\/wp\/v2\/users\/1"}],"replies":[{"embeddable":true,"href":"https:\/\/www.filantropiacortessolari.cl\/en\/wp-json\/wp\/v2\/comments?post=344"}],"version-history":[{"count":18,"href":"https:\/\/www.filantropiacortessolari.cl\/en\/wp-json\/wp\/v2\/pages\/344\/revisions"}],"predecessor-version":[{"id":11802,"href":"https:\/\/www.filantropiacortessolari.cl\/en\/wp-json\/wp\/v2\/pages\/344\/revisions\/11802"}],"wp:attachment":[{"href":"https:\/\/www.filantropiacortessolari.cl\/en\/wp-json\/wp\/v2\/media?parent=344"}],"curies":[{"name":"wp","href":"https:\/\/api.w.org\/{rel}","templated":true}]}}