{"id":763,"date":"2019-08-19T20:39:27","date_gmt":"2019-08-19T23:39:27","guid":{"rendered":"http:\/\/intranet.filantropiacortessolari.cl\/?page_id=763"},"modified":"2022-06-28T19:38:53","modified_gmt":"2022-06-28T22:38:53","slug":"entrevistas","status":"publish","type":"page","link":"https:\/\/www.filantropiacortessolari.cl\/en\/entrevistas\/","title":{"rendered":"INTERVIEWS"},"content":{"rendered":"<style type=\"text\/css\"> \n#cmsms_row_69f1afa0834356_84308996 .cmsms_row_outer_parent { \n\tpadding-top: 0px; \n} \n\n#cmsms_row_69f1afa0834356_84308996 .cmsms_row_outer_parent { \n\tpadding-bottom: 15px; \n} \n\n \n#cmsms_row_69f1afa08362a7_82681267 .cmsms_row_outer_parent { \n\tpadding-top: 0px; \n} \n\n#cmsms_row_69f1afa08362a7_82681267 .cmsms_row_outer_parent { \n\tpadding-bottom: 50px; \n} \n\n<\/style><div id=\"cmsms_row_69f1afa0834356_84308996\" class=\"cmsms_row cmsms_color_scheme_default\">\n<div class=\"cmsms_row_outer_parent\">\n<div class=\"cmsms_row_outer\">\n<div class=\"cmsms_row_inner\">\n<div class=\"cmsms_row_margin\">\n<div class=\"cmsms_column one_first\">\n<div class=\"cmsms_text\">\n<h1>INTERVIEWS<\/h1>\n<\/div>\n<\/div>\n<\/div>\n<\/div>\n<\/div>\n<\/div>\n<\/div>\n<div id=\"cmsms_row_69f1afa08362a7_82681267\" class=\"cmsms_row cmsms_color_scheme_default\">\n<div class=\"cmsms_row_outer_parent\">\n<div class=\"cmsms_row_outer\">\n<div class=\"cmsms_row_inner\">\n<div class=\"cmsms_row_margin\">\n<div class=\"cmsms_column one_first\">\n<div class=\"cmsms_wrap_blog entry-summary\" id=\"blog_69f1afa08371a\" data-meta=\"date\"><script type=\"text\/javascript\">\r\njQuery(document).ready(function () {\r\n(function ($) {\r\n\tif ($('#blog_69f1afa08371a').find('article').length == '0') {\r\n\t\treturn false;\r\n\t}\r\n\t\r\n\r\n\tstartBlog( \r\n\t\t'69f1afa08371a', \r\n\t\t'columns', \r\n\t\t'grid', \r\n\t\t'https:\/\/www.filantropiacortessolari.cl\/wp-content\/plugins\/cmsms-content-composer\/', \r\n\t\t'date', \r\n\t\t'DESC', \r\n\t\t'12', \r\n\t\t'fcs,entrevistas,entrevistas-caserta,entrevistas-meri',\r\n\t\t'date' \r\n\t);\r\n} )(jQuery);\r\n} );\r\n<\/script>\r\n<div class=\"blog columns grid cmsms_3\">\r\n<!--_________________________ Start Standard Article _________________________ -->\r\n\r\n<article id=\"post-11469\" class=\"cmsms_post_masonry post-11469 post type-post status-publish format-standard has-post-thumbnail hentry category-entrevistas category-noticias category-prensa-escrita category-fundacion-meri\" data-category=\"entrevistas noticias prensa-escrita fundacion-meri\">\r\n\t<div class=\"cmsms_post_cont\">\r\n\t<figure><a href=\"https:\/\/www.filantropiacortessolari.cl\/en\/df-francisca-cortes-solari-necesitamos-que-la-empresa-haga-una-conversion-deje-de-emitir-y-busque-soluciones-mas-limpias\/\" title=\"[DF] Francisca Cort\u00e9s Solari: \u201cNecesitamos que la empresa haga una conversi\u00f3n, deje de emitir y busque soluciones m\u00e1s limpias\u201d\" class=\"cmsms_img_link preloader\"><img loading=\"lazy\" decoding=\"async\" width=\"580\" height=\"330\" src=\"https:\/\/www.filantropiacortessolari.cl\/wp-content\/uploads\/2023\/07\/frn-580x330.jpg\" class=\"full-width wp-post-image\" alt=\"[DF] Francisca Cort\u00e9s Solari: \u201cNecesitamos que la empresa haga una conversi\u00f3n, deje de emitir y busque soluciones m\u00e1s limpias\u201d\" title=\"[DF] Francisca Cort\u00e9s Solari: \u201cNecesitamos que la empresa haga una conversi\u00f3n, deje de emitir y busque soluciones m\u00e1s limpias\u201d\" \/><\/a><\/figure><abbr class=\"published cmsms_post_date cmsms_theme_icon_calendar\" title=\"July 17, 2023\">July 17, 2023<\/abbr><abbr class=\"dn date updated\" title=\"July 21, 2023\">July 21, 2023<\/abbr><header class=\"cmsms_post_header entry-header\"><h3 class=\"cmsms_post_title entry-title\"><a href=\"https:\/\/www.filantropiacortessolari.cl\/en\/df-francisca-cortes-solari-necesitamos-que-la-empresa-haga-una-conversion-deje-de-emitir-y-busque-soluciones-mas-limpias\/\">[DF] Francisca Cort\u00e9s Solari: \u201cNecesitamos que la empresa haga una conversi\u00f3n, deje de emitir y busque soluciones m\u00e1s limpias\u201d<\/a><\/h3><\/header><div class=\"cmsms_post_content entry-content\">\n<p>Por: Azucena Gonz\u00e1lez\u00a0 La empresaria y fil\u00e1ntropa Francisca Cort\u00e9s Solari (56 a\u00f1os) estuvo esta semana en Bogot\u00e1. Es que la...<\/p>\n<\/div>\n\t<\/div>\r\n<\/article>\r\n<!--_________________________ Finish Standard Article _________________________ -->\r\n\r\n\r\n<!--_________________________ Start Video Article _________________________ -->\r\n\r\n<article id=\"post-11372\" class=\"cmsms_post_masonry post-11372 post type-post status-publish format-video has-post-thumbnail hentry category-fcs category-entrevistas category-noticias post_format-post-format-video\" data-category=\"fcs entrevistas noticias\">\r\n\t<div class=\"cmsms_post_cont\">\r\n\t<div class=\"cmsms_video_wrap\"><iframe loading=\"lazy\" title=\"[CNN CHILE] \u201cHoy en d\u00eda hablamos de un paradigma circular&quot;.\" width=\"440\" height=\"330\" src=\"https:\/\/www.youtube.com\/embed\/V1lax-FW3vA?feature=oembed\" frameborder=\"0\" allow=\"accelerometer; autoplay; clipboard-write; encrypted-media; gyroscope; picture-in-picture; web-share\" allowfullscreen><\/iframe><\/div><abbr class=\"published cmsms_post_date cmsms_theme_icon_calendar\" title=\"April 4, 2023\">April 4, 2023<\/abbr><abbr class=\"dn date updated\" title=\"April 4, 2023\">April 4, 2023<\/abbr><header class=\"cmsms_post_header entry-header\"><h3 class=\"cmsms_post_title entry-title\"><a href=\"https:\/\/www.filantropiacortessolari.cl\/en\/cnn-chile-hoy-en-dia-hablamos-de-un-paradigma-circular-nos-importan-otros-valores-nos-importa-el-ser-nos-importan-los-vinculos\/\">[CNN CHILE] \u201cHoy en d\u00eda hablamos de un paradigma circular. Nos importan otros valores, nos importa el ser, nos importan los v\u00ednculos&#8221;.<\/a><\/h3><\/header><div class=\"cmsms_post_content entry-content\">\n<p>En una nueva edici\u00f3n del programa\u00a0UPS, la presidenta ejecutiva de Filantrop\u00eda Cort\u00e9s Solari,\u00a0Francisca Cort\u00e9s\u00a0Solari ahond\u00f3 sobre el bienestar colectivo y...<\/p>\n<\/div>\n\t<\/div>\r\n<\/article>\r\n<!--_________________________ Finish Video Article _________________________ -->\r\n\r\n\r\n<!--_________________________ Start Standard Article _________________________ -->\r\n\r\n<article id=\"post-11288\" class=\"cmsms_post_masonry post-11288 post type-post status-publish format-standard has-post-thumbnail hentry category-fcs category-entrevistas category-noticias\" data-category=\"fcs entrevistas noticias\">\r\n\t<div class=\"cmsms_post_cont\">\r\n\t<figure><a href=\"https:\/\/www.filantropiacortessolari.cl\/en\/df-quienes-estamos-en-el-mundo-medioambiental-no-podemos-ir-en-contra-de-los-empresarios\/\" title=\"[DF] Quienes estamos en el mundo medioambiental no podemos ir en contra de los empresarios\" class=\"cmsms_img_link preloader\"><img loading=\"lazy\" decoding=\"async\" width=\"580\" height=\"330\" src=\"https:\/\/www.filantropiacortessolari.cl\/wp-content\/uploads\/2020\/04\/francisca-2-580x330.jpg\" class=\"full-width wp-post-image\" alt=\"[DF] Quienes estamos en el mundo medioambiental no podemos ir en contra de los empresarios\" title=\"[DF] Quienes estamos en el mundo medioambiental no podemos ir en contra de los empresarios\" \/><\/a><\/figure><abbr class=\"published cmsms_post_date cmsms_theme_icon_calendar\" title=\"November 20, 2022\">November 20, 2022<\/abbr><abbr class=\"dn date updated\" title=\"December 19, 2022\">December 19, 2022<\/abbr><header class=\"cmsms_post_header entry-header\"><h3 class=\"cmsms_post_title entry-title\"><a href=\"https:\/\/www.filantropiacortessolari.cl\/en\/df-quienes-estamos-en-el-mundo-medioambiental-no-podemos-ir-en-contra-de-los-empresarios\/\">[DF] Quienes estamos en el mundo medioambiental no podemos ir en contra de los empresarios<\/a><\/h3><\/header><div class=\"cmsms_post_content entry-content\">\n<p>LA FIL\u00c1NTROPA FRANCISCA CORT\u00c9S SOLARI, PARTE DEL GRUPO DETR\u00c1S DEL MAYOR RETAIL DE CHILE, ESTUVO LIDERANDO, DE LA MANO DE...<\/p>\n<\/div>\n\t<\/div>\r\n<\/article>\r\n<!--_________________________ Finish Standard Article _________________________ -->\r\n\r\n\r\n<!--_________________________ Start Standard Article _________________________ -->\r\n\r\n<article id=\"post-11197\" class=\"cmsms_post_masonry post-11197 post type-post status-publish format-standard has-post-thumbnail hentry category-entrevistas category-entrevistas-meri category-fundacion-meri tag-ciencia tag-cop-27 tag-filantropia-cortes-solari tag-fundacion-meri\" data-category=\"entrevistas entrevistas-meri fundacion-meri\">\r\n\t<div class=\"cmsms_post_cont\">\r\n\t<figure><a href=\"https:\/\/www.filantropiacortessolari.cl\/en\/radio-txs-entrevista-patricia-morales-gerenta-general-filantropia-cortes-solari-por-labor-cientifica-y-participacion-en-cop27\/\" title=\"[Radio TXS] Entrevista Patricia Morales, gerenta general Filantrop\u00eda Cort\u00e9s Solari, por labor cient\u00edfica y participaci\u00f3n en COP27\" class=\"cmsms_img_link preloader\"><img loading=\"lazy\" decoding=\"async\" width=\"580\" height=\"330\" src=\"https:\/\/www.filantropiacortessolari.cl\/wp-content\/uploads\/2022\/11\/Patricia-morales-foto-diario-financiero-photoshopeada-580x330.jpg\" class=\"full-width wp-post-image\" alt=\"[Radio TXS] Entrevista Patricia Morales, gerenta general Filantrop\u00eda Cort\u00e9s Solari, por labor cient\u00edfica y participaci\u00f3n en COP27\" title=\"[Radio TXS] Entrevista Patricia Morales, gerenta general Filantrop\u00eda Cort\u00e9s Solari, por labor cient\u00edfica y participaci\u00f3n en COP27\" \/><\/a><\/figure><abbr class=\"published cmsms_post_date cmsms_theme_icon_calendar\" title=\"November 2, 2022\">November 2, 2022<\/abbr><abbr class=\"dn date updated\" title=\"November 9, 2022\">November 9, 2022<\/abbr><header class=\"cmsms_post_header entry-header\"><h3 class=\"cmsms_post_title entry-title\"><a href=\"https:\/\/www.filantropiacortessolari.cl\/en\/radio-txs-entrevista-patricia-morales-gerenta-general-filantropia-cortes-solari-por-labor-cientifica-y-participacion-en-cop27\/\">[Radio TXS] Entrevista Patricia Morales, gerenta general Filantrop\u00eda Cort\u00e9s Solari, por labor cient\u00edfica y participaci\u00f3n en COP27<\/a><\/h3><\/header><div class=\"cmsms_post_content entry-content\">\n<p>Filantrop\u00eda Cort\u00e9s Solari, entre otras cosas, financia a la Fundaci\u00f3n MERI, dedicada al desarrollo de investigaci\u00f3n cient\u00edfica y educaci\u00f3n ambiental...<\/p>\n<\/div>\n\t<\/div>\r\n<\/article>\r\n<!--_________________________ Finish Standard Article _________________________ -->\r\n\r\n\r\n<!--_________________________ Start Standard Article _________________________ -->\r\n\r\n<article id=\"post-10838\" class=\"cmsms_post_masonry post-10838 post type-post status-publish format-standard has-post-thumbnail hentry category-entrevistas category-entrevistas-meri\" data-category=\"entrevistas entrevistas-meri\">\r\n\t<div class=\"cmsms_post_cont\">\r\n\t<figure><a href=\"https:\/\/www.filantropiacortessolari.cl\/en\/la-tercera-entrevista-a-sonia-espanol-escuchar-a-las-ballenas\/\" title=\"[La Tercera] Entrevista a Sonia Espa\u00f1ol: \u201cEscuchar a las ballenas\u201d\" class=\"cmsms_img_link preloader\"><img loading=\"lazy\" decoding=\"async\" width=\"580\" height=\"330\" src=\"https:\/\/www.filantropiacortessolari.cl\/wp-content\/uploads\/2022\/06\/Sonia-580x330.jpg\" class=\"full-width wp-post-image\" alt=\"[La Tercera] Entrevista a Sonia Espa\u00f1ol: \u201cEscuchar a las ballenas\u201d\" title=\"[La Tercera] Entrevista a Sonia Espa\u00f1ol: \u201cEscuchar a las ballenas\u201d\" \/><\/a><\/figure><abbr class=\"published cmsms_post_date cmsms_theme_icon_calendar\" title=\"June 20, 2022\">June 20, 2022<\/abbr><abbr class=\"dn date updated\" title=\"June 28, 2022\">June 28, 2022<\/abbr><header class=\"cmsms_post_header entry-header\"><h3 class=\"cmsms_post_title entry-title\"><a href=\"https:\/\/www.filantropiacortessolari.cl\/en\/la-tercera-entrevista-a-sonia-espanol-escuchar-a-las-ballenas\/\">[La Tercera] Entrevista a Sonia Espa\u00f1ol: \u201cEscuchar a las ballenas\u201d<\/a><\/h3><\/header><div class=\"cmsms_post_content entry-content\">\n<p>De ni\u00f1a Sonia Espa\u00f1ol-Jim\u00e9nez era fan\u00e1tica de la serie de televisi\u00f3n \u2018Las nuevas aventuras de Flipper\u2019, un delf\u00edn que pod\u00eda...<\/p>\n<\/div>\n\t<\/div>\r\n<\/article>\r\n<!--_________________________ Finish Standard Article _________________________ -->\r\n\r\n\r\n<!--_________________________ Start Standard Article _________________________ -->\r\n\r\n<article id=\"post-10559\" class=\"cmsms_post_masonry post-10559 post type-post status-publish format-standard has-post-thumbnail hentry category-fcs category-entrevistas tag-francisca-cortes-solari tag-the-blue-boat\" data-category=\"fcs entrevistas\">\r\n\t<div class=\"cmsms_post_cont\">\r\n\t<figure><a href=\"https:\/\/www.filantropiacortessolari.cl\/en\/columna-cuando-la-ciencia-y-la-humanidad-escuchan-a-los-oceanos\/\" title=\"[Columna] Cuando la ciencia y la humanidad escuchan a los oc\u00e9anos\" class=\"cmsms_img_link preloader\"><img loading=\"lazy\" decoding=\"async\" width=\"580\" height=\"330\" src=\"https:\/\/www.filantropiacortessolari.cl\/wp-content\/uploads\/2022\/06\/Foto-Fran2-580x330.jpg\" class=\"full-width wp-post-image\" alt=\"[Columna] Cuando la ciencia y la humanidad escuchan a los oc\u00e9anos\" title=\"[Columna] Cuando la ciencia y la humanidad escuchan a los oc\u00e9anos\" \/><\/a><\/figure><abbr class=\"published cmsms_post_date cmsms_theme_icon_calendar\" title=\"June 14, 2022\">June 14, 2022<\/abbr><abbr class=\"dn date updated\" title=\"June 20, 2022\">June 20, 2022<\/abbr><header class=\"cmsms_post_header entry-header\"><h3 class=\"cmsms_post_title entry-title\"><a href=\"https:\/\/www.filantropiacortessolari.cl\/en\/columna-cuando-la-ciencia-y-la-humanidad-escuchan-a-los-oceanos\/\">[Columna] Cuando la ciencia y la humanidad escuchan a los oc\u00e9anos<\/a><\/h3><\/header><div class=\"cmsms_post_content entry-content\">\n<p>Por Francisca Cort\u00e9s Solari, Presidenta Ejecutiva Filantrop\u00eda Cort\u00e9s Solari. El periodismo de calidad es m\u00e1s importante que nunca. Los seres...<\/p>\n<\/div>\n\t<\/div>\r\n<\/article>\r\n<!--_________________________ Finish Standard Article _________________________ -->\r\n\r\n\r\n<!--_________________________ Start Standard Article _________________________ -->\r\n\r\n<article id=\"post-10416\" class=\"cmsms_post_masonry post-10416 post type-post status-publish format-standard has-post-thumbnail hentry category-fcs category-entrevistas category-noticias tag-francisca-cortes-solari\" data-category=\"fcs entrevistas noticias\">\r\n\t<div class=\"cmsms_post_cont\">\r\n\t<figure><a href=\"https:\/\/www.filantropiacortessolari.cl\/en\/living-in-monaco-francisca-cortes-solari-a-renowned-philanthropist-visits-monaco\/\" title=\"[Living in Monaco] Francisca Cort\u00e9s Solari, a renowned philanthropist visits Monaco\" class=\"cmsms_img_link preloader\"><img loading=\"lazy\" decoding=\"async\" width=\"580\" height=\"330\" src=\"https:\/\/www.filantropiacortessolari.cl\/wp-content\/uploads\/2022\/04\/franciscacortessolari-580x330.jpg\" class=\"full-width wp-post-image\" alt=\"[Living in Monaco] Francisca Cort\u00e9s Solari, a renowned philanthropist visits Monaco\" title=\"[Living in Monaco] Francisca Cort\u00e9s Solari, a renowned philanthropist visits Monaco\" \/><\/a><\/figure><abbr class=\"published cmsms_post_date cmsms_theme_icon_calendar\" title=\"April 20, 2022\">April 20, 2022<\/abbr><abbr class=\"dn date updated\" title=\"April 20, 2022\">April 20, 2022<\/abbr><header class=\"cmsms_post_header entry-header\"><h3 class=\"cmsms_post_title entry-title\"><a href=\"https:\/\/www.filantropiacortessolari.cl\/en\/living-in-monaco-francisca-cortes-solari-a-renowned-philanthropist-visits-monaco\/\">[Living in Monaco] Francisca Cort\u00e9s Solari, a renowned philanthropist visits Monaco<\/a><\/h3><\/header><div class=\"cmsms_post_content entry-content\">\n<p>A few weeks ago, during the 5th edition of the Monaco Ocean Week, hundreds of Scientifics, entrepreneurs, politicians, and philanthropists...<\/p>\n<\/div>\n\t<\/div>\r\n<\/article>\r\n<!--_________________________ Finish Standard Article _________________________ -->\r\n\r\n\r\n<!--_________________________ Start Standard Article _________________________ -->\r\n\r\n<article id=\"post-10363\" class=\"cmsms_post_masonry post-10363 post type-post status-publish format-standard has-post-thumbnail hentry category-fcs category-noticias\" data-category=\"fcs noticias\">\r\n\t<div class=\"cmsms_post_cont\">\r\n\t<figure><a href=\"https:\/\/www.filantropiacortessolari.cl\/en\/la-tercera-ko-barrett-vicepresidenta-del-ipcc-los-efectos-del-cambio-climatico-ya-no-se-pueden-revertir-en-nuestras-vidas\/\" title=\"[La Tercera] Ko Barrett, vicepresidenta del IPCC: \u201cLos efectos del cambio clim\u00e1tico ya no se pueden revertir en nuestras vidas\u201d\" class=\"cmsms_img_link preloader\"><img loading=\"lazy\" decoding=\"async\" width=\"580\" height=\"330\" src=\"https:\/\/www.filantropiacortessolari.cl\/wp-content\/uploads\/2021\/09\/ko-580x330.png\" class=\"full-width wp-post-image\" alt=\"[La Tercera] Ko Barrett, vicepresidenta del IPCC: \u201cLos efectos del cambio clim\u00e1tico ya no se pueden revertir en nuestras vidas\u201d\" title=\"[La Tercera] Ko Barrett, vicepresidenta del IPCC: \u201cLos efectos del cambio clim\u00e1tico ya no se pueden revertir en nuestras vidas\u201d\" \/><\/a><\/figure><abbr class=\"published cmsms_post_date cmsms_theme_icon_calendar\" title=\"September 8, 2021\">September 8, 2021<\/abbr><abbr class=\"dn date updated\" title=\"September 8, 2021\">September 8, 2021<\/abbr><header class=\"cmsms_post_header entry-header\"><h3 class=\"cmsms_post_title entry-title\"><a href=\"https:\/\/www.filantropiacortessolari.cl\/en\/la-tercera-ko-barrett-vicepresidenta-del-ipcc-los-efectos-del-cambio-climatico-ya-no-se-pueden-revertir-en-nuestras-vidas\/\">[La Tercera] Ko Barrett, vicepresidenta del IPCC: \u201cLos efectos del cambio clim\u00e1tico ya no se pueden revertir en nuestras vidas\u201d<\/a><\/h3><\/header><div class=\"cmsms_post_content entry-content\">\n<p>En entrevista con Qu\u00e9 Pasa, una de las m\u00e1ximas l\u00edderes del Panel Intergubernamental sobre Cambio Clim\u00e1tico (IPCC) de la ONU...<\/p>\n<\/div>\n\t<\/div>\r\n<\/article>\r\n<!--_________________________ Finish Standard Article _________________________ -->\r\n\r\n\r\n<!--_________________________ Start Standard Article _________________________ -->\r\n\r\n<article id=\"post-10360\" class=\"cmsms_post_masonry post-10360 post type-post status-publish format-standard has-post-thumbnail hentry category-entrevistas-meri category-noticias\" data-category=\"entrevistas-meri noticias\">\r\n\t<div class=\"cmsms_post_cont\">\r\n\t<figure><a href=\"https:\/\/www.filantropiacortessolari.cl\/en\/futuro-360-ana-maria-molina-el-cambio-climatico-nos-necesita-desde-la-multidisciplina\/\" title=\"[Futuro 360] Ana Mar\u00eda Molina: \u201cEl cambio clim\u00e1tico nos necesita desde la multidisciplina\u201d\" class=\"cmsms_img_link preloader\"><img loading=\"lazy\" decoding=\"async\" width=\"580\" height=\"330\" src=\"https:\/\/www.filantropiacortessolari.cl\/wp-content\/uploads\/2021\/09\/Ana-Molina-580x330.png\" class=\"full-width wp-post-image\" alt=\"[Futuro 360] Ana Mar\u00eda Molina: \u201cEl cambio clim\u00e1tico nos necesita desde la multidisciplina\u201d\" title=\"[Futuro 360] Ana Mar\u00eda Molina: \u201cEl cambio clim\u00e1tico nos necesita desde la multidisciplina\u201d\" srcset=\"https:\/\/www.filantropiacortessolari.cl\/wp-content\/uploads\/2021\/09\/Ana-Molina-580x330.png 580w, https:\/\/www.filantropiacortessolari.cl\/wp-content\/uploads\/2021\/09\/Ana-Molina-300x171.png 300w, https:\/\/www.filantropiacortessolari.cl\/wp-content\/uploads\/2021\/09\/Ana-Molina-1024x582.png 1024w, https:\/\/www.filantropiacortessolari.cl\/wp-content\/uploads\/2021\/09\/Ana-Molina-768x437.png 768w, https:\/\/www.filantropiacortessolari.cl\/wp-content\/uploads\/2021\/09\/Ana-Molina-820x466.png 820w, https:\/\/www.filantropiacortessolari.cl\/wp-content\/uploads\/2021\/09\/Ana-Molina-1160x660.png 1160w, https:\/\/www.filantropiacortessolari.cl\/wp-content\/uploads\/2021\/09\/Ana-Molina.png 1398w\" sizes=\"auto, (max-width: 580px) 100vw, 580px\" \/><\/a><\/figure><abbr class=\"published cmsms_post_date cmsms_theme_icon_calendar\" title=\"September 8, 2021\">September 8, 2021<\/abbr><abbr class=\"dn date updated\" title=\"September 8, 2021\">September 8, 2021<\/abbr><header class=\"cmsms_post_header entry-header\"><h3 class=\"cmsms_post_title entry-title\"><a href=\"https:\/\/www.filantropiacortessolari.cl\/en\/futuro-360-ana-maria-molina-el-cambio-climatico-nos-necesita-desde-la-multidisciplina\/\">[Futuro 360] Ana Mar\u00eda Molina: \u201cEl cambio clim\u00e1tico nos necesita desde la multidisciplina\u201d<\/a><\/h3><\/header><div class=\"cmsms_post_content entry-content\">\n<p>En conversaci\u00f3n con Desaf\u00edo Tierra, la directora ejecutiva de la Fundaci\u00f3n Meri se refiri\u00f3 a la Segunda Conferencia sobre Evidencia...<\/p>\n<\/div>\n\t<\/div>\r\n<\/article>\r\n<!--_________________________ Finish Standard Article _________________________ -->\r\n\r\n\r\n<!--_________________________ Start Standard Article _________________________ -->\r\n\r\n<article id=\"post-10355\" class=\"cmsms_post_masonry post-10355 post type-post status-publish format-standard has-post-thumbnail hentry category-fcs category-entrevistas category-noticias\" data-category=\"fcs entrevistas noticias\">\r\n\t<div class=\"cmsms_post_cont\">\r\n\t<figure><a href=\"https:\/\/www.filantropiacortessolari.cl\/en\/entrevista-a-thelma-krug-vice-presidenta-ipcc-en-la-2da-conferencia-cambio-climatico\/\" title=\"[EMOL] Entrevista a Thelma Krug Vice presidenta IPCC en la  2da Conferencia Cambio Clim\u00e1tico\" class=\"cmsms_img_link preloader\"><img loading=\"lazy\" decoding=\"async\" width=\"580\" height=\"330\" src=\"https:\/\/www.filantropiacortessolari.cl\/wp-content\/uploads\/2021\/09\/Captura-de-Pantalla-2021-09-07-a-las-19.05.18-580x330.png\" class=\"full-width wp-post-image\" alt=\"[EMOL] Entrevista a Thelma Krug Vice presidenta IPCC en la  2da Conferencia Cambio Clim\u00e1tico\" title=\"[EMOL] Entrevista a Thelma Krug Vice presidenta IPCC en la  2da Conferencia Cambio Clim\u00e1tico\" \/><\/a><\/figure><abbr class=\"published cmsms_post_date cmsms_theme_icon_calendar\" title=\"September 7, 2021\">September 7, 2021<\/abbr><abbr class=\"dn date updated\" title=\"September 7, 2021\">September 7, 2021<\/abbr><header class=\"cmsms_post_header entry-header\"><h3 class=\"cmsms_post_title entry-title\"><a href=\"https:\/\/www.filantropiacortessolari.cl\/en\/entrevista-a-thelma-krug-vice-presidenta-ipcc-en-la-2da-conferencia-cambio-climatico\/\">[EMOL] Entrevista a Thelma Krug Vice presidenta IPCC en la  2da Conferencia Cambio Clim\u00e1tico<\/a><\/h3><\/header><div class=\"cmsms_post_content entry-content\">\n<p>Fuente: Emol.com<\/p>\n<\/div>\n\t<\/div>\r\n<\/article>\r\n<!--_________________________ Finish Standard Article _________________________ -->\r\n\r\n\r\n<!--_________________________ Start Standard Article _________________________ -->\r\n\r\n<article id=\"post-10335\" class=\"cmsms_post_masonry post-10335 post type-post status-publish format-standard has-post-thumbnail hentry category-fcs category-noticias\" data-category=\"fcs noticias\">\r\n\t<div class=\"cmsms_post_cont\">\r\n\t<figure><a href=\"https:\/\/www.filantropiacortessolari.cl\/en\/radio-conquistador-revisa-la-entrevista-a-patricia-morales-en-historias-de-futuro\/\" title=\"[Radio Conquistador] Revisa la entrevista a Patricia Morales en \u201cHistorias de Futuro\u201d\" class=\"cmsms_img_link preloader\"><img loading=\"lazy\" decoding=\"async\" width=\"580\" height=\"330\" src=\"https:\/\/www.filantropiacortessolari.cl\/wp-content\/uploads\/2021\/08\/Captura-de-Pantalla-2021-08-31-a-las-17.01.15-580x330.png\" class=\"full-width wp-post-image\" alt=\"[Radio Conquistador] Revisa la entrevista a Patricia Morales en \u201cHistorias de Futuro\u201d\" title=\"[Radio Conquistador] Revisa la entrevista a Patricia Morales en \u201cHistorias de Futuro\u201d\" \/><\/a><\/figure><abbr class=\"published cmsms_post_date cmsms_theme_icon_calendar\" title=\"August 31, 2021\">August 31, 2021<\/abbr><abbr class=\"dn date updated\" title=\"August 31, 2021\">August 31, 2021<\/abbr><header class=\"cmsms_post_header entry-header\"><h3 class=\"cmsms_post_title entry-title\"><a href=\"https:\/\/www.filantropiacortessolari.cl\/en\/radio-conquistador-revisa-la-entrevista-a-patricia-morales-en-historias-de-futuro\/\">[Radio Conquistador] Revisa la entrevista a Patricia Morales en \u201cHistorias de Futuro\u201d<\/a><\/h3><\/header><div class=\"cmsms_post_content entry-content\">\n<p>El pasado jueves, Patricia Morales Err\u00e1zuriz, Gerenta General de Filantrop\u00eda Cort\u00e9s Solari, estuvo conversando en \u201cHistorias de Futuro\u201d de Radio...<\/p>\n<\/div>\n\t<\/div>\r\n<\/article>\r\n<!--_________________________ Finish Standard Article _________________________ -->\r\n\r\n\r\n<!--_________________________ Start Standard Article _________________________ -->\r\n\r\n<article id=\"post-10283\" class=\"cmsms_post_masonry post-10283 post type-post status-publish format-standard has-post-thumbnail hentry category-fcs category-entrevistas category-noticias\" data-category=\"fcs entrevistas noticias\">\r\n\t<div class=\"cmsms_post_cont\">\r\n\t<figure><a href=\"https:\/\/www.filantropiacortessolari.cl\/en\/pais-circular-es-importante-que-los-gobiernos-empiecen-a-tomar-decisiones-en-funcion-de-evidencia-cientifica-y-no-de-otras-consideraciones\/\" title=\"[Pa\u00eds Circular] \u201cEs importante que los gobiernos empiecen a tomar decisiones en funci\u00f3n de evidencia cient\u00edfica, y no de otras consideraciones\u201d\" class=\"cmsms_img_link preloader\"><img loading=\"lazy\" decoding=\"async\" width=\"580\" height=\"330\" src=\"https:\/\/www.filantropiacortessolari.cl\/wp-content\/uploads\/2021\/02\/patricia-thegem-blog-default-580x330.jpeg\" class=\"full-width wp-post-image\" alt=\"[Pa\u00eds Circular] \u201cEs importante que los gobiernos empiecen a tomar decisiones en funci\u00f3n de evidencia cient\u00edfica, y no de otras consideraciones\u201d\" title=\"[Pa\u00eds Circular] \u201cEs importante que los gobiernos empiecen a tomar decisiones en funci\u00f3n de evidencia cient\u00edfica, y no de otras consideraciones\u201d\" \/><\/a><\/figure><abbr class=\"published cmsms_post_date cmsms_theme_icon_calendar\" title=\"June 11, 2021\">June 11, 2021<\/abbr><abbr class=\"dn date updated\" title=\"June 11, 2021\">June 11, 2021<\/abbr><header class=\"cmsms_post_header entry-header\"><h3 class=\"cmsms_post_title entry-title\"><a href=\"https:\/\/www.filantropiacortessolari.cl\/en\/pais-circular-es-importante-que-los-gobiernos-empiecen-a-tomar-decisiones-en-funcion-de-evidencia-cientifica-y-no-de-otras-consideraciones\/\">[Pa\u00eds Circular] \u201cEs importante que los gobiernos empiecen a tomar decisiones en funci\u00f3n de evidencia cient\u00edfica, y no de otras consideraciones\u201d<\/a><\/h3><\/header><div class=\"cmsms_post_content entry-content\">\n<p>La semana pasada se realiz\u00f3 desde Chile la Segunda Conferencia Regional sobre el Panel Intergubernamental para el Cambio Clim\u00e1tico de...<\/p>\n<\/div>\n\t<\/div>\r\n<\/article>\r\n<!--_________________________ Finish Standard Article _________________________ -->\r\n\r\n<\/div><div class=\"cmsms_wrap_more_posts\"><div class=\"cmsms_wrap_pagination\"><ul class='page-numbers'>\n\t<li><span aria-current=\"page\" class=\"page-numbers current\">1<\/span><\/li>\n\t<li><a class=\"page-numbers\" href=\"https:\/\/www.filantropiacortessolari.cl\/en\/wp-json\/wp\/v2\/pages\/763\/page\/2\/\">2<\/a><\/li>\n\t<li><a class=\"page-numbers\" href=\"https:\/\/www.filantropiacortessolari.cl\/en\/wp-json\/wp\/v2\/pages\/763\/page\/3\/\">3<\/a><\/li>\n\t<li><a class=\"next page-numbers\" href=\"https:\/\/www.filantropiacortessolari.cl\/en\/wp-json\/wp\/v2\/pages\/763\/page\/2\/\"><span class=\"cmsms_next_arrow\"><span><\/span><\/span><\/a><\/li>\n<\/ul>\n<\/div><\/div><\/div>\n<\/div>\n<\/div>\n<\/div>\n<\/div>\n<\/div>\n<\/div>\n\n","protected":false},"excerpt":{"rendered":"","protected":false},"author":1,"featured_media":0,"parent":0,"menu_order":0,"comment_status":"closed","ping_status":"closed","template":"","meta":{"footnotes":""},"class_list":["post-763","page","type-page","status-publish","hentry"],"translation":{"provider":"WPGlobus","version":"3.0.2","language":"en","enabled_languages":["es","en"],"languages":{"es":{"title":true,"content":true,"excerpt":false},"en":{"title":true,"content":true,"excerpt":false}}},"yoast_head":"<!-- This site is optimized with the Yoast SEO plugin v27.4 - https:\/\/yoast.com\/product\/yoast-seo-wordpress\/ -->\n<title>INTERVIEWS<\/title>\n<meta name=\"robots\" content=\"index, follow, max-snippet:-1, max-image-preview:large, max-video-preview:-1\" \/>\n<link rel=\"canonical\" href=\"https:\/\/www.filantropiacortessolari.cl\/entrevistas\/\" \/>\n<meta property=\"og:locale\" content=\"en_US\" \/>\n<meta property=\"og:type\" content=\"article\" \/>\n<meta property=\"og:title\" content=\"INTERVIEWS\" \/>\n<meta property=\"og:url\" content=\"https:\/\/www.filantropiacortessolari.cl\/entrevistas\/\" \/>\n<meta property=\"og:site_name\" content=\"Filantrop\u00eda Cort\u00e9s Solari\" \/>\n<meta property=\"article:modified_time\" content=\"2022-06-28T22:38:53+00:00\" \/>\n<meta name=\"twitter:card\" content=\"summary_large_image\" \/>\n<meta name=\"twitter:label1\" content=\"Est. reading time\" \/>\n\t<meta name=\"twitter:data1\" content=\"1 minute\" \/>\n<script type=\"application\/ld+json\" class=\"yoast-schema-graph\">{\"@context\":\"https:\\\/\\\/schema.org\",\"@graph\":[{\"@type\":\"WebPage\",\"@id\":\"https:\\\/\\\/www.filantropiacortessolari.cl\\\/entrevistas\\\/\",\"url\":\"https:\\\/\\\/www.filantropiacortessolari.cl\\\/entrevistas\\\/\",\"name\":\"INTERVIEWS\",\"isPartOf\":{\"@id\":\"https:\\\/\\\/www.filantropiacortessolari.cl\\\/#website\"},\"datePublished\":\"2019-08-19T23:39:27+00:00\",\"dateModified\":\"2022-06-28T22:38:53+00:00\",\"breadcrumb\":{\"@id\":\"https:\\\/\\\/www.filantropiacortessolari.cl\\\/entrevistas\\\/#breadcrumb\"},\"inLanguage\":\"en-US\",\"potentialAction\":[{\"@type\":\"ReadAction\",\"target\":[\"https:\\\/\\\/www.filantropiacortessolari.cl\\\/entrevistas\\\/\"]}]},{\"@type\":\"BreadcrumbList\",\"@id\":\"https:\\\/\\\/www.filantropiacortessolari.cl\\\/entrevistas\\\/#breadcrumb\",\"itemListElement\":[{\"@type\":\"ListItem\",\"position\":1,\"name\":\"Portada\",\"item\":\"https:\\\/\\\/www.filantropiacortessolari.cl\\\/\"},{\"@type\":\"ListItem\",\"position\":2,\"name\":\"ENTREVISTAS\"}]},{\"@type\":\"WebSite\",\"@id\":\"https:\\\/\\\/www.filantropiacortessolari.cl\\\/#website\",\"url\":\"https:\\\/\\\/www.filantropiacortessolari.cl\\\/\",\"name\":\"Filantrop\u00eda Cort\u00e9s Solari\",\"description\":\"Sitio web Filantrop\u00eda Cort\u00e9s Solari\",\"potentialAction\":[{\"@type\":\"SearchAction\",\"target\":{\"@type\":\"EntryPoint\",\"urlTemplate\":\"https:\\\/\\\/www.filantropiacortessolari.cl\\\/?s={search_term_string}\"},\"query-input\":{\"@type\":\"PropertyValueSpecification\",\"valueRequired\":true,\"valueName\":\"search_term_string\"}}],\"inLanguage\":\"en-US\"}]}<\/script>\n<!-- \/ Yoast SEO plugin. -->","yoast_head_json":{"title":"INTERVIEWS","robots":{"index":"index","follow":"follow","max-snippet":"max-snippet:-1","max-image-preview":"max-image-preview:large","max-video-preview":"max-video-preview:-1"},"canonical":"https:\/\/www.filantropiacortessolari.cl\/entrevistas\/","og_locale":"en_US","og_type":"article","og_title":"INTERVIEWS","og_url":"https:\/\/www.filantropiacortessolari.cl\/entrevistas\/","og_site_name":"Filantrop\u00eda Cort\u00e9s Solari","article_modified_time":"2022-06-28T22:38:53+00:00","twitter_card":"summary_large_image","twitter_misc":{"Est. reading time":"1 minute"},"schema":{"@context":"https:\/\/schema.org","@graph":[{"@type":"WebPage","@id":"https:\/\/www.filantropiacortessolari.cl\/entrevistas\/","url":"https:\/\/www.filantropiacortessolari.cl\/entrevistas\/","name":"INTERVIEWS","isPartOf":{"@id":"https:\/\/www.filantropiacortessolari.cl\/#website"},"datePublished":"2019-08-19T23:39:27+00:00","dateModified":"2022-06-28T22:38:53+00:00","breadcrumb":{"@id":"https:\/\/www.filantropiacortessolari.cl\/entrevistas\/#breadcrumb"},"inLanguage":"en-US","potentialAction":[{"@type":"ReadAction","target":["https:\/\/www.filantropiacortessolari.cl\/entrevistas\/"]}]},{"@type":"BreadcrumbList","@id":"https:\/\/www.filantropiacortessolari.cl\/entrevistas\/#breadcrumb","itemListElement":[{"@type":"ListItem","position":1,"name":"Portada","item":"https:\/\/www.filantropiacortessolari.cl\/"},{"@type":"ListItem","position":2,"name":"ENTREVISTAS"}]},{"@type":"WebSite","@id":"https:\/\/www.filantropiacortessolari.cl\/#website","url":"https:\/\/www.filantropiacortessolari.cl\/","name":"Filantrop\u00eda Cort\u00e9s Solari","description":"Sitio web Filantrop\u00eda Cort\u00e9s Solari","potentialAction":[{"@type":"SearchAction","target":{"@type":"EntryPoint","urlTemplate":"https:\/\/www.filantropiacortessolari.cl\/?s={search_term_string}"},"query-input":{"@type":"PropertyValueSpecification","valueRequired":true,"valueName":"search_term_string"}}],"inLanguage":"en-US"}]}},"_links":{"self":[{"href":"https:\/\/www.filantropiacortessolari.cl\/en\/wp-json\/wp\/v2\/pages\/763","targetHints":{"allow":["GET"]}}],"collection":[{"href":"https:\/\/www.filantropiacortessolari.cl\/en\/wp-json\/wp\/v2\/pages"}],"about":[{"href":"https:\/\/www.filantropiacortessolari.cl\/en\/wp-json\/wp\/v2\/types\/page"}],"author":[{"embeddable":true,"href":"https:\/\/www.filantropiacortessolari.cl\/en\/wp-json\/wp\/v2\/users\/1"}],"replies":[{"embeddable":true,"href":"https:\/\/www.filantropiacortessolari.cl\/en\/wp-json\/wp\/v2\/comments?post=763"}],"version-history":[{"count":17,"href":"https:\/\/www.filantropiacortessolari.cl\/en\/wp-json\/wp\/v2\/pages\/763\/revisions"}],"predecessor-version":[{"id":10842,"href":"https:\/\/www.filantropiacortessolari.cl\/en\/wp-json\/wp\/v2\/pages\/763\/revisions\/10842"}],"wp:attachment":[{"href":"https:\/\/www.filantropiacortessolari.cl\/en\/wp-json\/wp\/v2\/media?parent=763"}],"curies":[{"name":"wp","href":"https:\/\/api.w.org\/{rel}","templated":true}]}}