{"id":776,"date":"2019-08-19T21:08:35","date_gmt":"2019-08-20T00:08:35","guid":{"rendered":"http:\/\/intranet.filantropiacortessolari.cl\/?page_id=776"},"modified":"2024-03-22T15:05:49","modified_gmt":"2024-03-22T18:05:49","slug":"opinion","status":"publish","type":"page","link":"https:\/\/www.filantropiacortessolari.cl\/en\/opinion\/","title":{"rendered":"OPINION"},"content":{"rendered":"<style type=\"text\/css\"> \n#cmsms_row_69eeba90647dd2_93854546 .cmsms_row_outer_parent { \n\tpadding-top: 0px; \n} \n\n#cmsms_row_69eeba90647dd2_93854546 .cmsms_row_outer_parent { \n\tpadding-bottom: 15px; \n} \n\n \n#cmsms_row_69eeba90649465_88438312 .cmsms_row_outer_parent { \n\tpadding-top: 0px; \n} \n\n#cmsms_row_69eeba90649465_88438312 .cmsms_row_outer_parent { \n\tpadding-bottom: 15px; \n} \n\n \n#cmsms_row_69eeba90649874_93851635 .cmsms_row_outer_parent { \n\tpadding-top: 0px; \n} \n\n#cmsms_row_69eeba90649874_93851635 .cmsms_row_outer_parent { \n\tpadding-bottom: 50px; \n} \n\n \n#cmsms_row_69eeba90678cc6_18670920 .cmsms_row_outer_parent { \n\tpadding-top: 0px; \n} \n\n#cmsms_row_69eeba90678cc6_18670920 .cmsms_row_outer_parent { \n\tpadding-bottom: 15px; \n} \n\n \n#cmsms_row_69eeba906790e2_50315170 .cmsms_row_outer_parent { \n\tpadding-top: 0px; \n} \n\n#cmsms_row_69eeba906790e2_50315170 .cmsms_row_outer_parent { \n\tpadding-bottom: 50px; \n} \n\n \n#cmsms_row_69eeba906a2aa5_48159911 .cmsms_row_outer_parent { \n\tpadding-top: 0px; \n} \n\n#cmsms_row_69eeba906a2aa5_48159911 .cmsms_row_outer_parent { \n\tpadding-bottom: 15px; \n} \n\n \n#cmsms_row_69eeba906a31b6_42480162 .cmsms_row_outer_parent { \n\tpadding-top: 0px; \n} \n\n#cmsms_row_69eeba906a31b6_42480162 .cmsms_row_outer_parent { \n\tpadding-bottom: 50px; \n} \n\n<\/style><div id=\"cmsms_row_69eeba90647dd2_93854546\" class=\"cmsms_row cmsms_color_scheme_default\">\n<div class=\"cmsms_row_outer_parent\">\n<div class=\"cmsms_row_outer\">\n<div class=\"cmsms_row_inner\">\n<div class=\"cmsms_row_margin\">\n<div class=\"cmsms_column one_first\">\n<div class=\"cmsms_text\">\n<h1>OPINION<\/h1>\n<\/div>\n<\/div>\n<\/div>\n<\/div>\n<\/div>\n<\/div>\n<\/div>\n<div id=\"cmsms_row_69eeba90649465_88438312\" class=\"cmsms_row cmsms_color_scheme_default\">\n<div class=\"cmsms_row_outer_parent\">\n<div class=\"cmsms_row_outer\">\n<div class=\"cmsms_row_inner\">\n<div class=\"cmsms_row_margin\">\n<div class=\"cmsms_column one_first\">\n<div class=\"cmsms_text\">\n<h2><em>PHILANTHROPY ARTICLES<\/em><\/h2>\n<\/div>\n<\/div>\n<\/div>\n<\/div>\n<\/div>\n<\/div>\n<\/div>\n<div id=\"cmsms_row_69eeba90649874_93851635\" class=\"cmsms_row cmsms_color_scheme_default\">\n<div class=\"cmsms_row_outer_parent\">\n<div class=\"cmsms_row_outer\">\n<div class=\"cmsms_row_inner\">\n<div class=\"cmsms_row_margin\">\n<div class=\"cmsms_column one_first\">\n<div class=\"cmsms_wrap_blog entry-summary\" id=\"blog_69eeba9064a35\" data-meta=\"date\"><script type=\"text\/javascript\">\r\njQuery(document).ready(function () {\r\n(function ($) {\r\n\tif ($('#blog_69eeba9064a35').find('article').length == '0') {\r\n\t\treturn false;\r\n\t}\r\n\t\r\n\r\n\tstartBlog( \r\n\t\t'69eeba9064a35', \r\n\t\t'columns', \r\n\t\t'grid', \r\n\t\t'https:\/\/www.filantropiacortessolari.cl\/wp-content\/plugins\/cmsms-content-composer\/', \r\n\t\t'date', \r\n\t\t'DESC', \r\n\t\t'6', \r\n\t\t'opinion-fcs',\r\n\t\t'date' \r\n\t);\r\n} )(jQuery);\r\n} );\r\n<\/script>\r\n<div class=\"blog columns grid cmsms_3\">\r\n<!--_________________________ Start Standard Article _________________________ -->\r\n\r\n<article id=\"post-11290\" class=\"cmsms_post_masonry post-11290 post type-post status-publish format-standard has-post-thumbnail hentry category-columnas category-noticias category-articulos category-opinion-fcs tag-patricia-morales-errazuriz\" data-category=\"columnas noticias articulos opinion-fcs\">\r\n\t<div class=\"cmsms_post_cont\">\r\n\t<figure><a href=\"https:\/\/www.filantropiacortessolari.cl\/en\/la-tercera-oceanos-y-cop27\/\" title=\"[Columna &#8211; La Tercera] Oc\u00e9anos y COP27\" class=\"cmsms_img_link preloader\"><img loading=\"lazy\" decoding=\"async\" width=\"580\" height=\"330\" src=\"https:\/\/www.filantropiacortessolari.cl\/wp-content\/uploads\/2022\/11\/Patricia-morales-foto-diario-financiero-photoshopeada-580x330.jpg\" class=\"full-width wp-post-image\" alt=\"[Columna &#8211; La Tercera] Oc\u00e9anos y COP27\" title=\"[Columna &#8211; La Tercera] Oc\u00e9anos y COP27\" \/><\/a><\/figure><abbr class=\"published cmsms_post_date cmsms_theme_icon_calendar\" title=\"December 7, 2022\">December 7, 2022<\/abbr><abbr class=\"dn date updated\" title=\"December 19, 2022\">December 19, 2022<\/abbr><header class=\"cmsms_post_header entry-header\"><h3 class=\"cmsms_post_title entry-title\"><a href=\"https:\/\/www.filantropiacortessolari.cl\/en\/la-tercera-oceanos-y-cop27\/\">[Columna &#8211; La Tercera] Oc\u00e9anos y COP27<\/a><\/h3><\/header><div class=\"cmsms_post_content entry-content\">\n<p>Patricia Morales Err\u00e1zuriz &#8211; Gerenta General Filantrop\u00eda Cort\u00e9s Solari El oc\u00e9ano es el motor del planeta. A nivel ambiental, genera...<\/p>\n<\/div>\n\t<\/div>\r\n<\/article>\r\n<!--_________________________ Finish Standard Article _________________________ -->\r\n\r\n\r\n<!--_________________________ Start Standard Article _________________________ -->\r\n\r\n<article id=\"post-11294\" class=\"cmsms_post_masonry post-11294 post type-post status-publish format-standard has-post-thumbnail hentry category-noticias category-articulos category-opinion-fcs\" data-category=\"noticias articulos opinion-fcs\">\r\n\t<div class=\"cmsms_post_cont\">\r\n\t<figure><a href=\"https:\/\/www.filantropiacortessolari.cl\/en\/columna-la-segunda-educacion-ambiental-una-tarea-pendiente\/\" title=\"[Columna &#8211; La Segunda] Educaci\u00f3n ambiental, una tarea pendiente\" class=\"cmsms_img_link preloader\"><img loading=\"lazy\" decoding=\"async\" width=\"580\" height=\"330\" src=\"https:\/\/www.filantropiacortessolari.cl\/wp-content\/uploads\/2022\/12\/francisca-580x330.jpg\" class=\"full-width wp-post-image\" alt=\"[Columna &#8211; La Segunda] Educaci\u00f3n ambiental, una tarea pendiente\" title=\"[Columna &#8211; La Segunda] Educaci\u00f3n ambiental, una tarea pendiente\" \/><\/a><\/figure><abbr class=\"published cmsms_post_date cmsms_theme_icon_calendar\" title=\"December 5, 2022\">December 5, 2022<\/abbr><abbr class=\"dn date updated\" title=\"December 21, 2022\">December 21, 2022<\/abbr><header class=\"cmsms_post_header entry-header\"><h3 class=\"cmsms_post_title entry-title\"><a href=\"https:\/\/www.filantropiacortessolari.cl\/en\/columna-la-segunda-educacion-ambiental-una-tarea-pendiente\/\">[Columna &#8211; La Segunda] Educaci\u00f3n ambiental, una tarea pendiente<\/a><\/h3><\/header><div class=\"cmsms_post_content entry-content\">\n<p>Los \u00faltimos siete a\u00f1os han sido los m\u00e1s c\u00e1lidos de los que se tiene evidencia. Mientras, la ni\u00f1ez se expone...<\/p>\n<\/div>\n\t<\/div>\r\n<\/article>\r\n<!--_________________________ Finish Standard Article _________________________ -->\r\n\r\n\r\n<!--_________________________ Start Standard Article _________________________ -->\r\n\r\n<article id=\"post-10971\" class=\"cmsms_post_masonry post-10971 post type-post status-publish format-standard has-post-thumbnail hentry category-articulos category-opinion-fcs\" data-category=\"articulos opinion-fcs\">\r\n\t<div class=\"cmsms_post_cont\">\r\n\t<figure><a href=\"https:\/\/www.filantropiacortessolari.cl\/en\/columna-la-tercera-cuando-la-ciencia-y-la-humanidad-escuchan-a-los-oceanos\/\" title=\"[Columna &#8211; La Tercera] Cuando la ciencia y la humanidad escuchan a los oc\u00e9anos\" class=\"cmsms_img_link preloader\"><img loading=\"lazy\" decoding=\"async\" width=\"580\" height=\"330\" src=\"https:\/\/www.filantropiacortessolari.cl\/wp-content\/uploads\/2022\/07\/Foto-Fran2-580x330.jpeg\" class=\"full-width wp-post-image\" alt=\"[Columna &#8211; La Tercera] Cuando la ciencia y la humanidad escuchan a los oc\u00e9anos\" title=\"[Columna &#8211; La Tercera] Cuando la ciencia y la humanidad escuchan a los oc\u00e9anos\" \/><\/a><\/figure><abbr class=\"published cmsms_post_date cmsms_theme_icon_calendar\" title=\"July 11, 2022\">July 11, 2022<\/abbr><abbr class=\"dn date updated\" title=\"July 11, 2022\">July 11, 2022<\/abbr><header class=\"cmsms_post_header entry-header\"><h3 class=\"cmsms_post_title entry-title\"><a href=\"https:\/\/www.filantropiacortessolari.cl\/en\/columna-la-tercera-cuando-la-ciencia-y-la-humanidad-escuchan-a-los-oceanos\/\">[Columna &#8211; La Tercera] Cuando la ciencia y la humanidad escuchan a los oc\u00e9anos<\/a><\/h3><\/header><div class=\"cmsms_post_content entry-content\">\n<p>Por\u00a0Francisca Cort\u00e9s Solari, Presidenta Ejecutiva Filantrop\u00eda Cort\u00e9s Solari Los seres humanos dependemos directamente de los oc\u00e9anos, sea desde una perspectiva...<\/p>\n<\/div>\n\t<\/div>\r\n<\/article>\r\n<!--_________________________ Finish Standard Article _________________________ -->\r\n\r\n\r\n<!--_________________________ Start Standard Article _________________________ -->\r\n\r\n<article id=\"post-10332\" class=\"cmsms_post_masonry post-10332 post type-post status-publish format-standard has-post-thumbnail hentry category-noticias category-opinion-fcs\" data-category=\"noticias opinion-fcs\">\r\n\t<div class=\"cmsms_post_cont\">\r\n\t<figure><a href=\"https:\/\/www.filantropiacortessolari.cl\/en\/columna-conservacion-en-tiempos-de-urgencia-ambiental\/\" title=\"[Columna] Conservaci\u00f3n en tiempos de urgencia ambiental\" class=\"cmsms_img_link preloader\"><img loading=\"lazy\" decoding=\"async\" width=\"580\" height=\"330\" src=\"https:\/\/www.filantropiacortessolari.cl\/wp-content\/uploads\/2020\/04\/francisca-2-580x330.jpg\" class=\"full-width wp-post-image\" alt=\"[Columna] Conservaci\u00f3n en tiempos de urgencia ambiental\" title=\"[Columna] Conservaci\u00f3n en tiempos de urgencia ambiental\" \/><\/a><\/figure><abbr class=\"published cmsms_post_date cmsms_theme_icon_calendar\" title=\"August 31, 2021\">August 31, 2021<\/abbr><abbr class=\"dn date updated\" title=\"August 31, 2021\">August 31, 2021<\/abbr><header class=\"cmsms_post_header entry-header\"><h3 class=\"cmsms_post_title entry-title\"><a href=\"https:\/\/www.filantropiacortessolari.cl\/en\/columna-conservacion-en-tiempos-de-urgencia-ambiental\/\">[Columna] Conservaci\u00f3n en tiempos de urgencia ambiental<\/a><\/h3><\/header><div class=\"cmsms_post_content entry-content\">\n<p>Por: Francisca Cort\u00e9s Solari El reciente informe del Grupo Intergubernamental te Expertos sobre el Cambio Clim\u00e1tico (IPCC) te Naciones Unidas...<\/p>\n<\/div>\n\t<\/div>\r\n<\/article>\r\n<!--_________________________ Finish Standard Article _________________________ -->\r\n\r\n\r\n<!--_________________________ Start Standard Article _________________________ -->\r\n\r\n<article id=\"post-10186\" class=\"cmsms_post_masonry post-10186 post type-post status-publish format-standard has-post-thumbnail hentry category-articulos category-opinion-fcs\" data-category=\"articulos opinion-fcs\">\r\n\t<div class=\"cmsms_post_cont\">\r\n\t<figure><a href=\"https:\/\/www.filantropiacortessolari.cl\/en\/lee-columna-deopinion-de-patricia-morales-gerente-general-de-filantropia-cortes-solari-publicada-hoy-en-la-segunda\/\" title=\"Lee columna de opini\u00f3n de Patricia Morales, gerente general de Filantrop\u00eda Cort\u00e9s Solari,  publicada hoy en La Segunda.\" class=\"cmsms_img_link preloader\"><img loading=\"lazy\" decoding=\"async\" width=\"580\" height=\"330\" src=\"https:\/\/www.filantropiacortessolari.cl\/wp-content\/uploads\/2021\/02\/patricia-thegem-blog-default-580x330.jpeg\" class=\"full-width wp-post-image\" alt=\"Lee columna de opini\u00f3n de Patricia Morales, gerente general de Filantrop\u00eda Cort\u00e9s Solari,  publicada hoy en La Segunda.\" title=\"Lee columna de opini\u00f3n de Patricia Morales, gerente general de Filantrop\u00eda Cort\u00e9s Solari,  publicada hoy en La Segunda.\" \/><\/a><\/figure><abbr class=\"published cmsms_post_date cmsms_theme_icon_calendar\" title=\"February 2, 2021\">February 2, 2021<\/abbr><abbr class=\"dn date updated\" title=\"February 2, 2021\">February 2, 2021<\/abbr><header class=\"cmsms_post_header entry-header\"><h3 class=\"cmsms_post_title entry-title\"><a href=\"https:\/\/www.filantropiacortessolari.cl\/en\/lee-columna-deopinion-de-patricia-morales-gerente-general-de-filantropia-cortes-solari-publicada-hoy-en-la-segunda\/\">Lee columna de opini\u00f3n de Patricia Morales, gerente general de Filantrop\u00eda Cort\u00e9s Solari,  publicada hoy en La Segunda.<\/a><\/h3><\/header><div class=\"cmsms_post_content entry-content\">\n<p>Es evidente que debiese existir una relaci\u00f3n de causalidad entre el ingreso per c\u00e1pita del pa\u00eds y los niveles de...<\/p>\n<\/div>\n\t<\/div>\r\n<\/article>\r\n<!--_________________________ Finish Standard Article _________________________ -->\r\n\r\n\r\n<!--_________________________ Start Standard Article _________________________ -->\r\n\r\n<article id=\"post-8601\" class=\"cmsms_post_masonry post-8601 post type-post status-publish format-standard has-post-thumbnail hentry category-opinion-fcs category-prensa-escrita\" data-category=\"opinion-fcs prensa-escrita\">\r\n\t<div class=\"cmsms_post_cont\">\r\n\t<figure><a href=\"https:\/\/www.filantropiacortessolari.cl\/en\/filantropia-acciones-de-utilidad-publica\/\" title=\"Filantrop\u00eda: Acciones de utilidad p\u00fablica\" class=\"cmsms_img_link preloader\"><img loading=\"lazy\" decoding=\"async\" width=\"580\" height=\"330\" src=\"https:\/\/www.filantropiacortessolari.cl\/wp-content\/uploads\/2019\/08\/francisca-580x330.jpeg\" class=\"full-width wp-post-image\" alt=\"Filantrop\u00eda: Acciones de utilidad p\u00fablica\" title=\"Filantrop\u00eda: Acciones de utilidad p\u00fablica\" \/><\/a><\/figure><abbr class=\"published cmsms_post_date cmsms_theme_icon_calendar\" title=\"August 27, 2019\">August 27, 2019<\/abbr><abbr class=\"dn date updated\" title=\"August 27, 2019\">August 27, 2019<\/abbr><header class=\"cmsms_post_header entry-header\"><h3 class=\"cmsms_post_title entry-title\"><a href=\"https:\/\/www.filantropiacortessolari.cl\/en\/filantropia-acciones-de-utilidad-publica\/\">Filantrop\u00eda: Acciones de utilidad p\u00fablica<\/a><\/h3><\/header><div class=\"cmsms_post_content entry-content\">\n<p>Mucho se ha discutido sobre filantrop\u00eda: rol, definici\u00f3n, as\u00ed como \u00e1mbitos de acci\u00f3n e impacto en nuestra sociedad. En otros...<\/p>\n<\/div>\n\t<\/div>\r\n<\/article>\r\n<!--_________________________ Finish Standard Article _________________________ -->\r\n\r\n<\/div><div class=\"cmsms_wrap_more_posts\"><div class=\"cmsms_wrap_post_loader\">\r\n\t\t\t\t<a href=\"javascript:void(0);\" class=\"cmsms_button cmsms_post_loader\">\r\n\t\t\t\t\t<span>M\u00e1s art\u00edculos de Caserta<\/span>\r\n\t\t\t\t<\/a>\r\n\t\t\t<\/div><\/div><\/div>\n<\/div>\n<\/div>\n<\/div>\n<\/div>\n<\/div>\n<\/div>\n<div id=\"cmsms_row_69eeba90678cc6_18670920\" class=\"cmsms_row cmsms_color_scheme_default\">\n<div class=\"cmsms_row_outer_parent\">\n<div class=\"cmsms_row_outer\">\n<div class=\"cmsms_row_inner\">\n<div class=\"cmsms_row_margin\">\n<div class=\"cmsms_column one_first\">\n<div class=\"cmsms_text\">\n<h2><em>CASERTA ARTICLES<\/em><\/h2>\n<\/div>\n<\/div>\n<\/div>\n<\/div>\n<\/div>\n<\/div>\n<\/div>\n<div id=\"cmsms_row_69eeba906790e2_50315170\" class=\"cmsms_row cmsms_color_scheme_default\">\n<div class=\"cmsms_row_outer_parent\">\n<div class=\"cmsms_row_outer\">\n<div class=\"cmsms_row_inner\">\n<div class=\"cmsms_row_margin\">\n<div class=\"cmsms_column one_first\">\n<div class=\"cmsms_wrap_blog entry-summary\" id=\"blog_69eeba9067946\" data-meta=\"date\"><script type=\"text\/javascript\">\r\njQuery(document).ready(function () {\r\n(function ($) {\r\n\tif ($('#blog_69eeba9067946').find('article').length == '0') {\r\n\t\treturn false;\r\n\t}\r\n\t\r\n\r\n\tstartBlog( \r\n\t\t'69eeba9067946', \r\n\t\t'columns', \r\n\t\t'grid', \r\n\t\t'https:\/\/www.filantropiacortessolari.cl\/wp-content\/plugins\/cmsms-content-composer\/', \r\n\t\t'date', \r\n\t\t'DESC', \r\n\t\t'6', \r\n\t\t'opinion-caserta',\r\n\t\t'date' \r\n\t);\r\n} )(jQuery);\r\n} );\r\n<\/script>\r\n<div class=\"blog columns grid cmsms_3\">\r\n<!--_________________________ Start Standard Article _________________________ -->\r\n\r\n<article id=\"post-11459\" class=\"cmsms_post_masonry post-11459 post type-post status-publish format-standard has-post-thumbnail hentry category-noticias category-articulos category-opinion-caserta\" data-category=\"noticias articulos opinion-caserta\">\r\n\t<div class=\"cmsms_post_cont\">\r\n\t<figure><a href=\"https:\/\/www.filantropiacortessolari.cl\/en\/columna-uso-del-chat-gpt-en-los-colegios\/\" title=\"[Columna] Uso del Chat GPT en los colegios\" class=\"cmsms_img_link preloader\"><img loading=\"lazy\" decoding=\"async\" width=\"580\" height=\"330\" src=\"https:\/\/www.filantropiacortessolari.cl\/wp-content\/uploads\/2023\/07\/gpt_caserta-580x330.jpg\" class=\"full-width wp-post-image\" alt=\"[Columna] Uso del Chat GPT en los colegios\" title=\"[Columna] Uso del Chat GPT en los colegios\" \/><\/a><\/figure><abbr class=\"published cmsms_post_date cmsms_theme_icon_calendar\" title=\"July 14, 2023\">July 14, 2023<\/abbr><abbr class=\"dn date updated\" title=\"July 14, 2023\">July 14, 2023<\/abbr><header class=\"cmsms_post_header entry-header\"><h3 class=\"cmsms_post_title entry-title\"><a href=\"https:\/\/www.filantropiacortessolari.cl\/en\/columna-uso-del-chat-gpt-en-los-colegios\/\">[Columna] Uso del Chat GPT en los colegios<\/a><\/h3><\/header><div class=\"cmsms_post_content entry-content\">\n<p>Carolina Albornoz Directora ejecutiva Fundaci\u00f3n Caserta Luego de los resultados del Simce, surgen con fuerza reflexiones sobre las nuevas formas...<\/p>\n<\/div>\n\t<\/div>\r\n<\/article>\r\n<!--_________________________ Finish Standard Article _________________________ -->\r\n\r\n\r\n<!--_________________________ Start Standard Article _________________________ -->\r\n\r\n<article id=\"post-11455\" class=\"cmsms_post_masonry post-11455 post type-post status-publish format-standard has-post-thumbnail hentry category-noticias category-articulos category-opinion-caserta\" data-category=\"noticias articulos opinion-caserta\">\r\n\t<div class=\"cmsms_post_cont\">\r\n\t<figure><a href=\"https:\/\/www.filantropiacortessolari.cl\/en\/columna-contencion-a-la-docencia-ante-violencia-en-escuelas\/\" title=\"[Columna] Contenci\u00f3n a la docencia ante violencia en escuelas\" class=\"cmsms_img_link preloader\"><img loading=\"lazy\" decoding=\"async\" width=\"580\" height=\"330\" src=\"https:\/\/www.filantropiacortessolari.cl\/wp-content\/uploads\/2023\/07\/FotoCAs-3-580x330.jpg\" class=\"full-width wp-post-image\" alt=\"[Columna] Contenci\u00f3n a la docencia ante violencia en escuelas\" title=\"[Columna] Contenci\u00f3n a la docencia ante violencia en escuelas\" \/><\/a><\/figure><abbr class=\"published cmsms_post_date cmsms_theme_icon_calendar\" title=\"July 11, 2023\">July 11, 2023<\/abbr><abbr class=\"dn date updated\" title=\"July 11, 2023\">July 11, 2023<\/abbr><header class=\"cmsms_post_header entry-header\"><h3 class=\"cmsms_post_title entry-title\"><a href=\"https:\/\/www.filantropiacortessolari.cl\/en\/columna-contencion-a-la-docencia-ante-violencia-en-escuelas\/\">[Columna] Contenci\u00f3n a la docencia ante violencia en escuelas<\/a><\/h3><\/header><div class=\"cmsms_post_content entry-content\">\n<p>Carolina Albornoz Directora ejecutiva Fundaci\u00f3n Caserta Ocho de cada diez profesores declaran no haber recibido contenci\u00f3n ni capacitaci\u00f3n ante el...<\/p>\n<\/div>\n\t<\/div>\r\n<\/article>\r\n<!--_________________________ Finish Standard Article _________________________ -->\r\n\r\n\r\n<!--_________________________ Start Standard Article _________________________ -->\r\n\r\n<article id=\"post-11282\" class=\"cmsms_post_masonry post-11282 post type-post status-publish format-standard has-post-thumbnail hentry category-columnas category-educacion category-noticias category-articulos category-opinion-caserta tag-carolina-albornoz tag-coedu22\" data-category=\"columnas educacion noticias articulos opinion-caserta\">\r\n\t<div class=\"cmsms_post_cont\">\r\n\t<figure><a href=\"https:\/\/www.filantropiacortessolari.cl\/en\/carta-a-director-propuestas-coedu\/\" title=\"[Carta a Director] Propuestas COEDU\" class=\"cmsms_img_link preloader\"><img loading=\"lazy\" decoding=\"async\" width=\"580\" height=\"330\" src=\"https:\/\/www.filantropiacortessolari.cl\/wp-content\/uploads\/2022\/12\/coedu-1-580x330.jpg\" class=\"full-width wp-post-image\" alt=\"[Carta a Director] Propuestas COEDU\" title=\"[Carta a Director] Propuestas COEDU\" \/><\/a><\/figure><abbr class=\"published cmsms_post_date cmsms_theme_icon_calendar\" title=\"December 9, 2022\">December 9, 2022<\/abbr><abbr class=\"dn date updated\" title=\"December 19, 2022\">December 19, 2022<\/abbr><header class=\"cmsms_post_header entry-header\"><h3 class=\"cmsms_post_title entry-title\"><a href=\"https:\/\/www.filantropiacortessolari.cl\/en\/carta-a-director-propuestas-coedu\/\">[Carta a Director] Propuestas COEDU<\/a><\/h3><\/header><div class=\"cmsms_post_content entry-content\">\n<p>Se\u00f1or Director: En medio de un clima de violencia en las escuelas y la deserci\u00f3n que tiene a miles de...<\/p>\n<\/div>\n\t<\/div>\r\n<\/article>\r\n<!--_________________________ Finish Standard Article _________________________ -->\r\n\r\n\r\n<!--_________________________ Start Standard Article _________________________ -->\r\n\r\n<article id=\"post-10484\" class=\"cmsms_post_masonry post-10484 post type-post status-publish format-standard has-post-thumbnail hentry category-articulos category-opinion-caserta tag-carolina-albornoz\" data-category=\"articulos opinion-caserta\">\r\n\t<div class=\"cmsms_post_cont\">\r\n\t<figure><a href=\"https:\/\/www.filantropiacortessolari.cl\/en\/columna-el-mostrador-fin-del-simce\/\" title=\"[Columna &#8211; El Mostrador] \u00bfFin del Simce?\" class=\"cmsms_img_link preloader\"><img loading=\"lazy\" decoding=\"async\" width=\"580\" height=\"330\" src=\"https:\/\/www.filantropiacortessolari.cl\/wp-content\/uploads\/2022\/05\/Carolina_albornoz-580x330.jpg\" class=\"full-width wp-post-image\" alt=\"[Columna &#8211; El Mostrador] \u00bfFin del Simce?\" title=\"[Columna &#8211; El Mostrador] \u00bfFin del Simce?\" \/><\/a><\/figure><abbr class=\"published cmsms_post_date cmsms_theme_icon_calendar\" title=\"May 5, 2022\">May 5, 2022<\/abbr><abbr class=\"dn date updated\" title=\"May 5, 2022\">May 5, 2022<\/abbr><header class=\"cmsms_post_header entry-header\"><h3 class=\"cmsms_post_title entry-title\"><a href=\"https:\/\/www.filantropiacortessolari.cl\/en\/columna-el-mostrador-fin-del-simce\/\">[Columna &#8211; El Mostrador] \u00bfFin del Simce?<\/a><\/h3><\/header><div class=\"cmsms_post_content entry-content\">\n<p>por Carolina Albornoz El reciente anuncio del ministro de Educaci\u00f3n, Marco Antonio \u00c1vila, de enviar durante este a\u00f1o un proyecto...<\/p>\n<\/div>\n\t<\/div>\r\n<\/article>\r\n<!--_________________________ Finish Standard Article _________________________ -->\r\n\r\n\r\n<!--_________________________ Start Standard Article _________________________ -->\r\n\r\n<article id=\"post-10426\" class=\"cmsms_post_masonry post-10426 post type-post status-publish format-standard has-post-thumbnail hentry category-articulos category-opinion-caserta tag-carolina-albornoz\" data-category=\"articulos opinion-caserta\">\r\n\t<div class=\"cmsms_post_cont\">\r\n\t<figure><a href=\"https:\/\/www.filantropiacortessolari.cl\/en\/columna-la-tercera-menos-violencia-y-mas-educacion\/\" title=\"[Columna &#8211; La Tercera] Menos violencia y m\u00e1s educaci\u00f3n\" class=\"cmsms_img_link preloader\"><img loading=\"lazy\" decoding=\"async\" width=\"580\" height=\"330\" src=\"https:\/\/www.filantropiacortessolari.cl\/wp-content\/uploads\/2022\/04\/caro-580x330.jpg\" class=\"full-width wp-post-image\" alt=\"[Columna &#8211; La Tercera] Menos violencia y m\u00e1s educaci\u00f3n\" title=\"[Columna &#8211; La Tercera] Menos violencia y m\u00e1s educaci\u00f3n\" \/><\/a><\/figure><abbr class=\"published cmsms_post_date cmsms_theme_icon_calendar\" title=\"April 7, 2022\">April 7, 2022<\/abbr><abbr class=\"dn date updated\" title=\"April 26, 2022\">April 26, 2022<\/abbr><header class=\"cmsms_post_header entry-header\"><h3 class=\"cmsms_post_title entry-title\"><a href=\"https:\/\/www.filantropiacortessolari.cl\/en\/columna-la-tercera-menos-violencia-y-mas-educacion\/\">[Columna &#8211; La Tercera] Menos violencia y m\u00e1s educaci\u00f3n<\/a><\/h3><\/header><div class=\"cmsms_post_content entry-content\">\n<p>Por Carolina Albornoz, directora Fundaci\u00f3n Caserta El fen\u00f3meno de la violencia que se est\u00e1 viviendo en los colegios de Chile...<\/p>\n<\/div>\n\t<\/div>\r\n<\/article>\r\n<!--_________________________ Finish Standard Article _________________________ -->\r\n\r\n\r\n<!--_________________________ Start Standard Article _________________________ -->\r\n\r\n<article id=\"post-10036\" class=\"cmsms_post_masonry post-10036 post type-post status-publish format-standard has-post-thumbnail hentry category-noticias category-articulos category-opinion-caserta\" data-category=\"noticias articulos opinion-caserta\">\r\n\t<div class=\"cmsms_post_cont\">\r\n\t<figure><a href=\"https:\/\/www.filantropiacortessolari.cl\/en\/francisca-cortes-solari-en-este-contexto-se-requiere-que-todos-seamos-lideres\/\" title=\"Francisca Cort\u00e9s Solari:  &#8220;En este contexto se requiere que todos seamos l\u00edderes&#8221;\" class=\"cmsms_img_link preloader\"><img loading=\"lazy\" decoding=\"async\" width=\"580\" height=\"330\" src=\"https:\/\/www.filantropiacortessolari.cl\/wp-content\/uploads\/2020\/05\/francisca-580x330.jpg\" class=\"full-width wp-post-image\" alt=\"Francisca Cort\u00e9s Solari:  &#8220;En este contexto se requiere que todos seamos l\u00edderes&#8221;\" title=\"Francisca Cort\u00e9s Solari:  &#8220;En este contexto se requiere que todos seamos l\u00edderes&#8221;\" \/><\/a><\/figure><abbr class=\"published cmsms_post_date cmsms_theme_icon_calendar\" title=\"May 13, 2020\">May 13, 2020<\/abbr><abbr class=\"dn date updated\" title=\"May 28, 2020\">May 28, 2020<\/abbr><header class=\"cmsms_post_header entry-header\"><h3 class=\"cmsms_post_title entry-title\"><a href=\"https:\/\/www.filantropiacortessolari.cl\/en\/francisca-cortes-solari-en-este-contexto-se-requiere-que-todos-seamos-lideres\/\">Francisca Cort\u00e9s Solari:  &#8220;En este contexto se requiere que todos seamos l\u00edderes&#8221;<\/a><\/h3><\/header><div class=\"cmsms_post_content entry-content\">\n<p>Esta noche, Francisca Cort\u00e9s Solari, Presidenta Ejecutiva de Filantrop\u00eda CS y Fundaci\u00f3n Caserta, fue la primera entrevistada del Ciclo &#8220;Conversaciones...<\/p>\n<\/div>\n\t<\/div>\r\n<\/article>\r\n<!--_________________________ Finish Standard Article _________________________ -->\r\n\r\n<\/div><div class=\"cmsms_wrap_more_posts\"><div class=\"cmsms_wrap_post_loader\">\r\n\t\t\t\t<a href=\"javascript:void(0);\" class=\"cmsms_button cmsms_post_loader\">\r\n\t\t\t\t\t<span>M\u00e1s art\u00edculos de Caserta<\/span>\r\n\t\t\t\t<\/a>\r\n\t\t\t<\/div><\/div><\/div>\n<\/div>\n<\/div>\n<\/div>\n<\/div>\n<\/div>\n<\/div>\n<div id=\"cmsms_row_69eeba906a2aa5_48159911\" class=\"cmsms_row cmsms_color_scheme_default\">\n<div class=\"cmsms_row_outer_parent\">\n<div class=\"cmsms_row_outer\">\n<div class=\"cmsms_row_inner\">\n<div class=\"cmsms_row_margin\">\n<div class=\"cmsms_column one_first\">\n<div class=\"cmsms_text\">\n<h2><em>MERI ARTICLES<\/em><\/h2>\n<\/div>\n<\/div>\n<\/div>\n<\/div>\n<\/div>\n<\/div>\n<\/div>\n<div id=\"cmsms_row_69eeba906a2ea4_48060797\" class=\"cmsms_row cmsms_color_scheme_default\">\n<div class=\"cmsms_row_outer_parent\">\n<div class=\"cmsms_row_outer\">\n<div class=\"cmsms_row_inner\">\n<div class=\"cmsms_row_margin\">\n<div class=\"cmsms_column one_first\">\n<div class=\"cmsms_text\">\n<p>&nbsp;<\/p>\n<\/div>\n<\/div>\n<\/div>\n<\/div>\n<\/div>\n<\/div>\n<\/div>\n<div id=\"cmsms_row_69eeba906a31b6_42480162\" class=\"cmsms_row cmsms_color_scheme_default\">\n<div class=\"cmsms_row_outer_parent\">\n<div class=\"cmsms_row_outer\">\n<div class=\"cmsms_row_inner\">\n<div class=\"cmsms_row_margin\">\n<div class=\"cmsms_column one_first\">\n<div class=\"cmsms_wrap_blog entry-summary\" id=\"blog_69eeba906a352\" data-meta=\"date\"><script type=\"text\/javascript\">\r\njQuery(document).ready(function () {\r\n(function ($) {\r\n\tif ($('#blog_69eeba906a352').find('article').length == '0') {\r\n\t\treturn false;\r\n\t}\r\n\t\r\n\r\n\tstartBlog( \r\n\t\t'69eeba906a352', \r\n\t\t'columns', \r\n\t\t'grid', \r\n\t\t'https:\/\/www.filantropiacortessolari.cl\/wp-content\/plugins\/cmsms-content-composer\/', \r\n\t\t'date', \r\n\t\t'DESC', \r\n\t\t'6', \r\n\t\t'opinion-meri',\r\n\t\t'date' \r\n\t);\r\n} )(jQuery);\r\n} );\r\n<\/script>\r\n<div class=\"blog columns grid cmsms_3\">\r\n<!--_________________________ Start Standard Article _________________________ -->\r\n\r\n<article id=\"post-12083\" class=\"cmsms_post_masonry post-12083 post type-post status-publish format-standard has-post-thumbnail hentry category-noticias category-articulos category-opinion-meri\" data-category=\"noticias articulos opinion-meri\">\r\n\t<div class=\"cmsms_post_cont\">\r\n\t<figure><a href=\"https:\/\/www.filantropiacortessolari.cl\/en\/tvn-unoc3-filantropa-chilena-aterriza-en-europa-con-agenda-de-accion-azul\/\" title=\"[TVN] UNOC3: fil\u00e1ntropa chilena aterriza en Europa con agenda de acci\u00f3n azul\" class=\"cmsms_img_link preloader\"><img loading=\"lazy\" decoding=\"async\" width=\"580\" height=\"330\" src=\"https:\/\/www.filantropiacortessolari.cl\/wp-content\/uploads\/2025\/06\/Unoc3-580x330.jpg\" class=\"full-width wp-post-image\" alt=\"[TVN] UNOC3: fil\u00e1ntropa chilena aterriza en Europa con agenda de acci\u00f3n azul\" title=\"[TVN] UNOC3: fil\u00e1ntropa chilena aterriza en Europa con agenda de acci\u00f3n azul\" \/><\/a><\/figure><abbr class=\"published cmsms_post_date cmsms_theme_icon_calendar\" title=\"June 6, 2025\">June 6, 2025<\/abbr><abbr class=\"dn date updated\" title=\"June 6, 2025\">June 6, 2025<\/abbr><header class=\"cmsms_post_header entry-header\"><h3 class=\"cmsms_post_title entry-title\"><a href=\"https:\/\/www.filantropiacortessolari.cl\/en\/tvn-unoc3-filantropa-chilena-aterriza-en-europa-con-agenda-de-accion-azul\/\">[TVN] UNOC3: fil\u00e1ntropa chilena aterriza en Europa con agenda de acci\u00f3n azul<\/a><\/h3><\/header><div class=\"cmsms_post_content entry-content\">\n<p>La presencia de Filantrop\u00eda Cortes Solari (FCS) en la UNOC3 busca proponer desde el Sur un enfoque propositivo, colaborativo y...<\/p>\n<\/div>\n\t<\/div>\r\n<\/article>\r\n<!--_________________________ Finish Standard Article _________________________ -->\r\n\r\n\r\n<!--_________________________ Start Standard Article _________________________ -->\r\n\r\n<article id=\"post-11975\" class=\"cmsms_post_masonry post-11975 post type-post status-publish format-standard has-post-thumbnail hentry category-articulos category-opinion-meri\" data-category=\"articulos opinion-meri\">\r\n\t<div class=\"cmsms_post_cont\">\r\n\t<figure><a href=\"https:\/\/www.filantropiacortessolari.cl\/en\/el-mostrador-columna-urgente-proteccion-de-los-oceanos\/\" title=\"[El Mostrador Columna] Urgente protecci\u00f3n de los oc\u00e9anos\" class=\"cmsms_img_link preloader\"><img loading=\"lazy\" decoding=\"async\" width=\"580\" height=\"330\" src=\"https:\/\/www.filantropiacortessolari.cl\/wp-content\/uploads\/2025\/02\/ballena-580x330.jpeg\" class=\"full-width wp-post-image\" alt=\"[El Mostrador Columna] Urgente protecci\u00f3n de los oc\u00e9anos\" title=\"[El Mostrador Columna] Urgente protecci\u00f3n de los oc\u00e9anos\" \/><\/a><\/figure><abbr class=\"published cmsms_post_date cmsms_theme_icon_calendar\" title=\"February 11, 2025\">February 11, 2025<\/abbr><abbr class=\"dn date updated\" title=\"February 11, 2025\">February 11, 2025<\/abbr><header class=\"cmsms_post_header entry-header\"><h3 class=\"cmsms_post_title entry-title\"><a href=\"https:\/\/www.filantropiacortessolari.cl\/en\/el-mostrador-columna-urgente-proteccion-de-los-oceanos\/\">[El Mostrador Columna] Urgente protecci\u00f3n de los oc\u00e9anos<\/a><\/h3><\/header><div class=\"cmsms_post_content entry-content\">\n<p>Chile cuenta con una biodiversidad \u00fanica en el mundo, que alberga m\u00e1s de 80 de los 120 tipos de ecosistemas...<\/p>\n<\/div>\n\t<\/div>\r\n<\/article>\r\n<!--_________________________ Finish Standard Article _________________________ -->\r\n\r\n\r\n<!--_________________________ Start Standard Article _________________________ -->\r\n\r\n<article id=\"post-11968\" class=\"cmsms_post_masonry post-11968 post type-post status-publish format-standard has-post-thumbnail hentry category-noticias category-articulos category-opinion-meri\" data-category=\"noticias articulos opinion-meri\">\r\n\t<div class=\"cmsms_post_cont\">\r\n\t<figure><a href=\"https:\/\/www.filantropiacortessolari.cl\/en\/la-tercera-la-extrana-especie-invasora-que-se-expande-silenciosamente-por-la-patagonia\/\" title=\"[La Tercera] La extra\u00f1a especie invasora que se expande silenciosamente por la Patagonia\" class=\"cmsms_img_link preloader\"><img loading=\"lazy\" decoding=\"async\" width=\"580\" height=\"330\" src=\"https:\/\/www.filantropiacortessolari.cl\/wp-content\/uploads\/2025\/02\/patagonia-580x330.jpg\" class=\"full-width wp-post-image\" alt=\"[La Tercera] La extra\u00f1a especie invasora que se expande silenciosamente por la Patagonia\" title=\"[La Tercera] La extra\u00f1a especie invasora que se expande silenciosamente por la Patagonia\" \/><\/a><\/figure><abbr class=\"published cmsms_post_date cmsms_theme_icon_calendar\" title=\"February 4, 2025\">February 4, 2025<\/abbr><abbr class=\"dn date updated\" title=\"February 4, 2025\">February 4, 2025<\/abbr><header class=\"cmsms_post_header entry-header\"><h3 class=\"cmsms_post_title entry-title\"><a href=\"https:\/\/www.filantropiacortessolari.cl\/en\/la-tercera-la-extrana-especie-invasora-que-se-expande-silenciosamente-por-la-patagonia\/\">[La Tercera] La extra\u00f1a especie invasora que se expande silenciosamente por la Patagonia<\/a><\/h3><\/header><div class=\"cmsms_post_content entry-content\">\n<p>Algo se esconde en el suelo marino de la Patagonia. Una reciente expedici\u00f3n en aguas de la reserva Melimoyu detect\u00f3...<\/p>\n<\/div>\n\t<\/div>\r\n<\/article>\r\n<!--_________________________ Finish Standard Article _________________________ -->\r\n\r\n\r\n<!--_________________________ Start Standard Article _________________________ -->\r\n\r\n<article id=\"post-11434\" class=\"cmsms_post_masonry post-11434 post type-post status-publish format-standard has-post-thumbnail hentry category-noticias category-articulos category-opinion-meri\" data-category=\"noticias articulos opinion-meri\">\r\n\t<div class=\"cmsms_post_cont\">\r\n\t<figure><a href=\"https:\/\/www.filantropiacortessolari.cl\/en\/columna-la-segunda-oceanos\/\" title=\"[Columna &#8211; La Segunda] Oc\u00e9anos\" class=\"cmsms_img_link preloader\"><img loading=\"lazy\" decoding=\"async\" width=\"580\" height=\"330\" src=\"https:\/\/www.filantropiacortessolari.cl\/wp-content\/uploads\/2023\/06\/Ocean-1-580x330.jpg\" class=\"full-width wp-post-image\" alt=\"[Columna &#8211; La Segunda] Oc\u00e9anos\" title=\"[Columna &#8211; La Segunda] Oc\u00e9anos\" \/><\/a><\/figure><abbr class=\"published cmsms_post_date cmsms_theme_icon_calendar\" title=\"June 12, 2023\">June 12, 2023<\/abbr><abbr class=\"dn date updated\" title=\"June 12, 2023\">June 12, 2023<\/abbr><header class=\"cmsms_post_header entry-header\"><h3 class=\"cmsms_post_title entry-title\"><a href=\"https:\/\/www.filantropiacortessolari.cl\/en\/columna-la-segunda-oceanos\/\">[Columna &#8211; La Segunda] Oc\u00e9anos<\/a><\/h3><\/header><div class=\"cmsms_post_content entry-content\">\n<p>Se\u00f1or Director: Cada 8 junio se celebrael D\u00eda Mundial de los Oc\u00e9anos, ecosistema que, aunque parezca una contradicci\u00f3n, tiene como...<\/p>\n<\/div>\n\t<\/div>\r\n<\/article>\r\n<!--_________________________ Finish Standard Article _________________________ -->\r\n\r\n\r\n<!--_________________________ Start Standard Article _________________________ -->\r\n\r\n<article id=\"post-11395\" class=\"cmsms_post_masonry post-11395 post type-post status-publish format-standard has-post-thumbnail hentry category-noticias category-articulos category-opinion-meri\" data-category=\"noticias articulos opinion-meri\">\r\n\t<div class=\"cmsms_post_cont\">\r\n\t<figure><a href=\"https:\/\/www.filantropiacortessolari.cl\/en\/columna-el-mercurio-conservacion-de-ballenas\/\" title=\"[Columna &#8211; El Mercurio] Conservaci\u00f3n de ballenas\" class=\"cmsms_img_link preloader\"><img loading=\"lazy\" decoding=\"async\" width=\"580\" height=\"330\" src=\"https:\/\/www.filantropiacortessolari.cl\/wp-content\/uploads\/2023\/05\/Whale-Noticia-1-580x330.jpg\" class=\"full-width wp-post-image\" alt=\"[Columna &#8211; El Mercurio] Conservaci\u00f3n de ballenas\" title=\"[Columna &#8211; El Mercurio] Conservaci\u00f3n de ballenas\" \/><\/a><\/figure><abbr class=\"published cmsms_post_date cmsms_theme_icon_calendar\" title=\"May 11, 2023\">May 11, 2023<\/abbr><abbr class=\"dn date updated\" title=\"May 11, 2023\">May 11, 2023<\/abbr><header class=\"cmsms_post_header entry-header\"><h3 class=\"cmsms_post_title entry-title\"><a href=\"https:\/\/www.filantropiacortessolari.cl\/en\/columna-el-mercurio-conservacion-de-ballenas\/\">[Columna &#8211; El Mercurio] Conservaci\u00f3n de ballenas<\/a><\/h3><\/header><div class=\"cmsms_post_content entry-content\">\n<p>Por: Francisca Cort\u00e9s Solari Presidenta ejecutiva Filantrop\u00eda Cort\u00e9s Solari Se\u00f1or Director: En 2012, Filantrop\u00eda Cort\u00e9s Solari inici\u00f3, a trav\u00e9s de...<\/p>\n<\/div>\n\t<\/div>\r\n<\/article>\r\n<!--_________________________ Finish Standard Article _________________________ -->\r\n\r\n\r\n<!--_________________________ Start Standard Article _________________________ -->\r\n\r\n<article id=\"post-11363\" class=\"cmsms_post_masonry post-11363 post type-post status-publish format-standard has-post-thumbnail hentry category-noticias category-articulos category-opinion-meri\" data-category=\"noticias articulos opinion-meri\">\r\n\t<div class=\"cmsms_post_cont\">\r\n\t<figure><a href=\"https:\/\/www.filantropiacortessolari.cl\/en\/opinion-tratado-de-alta-mar-onu-propuestas-concretas\/\" title=\"[OPINI\u00d3N] Tratado de Alta Mar ONU: Propuestas concretas\" class=\"cmsms_img_link preloader\"><img loading=\"lazy\" decoding=\"async\" width=\"580\" height=\"330\" src=\"https:\/\/www.filantropiacortessolari.cl\/wp-content\/uploads\/2023\/03\/tratadoaltamar-580x330.jpg\" class=\"full-width wp-post-image\" alt=\"[OPINI\u00d3N] Tratado de Alta Mar ONU: Propuestas concretas\" title=\"[OPINI\u00d3N] Tratado de Alta Mar ONU: Propuestas concretas\" \/><\/a><\/figure><abbr class=\"published cmsms_post_date cmsms_theme_icon_calendar\" title=\"March 20, 2023\">March 20, 2023<\/abbr><abbr class=\"dn date updated\" title=\"March 21, 2023\">March 21, 2023<\/abbr><header class=\"cmsms_post_header entry-header\"><h3 class=\"cmsms_post_title entry-title\"><a href=\"https:\/\/www.filantropiacortessolari.cl\/en\/opinion-tratado-de-alta-mar-onu-propuestas-concretas\/\">[OPINI\u00d3N] Tratado de Alta Mar ONU: Propuestas concretas<\/a><\/h3><\/header><div class=\"cmsms_post_content entry-content\">\n<p>Sonia Espa\u00f1ol Directora ejecutiva de la Fundaci\u00f3n MERI Tras casi 20 a\u00f1os de negociaciones los pa\u00edses de la ONU llegaron...<\/p>\n<\/div>\n\t<\/div>\r\n<\/article>\r\n<!--_________________________ Finish Standard Article _________________________ -->\r\n\r\n<\/div><div class=\"cmsms_wrap_more_posts\"><div class=\"cmsms_wrap_post_loader\">\r\n\t\t\t\t<a href=\"javascript:void(0);\" class=\"cmsms_button cmsms_post_loader\">\r\n\t\t\t\t\t<span>M\u00e1s art\u00edculos de Caserta<\/span>\r\n\t\t\t\t<\/a>\r\n\t\t\t<\/div><\/div><\/div>\n<\/div>\n<\/div>\n<\/div>\n<\/div>\n<\/div>\n<\/div>\n<div id=\"cmsms_row_69eeba906c9ed2_97673242\" class=\"cmsms_row cmsms_color_scheme_default\">\n<div class=\"cmsms_row_outer_parent\">\n<div class=\"cmsms_row_outer\">\n<div class=\"cmsms_row_inner\">\n<div class=\"cmsms_row_margin\">\n<div class=\"cmsms_column one_first\">\n<div class=\"cmsms_text\">\n<p>&nbsp;<\/p>\n<\/div>\n<\/div>\n<\/div>\n<\/div>\n<\/div>\n<\/div>\n<\/div>\n\n","protected":false},"excerpt":{"rendered":"","protected":false},"author":1,"featured_media":0,"parent":0,"menu_order":0,"comment_status":"closed","ping_status":"closed","template":"","meta":{"footnotes":""},"class_list":["post-776","page","type-page","status-publish","hentry"],"translation":{"provider":"WPGlobus","version":"3.0.2","language":"en","enabled_languages":["es","en"],"languages":{"es":{"title":true,"content":true,"excerpt":false},"en":{"title":true,"content":true,"excerpt":false}}},"yoast_head":"<!-- This site is optimized with the Yoast SEO plugin v27.4 - https:\/\/yoast.com\/product\/yoast-seo-wordpress\/ -->\n<title>OPINION<\/title>\n<meta name=\"robots\" content=\"index, follow, max-snippet:-1, max-image-preview:large, max-video-preview:-1\" \/>\n<link rel=\"canonical\" href=\"https:\/\/www.filantropiacortessolari.cl\/opinion\/\" \/>\n<meta property=\"og:locale\" content=\"en_US\" \/>\n<meta property=\"og:type\" content=\"article\" \/>\n<meta property=\"og:title\" content=\"OPINION\" \/>\n<meta property=\"og:url\" content=\"https:\/\/www.filantropiacortessolari.cl\/opinion\/\" \/>\n<meta property=\"og:site_name\" content=\"Filantrop\u00eda Cort\u00e9s Solari\" \/>\n<meta property=\"article:modified_time\" content=\"2024-03-22T18:05:49+00:00\" \/>\n<meta name=\"twitter:card\" content=\"summary_large_image\" \/>\n<meta name=\"twitter:label1\" content=\"Est. reading time\" \/>\n\t<meta name=\"twitter:data1\" content=\"1 minute\" \/>\n<script type=\"application\/ld+json\" class=\"yoast-schema-graph\">{\"@context\":\"https:\\\/\\\/schema.org\",\"@graph\":[{\"@type\":\"WebPage\",\"@id\":\"https:\\\/\\\/www.filantropiacortessolari.cl\\\/opinion\\\/\",\"url\":\"https:\\\/\\\/www.filantropiacortessolari.cl\\\/opinion\\\/\",\"name\":\"OPINION\",\"isPartOf\":{\"@id\":\"https:\\\/\\\/www.filantropiacortessolari.cl\\\/#website\"},\"datePublished\":\"2019-08-20T00:08:35+00:00\",\"dateModified\":\"2024-03-22T18:05:49+00:00\",\"breadcrumb\":{\"@id\":\"https:\\\/\\\/www.filantropiacortessolari.cl\\\/opinion\\\/#breadcrumb\"},\"inLanguage\":\"en-US\",\"potentialAction\":[{\"@type\":\"ReadAction\",\"target\":[\"https:\\\/\\\/www.filantropiacortessolari.cl\\\/opinion\\\/\"]}]},{\"@type\":\"BreadcrumbList\",\"@id\":\"https:\\\/\\\/www.filantropiacortessolari.cl\\\/opinion\\\/#breadcrumb\",\"itemListElement\":[{\"@type\":\"ListItem\",\"position\":1,\"name\":\"Portada\",\"item\":\"https:\\\/\\\/www.filantropiacortessolari.cl\\\/\"},{\"@type\":\"ListItem\",\"position\":2,\"name\":\"OPINI\u00d3N\"}]},{\"@type\":\"WebSite\",\"@id\":\"https:\\\/\\\/www.filantropiacortessolari.cl\\\/#website\",\"url\":\"https:\\\/\\\/www.filantropiacortessolari.cl\\\/\",\"name\":\"Filantrop\u00eda Cort\u00e9s Solari\",\"description\":\"Sitio web Filantrop\u00eda Cort\u00e9s Solari\",\"potentialAction\":[{\"@type\":\"SearchAction\",\"target\":{\"@type\":\"EntryPoint\",\"urlTemplate\":\"https:\\\/\\\/www.filantropiacortessolari.cl\\\/?s={search_term_string}\"},\"query-input\":{\"@type\":\"PropertyValueSpecification\",\"valueRequired\":true,\"valueName\":\"search_term_string\"}}],\"inLanguage\":\"en-US\"}]}<\/script>\n<!-- \/ Yoast SEO plugin. -->","yoast_head_json":{"title":"OPINION","robots":{"index":"index","follow":"follow","max-snippet":"max-snippet:-1","max-image-preview":"max-image-preview:large","max-video-preview":"max-video-preview:-1"},"canonical":"https:\/\/www.filantropiacortessolari.cl\/opinion\/","og_locale":"en_US","og_type":"article","og_title":"OPINION","og_url":"https:\/\/www.filantropiacortessolari.cl\/opinion\/","og_site_name":"Filantrop\u00eda Cort\u00e9s Solari","article_modified_time":"2024-03-22T18:05:49+00:00","twitter_card":"summary_large_image","twitter_misc":{"Est. reading time":"1 minute"},"schema":{"@context":"https:\/\/schema.org","@graph":[{"@type":"WebPage","@id":"https:\/\/www.filantropiacortessolari.cl\/opinion\/","url":"https:\/\/www.filantropiacortessolari.cl\/opinion\/","name":"OPINION","isPartOf":{"@id":"https:\/\/www.filantropiacortessolari.cl\/#website"},"datePublished":"2019-08-20T00:08:35+00:00","dateModified":"2024-03-22T18:05:49+00:00","breadcrumb":{"@id":"https:\/\/www.filantropiacortessolari.cl\/opinion\/#breadcrumb"},"inLanguage":"en-US","potentialAction":[{"@type":"ReadAction","target":["https:\/\/www.filantropiacortessolari.cl\/opinion\/"]}]},{"@type":"BreadcrumbList","@id":"https:\/\/www.filantropiacortessolari.cl\/opinion\/#breadcrumb","itemListElement":[{"@type":"ListItem","position":1,"name":"Portada","item":"https:\/\/www.filantropiacortessolari.cl\/"},{"@type":"ListItem","position":2,"name":"OPINI\u00d3N"}]},{"@type":"WebSite","@id":"https:\/\/www.filantropiacortessolari.cl\/#website","url":"https:\/\/www.filantropiacortessolari.cl\/","name":"Filantrop\u00eda Cort\u00e9s Solari","description":"Sitio web Filantrop\u00eda Cort\u00e9s Solari","potentialAction":[{"@type":"SearchAction","target":{"@type":"EntryPoint","urlTemplate":"https:\/\/www.filantropiacortessolari.cl\/?s={search_term_string}"},"query-input":{"@type":"PropertyValueSpecification","valueRequired":true,"valueName":"search_term_string"}}],"inLanguage":"en-US"}]}},"_links":{"self":[{"href":"https:\/\/www.filantropiacortessolari.cl\/en\/wp-json\/wp\/v2\/pages\/776","targetHints":{"allow":["GET"]}}],"collection":[{"href":"https:\/\/www.filantropiacortessolari.cl\/en\/wp-json\/wp\/v2\/pages"}],"about":[{"href":"https:\/\/www.filantropiacortessolari.cl\/en\/wp-json\/wp\/v2\/types\/page"}],"author":[{"embeddable":true,"href":"https:\/\/www.filantropiacortessolari.cl\/en\/wp-json\/wp\/v2\/users\/1"}],"replies":[{"embeddable":true,"href":"https:\/\/www.filantropiacortessolari.cl\/en\/wp-json\/wp\/v2\/comments?post=776"}],"version-history":[{"count":15,"href":"https:\/\/www.filantropiacortessolari.cl\/en\/wp-json\/wp\/v2\/pages\/776\/revisions"}],"predecessor-version":[{"id":11801,"href":"https:\/\/www.filantropiacortessolari.cl\/en\/wp-json\/wp\/v2\/pages\/776\/revisions\/11801"}],"wp:attachment":[{"href":"https:\/\/www.filantropiacortessolari.cl\/en\/wp-json\/wp\/v2\/media?parent=776"}],"curies":[{"name":"wp","href":"https:\/\/api.w.org\/{rel}","templated":true}]}}