{"id":9592,"date":"2020-03-25T13:03:45","date_gmt":"2020-03-25T16:03:45","guid":{"rendered":"https:\/\/www.filantropiacortessolari.cl\/?page_id=9592"},"modified":"2022-06-20T14:12:34","modified_gmt":"2022-06-20T17:12:34","slug":"dia-1-primera-conferencia-sobre-cambio-climatico-evidencia-cientifica-y-politicas-publicas-para-america-latina-y-el-caribe1","status":"publish","type":"page","link":"https:\/\/www.filantropiacortessolari.cl\/en\/dia-1-primera-conferencia-sobre-cambio-climatico-evidencia-cientifica-y-politicas-publicas-para-america-latina-y-el-caribe1\/","title":{"rendered":"Day 1 \u201cFirst Conference on Climate Change, Scientific Evidence and Public Policy for Latin America and the Caribbean\u201d"},"content":{"rendered":"<style type=\"text\/css\"> \n#cmsms_row_69eebac41d40b2_37901659 .cmsms_row_outer_parent { \n\tpadding-top: 0px; \n} \n\n#cmsms_row_69eebac41d40b2_37901659 .cmsms_row_outer_parent { \n\tpadding-bottom: 30px; \n} \n\n \n#cmsms_row_69eebac41d7695_44745460 .cmsms_row_outer_parent { \n\tpadding-top: 0px; \n} \n\n#cmsms_row_69eebac41d7695_44745460 .cmsms_row_outer_parent { \n\tpadding-bottom: 50px; \n} \n\n \n#cmsms_divider_69eebac41d96c8_15461849 { \n\tborder-bottom-width:0px; \n\tborder-bottom-style:solid; \n\tpadding-top:30px; \n\tmargin-bottom:30px; \n} \n \n#cmsms_row_69eebac4214c62_56747656 .cmsms_row_outer_parent { \n\tpadding-top: 0px; \n} \n\n#cmsms_row_69eebac4214c62_56747656 .cmsms_row_outer_parent { \n\tpadding-bottom: 30px; \n} \n\n \n#cmsms_row_69eebac4216449_05845692 .cmsms_row_outer_parent { \n\tpadding-top: 0px; \n} \n\n#cmsms_row_69eebac4216449_05845692 .cmsms_row_outer_parent { \n\tpadding-bottom: 50px; \n} \n\n \n#cmsms_divider_69eebac4218758_20301218 { \n\tborder-bottom-width:0px; \n\tborder-bottom-style:solid; \n\tpadding-top:30px; \n\tmargin-bottom:30px; \n} \n<\/style><div id=\"cmsms_row_69eebac41d40b2_37901659\" class=\"cmsms_row cmsms_color_scheme_default\">\n<div class=\"cmsms_row_outer_parent\">\n<div class=\"cmsms_row_outer\">\n<div class=\"cmsms_row_inner\">\n<div class=\"cmsms_row_margin\">\n<div class=\"cmsms_column one_first\">\n<div class=\"aligncenter\">\n<div class=\"cmsms_img  cmsms_image_c\">\n<img decoding=\"async\" src=\"https:\/\/www.filantropiacortessolari.cl\/wp-content\/uploads\/2020\/03\/reemplazo-dia1.jpg\" \/>\n<\/div>\n<\/div>\n<\/div>\n<\/div>\n<\/div>\n<\/div>\n<\/div>\n<\/div>\n<div id=\"cmsms_row_69eebac41d7695_44745460\" class=\"cmsms_row cmsms_color_scheme_default\">\n<div class=\"cmsms_row_outer_parent\">\n<div class=\"cmsms_row_outer\">\n<div class=\"cmsms_row_inner\">\n<div class=\"cmsms_row_margin\">\n<div class=\"cmsms_column one_first\">\n<div class=\"cmsms_text\">\n<h1>Day 1 \u201cFirst Conference on Climate Change, Scientific Evidence and Public Policy for Latin America and the Caribbean\u201d<\/h1>\n<\/div>\n\n<div id=\"cmsms_divider_69eebac41d96c8_15461849\" class=\"cl\"><\/div>\n<div class=\"cmsms_tabs tabs_mode_tour tabs_pos_left\">\n<ul class=\"cmsms_tabs_list\">\n<li id=\"cmsms_tabs_list_item_69eebac41da2b1_30918810\" class=\"cmsms_tabs_list_item current_tab\">\n<a href=\"#\">\n<span>Welcome<\/span>\n<\/a>\n<\/li><li id=\"cmsms_tabs_list_item_69eebac41e4580_29658437\" class=\"cmsms_tabs_list_item\">\n<a href=\"#\">\n<span>Introduction<\/span>\n<\/a>\n<\/li><li id=\"cmsms_tabs_list_item_69eebac41eaef0_98168285\" class=\"cmsms_tabs_list_item\">\n<a href=\"#\">\n<span>Ocean and Cryosphere<\/span>\n<\/a>\n<\/li><li id=\"cmsms_tabs_list_item_69eebac41f0174_81728401\" class=\"cmsms_tabs_list_item\">\n<a href=\"#\">\n<span>Panel 1<\/span>\n<\/a>\n<\/li><li id=\"cmsms_tabs_list_item_69eebac41f75a6_23865404\" class=\"cmsms_tabs_list_item\">\n<a href=\"#\">\n<span>Climate Change and Land<\/span>\n<\/a>\n<\/li><li id=\"cmsms_tabs_list_item_69eebac41fd629_42570754\" class=\"cmsms_tabs_list_item\">\n<a href=\"#\">\n<span>Panel 2<\/span>\n<\/a>\n<\/li><li id=\"cmsms_tabs_list_item_69eebac4206428_53995873\" class=\"cmsms_tabs_list_item\">\n<a href=\"#\">\n<span>Global Warming<\/span>\n<\/a>\n<\/li><li id=\"cmsms_tabs_list_item_69eebac420d7a0_54017915\" class=\"cmsms_tabs_list_item\">\n<a href=\"#\">\n<span>Panel 3<\/span>\n<\/a>\n<\/li><\/ul>\n<div class=\"cmsms_tabs_wrap\">\n<div id=\"cmsms_tab_69eebac41da2b1_30918810\" class=\"cmsms_tab active_tab\">\n<div class=\"cmsms_tab_inner\">\n<h2><span style=\"color: #ffffff;\">Welcome<\/span><\/h2>\n<p>Welcoming remarks by authorities on the first day of the \u201cFirst Conference on Climate Change, Scientific Evidence and Public Policy for Latin America and the Caribbean\u201d.<\/p>\n<ol>\n<li>Carolina Schmidt, Chilean Minister of the Environment of Chile<\/li>\n<li>Thelma Krug, Vice-Chair IPCC<\/li>\n<li>Francisca Cort\u00e9s Solari, Executive President of FCS<\/li>\n<li>Maisa Rojas, Scientific Advisory Committee on Climate Change of Chile<\/li>\n<li>Eve Crowley, FAO Chile Representative<\/li>\n<\/ol>\n<div id='gallery-1' class='gallery galleryid-9592 gallery-columns-4 gallery-size-square-thumb'><figure class='gallery-item'>\n\t\t\t<div class='gallery-icon landscape'>\n\t\t\t\t<a href='https:\/\/www.filantropiacortessolari.cl\/wp-content\/uploads\/2020\/03\/Meri-CambioClimatico_129-1.jpg'><img loading=\"lazy\" decoding=\"async\" width=\"250\" height=\"250\" src=\"https:\/\/www.filantropiacortessolari.cl\/wp-content\/uploads\/2020\/03\/Meri-CambioClimatico_129-1-250x250.jpg\" class=\"attachment-square-thumb size-square-thumb\" alt=\"\" srcset=\"https:\/\/www.filantropiacortessolari.cl\/wp-content\/uploads\/2020\/03\/Meri-CambioClimatico_129-1-250x250.jpg 250w, https:\/\/www.filantropiacortessolari.cl\/wp-content\/uploads\/2020\/03\/Meri-CambioClimatico_129-1-150x150.jpg 150w, https:\/\/www.filantropiacortessolari.cl\/wp-content\/uploads\/2020\/03\/Meri-CambioClimatico_129-1-55x55.jpg 55w\" sizes=\"auto, (max-width: 250px) 100vw, 250px\" \/><\/a>\n\t\t\t<\/div><\/figure><figure class='gallery-item'>\n\t\t\t<div class='gallery-icon landscape'>\n\t\t\t\t<a href='https:\/\/www.filantropiacortessolari.cl\/wp-content\/uploads\/2020\/03\/Meri-CambioClimatico_183-copia.jpg'><img loading=\"lazy\" decoding=\"async\" width=\"250\" height=\"250\" src=\"https:\/\/www.filantropiacortessolari.cl\/wp-content\/uploads\/2020\/03\/Meri-CambioClimatico_183-copia-250x250.jpg\" class=\"attachment-square-thumb size-square-thumb\" alt=\"\" srcset=\"https:\/\/www.filantropiacortessolari.cl\/wp-content\/uploads\/2020\/03\/Meri-CambioClimatico_183-copia-250x250.jpg 250w, https:\/\/www.filantropiacortessolari.cl\/wp-content\/uploads\/2020\/03\/Meri-CambioClimatico_183-copia-150x150.jpg 150w, https:\/\/www.filantropiacortessolari.cl\/wp-content\/uploads\/2020\/03\/Meri-CambioClimatico_183-copia-55x55.jpg 55w\" sizes=\"auto, (max-width: 250px) 100vw, 250px\" \/><\/a>\n\t\t\t<\/div><\/figure><figure class='gallery-item'>\n\t\t\t<div class='gallery-icon landscape'>\n\t\t\t\t<a href='https:\/\/www.filantropiacortessolari.cl\/wp-content\/uploads\/2020\/03\/Meri-CambioClimatico_196-1.jpg'><img loading=\"lazy\" decoding=\"async\" width=\"250\" height=\"250\" src=\"https:\/\/www.filantropiacortessolari.cl\/wp-content\/uploads\/2020\/03\/Meri-CambioClimatico_196-1-250x250.jpg\" class=\"attachment-square-thumb size-square-thumb\" alt=\"\" srcset=\"https:\/\/www.filantropiacortessolari.cl\/wp-content\/uploads\/2020\/03\/Meri-CambioClimatico_196-1-250x250.jpg 250w, https:\/\/www.filantropiacortessolari.cl\/wp-content\/uploads\/2020\/03\/Meri-CambioClimatico_196-1-150x150.jpg 150w, https:\/\/www.filantropiacortessolari.cl\/wp-content\/uploads\/2020\/03\/Meri-CambioClimatico_196-1-55x55.jpg 55w\" sizes=\"auto, (max-width: 250px) 100vw, 250px\" \/><\/a>\n\t\t\t<\/div><\/figure><figure class='gallery-item'>\n\t\t\t<div class='gallery-icon landscape'>\n\t\t\t\t<a href='https:\/\/www.filantropiacortessolari.cl\/wp-content\/uploads\/2020\/03\/Meri-CambioClimatico_236.jpg'><img loading=\"lazy\" decoding=\"async\" width=\"250\" height=\"250\" src=\"https:\/\/www.filantropiacortessolari.cl\/wp-content\/uploads\/2020\/03\/Meri-CambioClimatico_236-250x250.jpg\" class=\"attachment-square-thumb size-square-thumb\" alt=\"\" srcset=\"https:\/\/www.filantropiacortessolari.cl\/wp-content\/uploads\/2020\/03\/Meri-CambioClimatico_236-250x250.jpg 250w, https:\/\/www.filantropiacortessolari.cl\/wp-content\/uploads\/2020\/03\/Meri-CambioClimatico_236-150x150.jpg 150w, https:\/\/www.filantropiacortessolari.cl\/wp-content\/uploads\/2020\/03\/Meri-CambioClimatico_236-55x55.jpg 55w\" sizes=\"auto, (max-width: 250px) 100vw, 250px\" \/><\/a>\n\t\t\t<\/div><\/figure><figure class='gallery-item'>\n\t\t\t<div class='gallery-icon landscape'>\n\t\t\t\t<a href='https:\/\/www.filantropiacortessolari.cl\/wp-content\/uploads\/2020\/03\/Meri-CambioClimatico_247.jpg'><img loading=\"lazy\" decoding=\"async\" width=\"250\" height=\"250\" src=\"https:\/\/www.filantropiacortessolari.cl\/wp-content\/uploads\/2020\/03\/Meri-CambioClimatico_247-250x250.jpg\" class=\"attachment-square-thumb size-square-thumb\" alt=\"\" srcset=\"https:\/\/www.filantropiacortessolari.cl\/wp-content\/uploads\/2020\/03\/Meri-CambioClimatico_247-250x250.jpg 250w, https:\/\/www.filantropiacortessolari.cl\/wp-content\/uploads\/2020\/03\/Meri-CambioClimatico_247-150x150.jpg 150w, https:\/\/www.filantropiacortessolari.cl\/wp-content\/uploads\/2020\/03\/Meri-CambioClimatico_247-55x55.jpg 55w\" sizes=\"auto, (max-width: 250px) 100vw, 250px\" \/><\/a>\n\t\t\t<\/div><\/figure><figure class='gallery-item'>\n\t\t\t<div class='gallery-icon landscape'>\n\t\t\t\t<a href='https:\/\/www.filantropiacortessolari.cl\/wp-content\/uploads\/2020\/03\/Meri-CambioClimatico_272.jpg'><img loading=\"lazy\" decoding=\"async\" width=\"250\" height=\"250\" src=\"https:\/\/www.filantropiacortessolari.cl\/wp-content\/uploads\/2020\/03\/Meri-CambioClimatico_272-250x250.jpg\" class=\"attachment-square-thumb size-square-thumb\" alt=\"\" srcset=\"https:\/\/www.filantropiacortessolari.cl\/wp-content\/uploads\/2020\/03\/Meri-CambioClimatico_272-250x250.jpg 250w, https:\/\/www.filantropiacortessolari.cl\/wp-content\/uploads\/2020\/03\/Meri-CambioClimatico_272-150x150.jpg 150w, https:\/\/www.filantropiacortessolari.cl\/wp-content\/uploads\/2020\/03\/Meri-CambioClimatico_272-55x55.jpg 55w\" sizes=\"auto, (max-width: 250px) 100vw, 250px\" \/><\/a>\n\t\t\t<\/div><\/figure><figure class='gallery-item'>\n\t\t\t<div class='gallery-icon landscape'>\n\t\t\t\t<a href='https:\/\/www.filantropiacortessolari.cl\/wp-content\/uploads\/2020\/03\/Meri-CambioClimatico_291.jpg'><img loading=\"lazy\" decoding=\"async\" width=\"250\" height=\"250\" src=\"https:\/\/www.filantropiacortessolari.cl\/wp-content\/uploads\/2020\/03\/Meri-CambioClimatico_291-250x250.jpg\" class=\"attachment-square-thumb size-square-thumb\" alt=\"\" srcset=\"https:\/\/www.filantropiacortessolari.cl\/wp-content\/uploads\/2020\/03\/Meri-CambioClimatico_291-250x250.jpg 250w, https:\/\/www.filantropiacortessolari.cl\/wp-content\/uploads\/2020\/03\/Meri-CambioClimatico_291-150x150.jpg 150w, https:\/\/www.filantropiacortessolari.cl\/wp-content\/uploads\/2020\/03\/Meri-CambioClimatico_291-55x55.jpg 55w\" sizes=\"auto, (max-width: 250px) 100vw, 250px\" \/><\/a>\n\t\t\t<\/div><\/figure>\n\t\t<\/div>\n<iframe loading=\"lazy\" src=\"https:\/\/www.youtube.com\/embed\/kIk5yZPw9m4\" width=\"100%\" height=\"450\" frameborder=\"0\" allowfullscreen=\"allowfullscreen\"><\/iframe>\n<\/div>\n<\/div><div id=\"cmsms_tab_69eebac41e4580_29658437\" class=\"cmsms_tab\">\n<div class=\"cmsms_tab_inner\">\n<h2><span style=\"color: #ffffff;\">The Role of the IPCC in Latin America and the Caribbean for Adaptation Decision-Making<\/span><\/h2>\n<ol>\n<li>Dr. Thelma Krug, IPCC Vice-Chair (Key note speaker)<\/li>\n<li>Dr. Carolina Vera, Vice-Chair of Working Group I of the IPCC (Panelist)<\/li>\n<li>Dr. Maisa Rojas, IPCC Lead Author (Panelist) &#8211;\u00a0<a href=\"https:\/\/www.filantropiacortessolari.cl\/wp-content\/uploads\/2020\/03\/Maisa-Rojas.pdf\" target=\"_blank\" rel=\"noopener noreferrer\">PDF presentation<\/a><\/li>\n<li>Dr. Carlos M\u00e9ndez, Vice-Chair of Working Group I of the IPCC (Panelist)<\/li>\n<\/ol>\n<p>Moderator: Patricia Morales, CEO of Filantrop\u00eda Cort\u00e9s Solari<\/p>\n<div id='gallery-2' class='gallery galleryid-9592 gallery-columns-4 gallery-size-square-thumb'><figure class='gallery-item'>\n\t\t\t<div class='gallery-icon landscape'>\n\t\t\t\t<a href='https:\/\/www.filantropiacortessolari.cl\/wp-content\/uploads\/2020\/03\/Meri-CambioClimatico_363-1.jpg'><img loading=\"lazy\" decoding=\"async\" width=\"250\" height=\"250\" src=\"https:\/\/www.filantropiacortessolari.cl\/wp-content\/uploads\/2020\/03\/Meri-CambioClimatico_363-1-250x250.jpg\" class=\"attachment-square-thumb size-square-thumb\" alt=\"\" srcset=\"https:\/\/www.filantropiacortessolari.cl\/wp-content\/uploads\/2020\/03\/Meri-CambioClimatico_363-1-250x250.jpg 250w, https:\/\/www.filantropiacortessolari.cl\/wp-content\/uploads\/2020\/03\/Meri-CambioClimatico_363-1-150x150.jpg 150w, https:\/\/www.filantropiacortessolari.cl\/wp-content\/uploads\/2020\/03\/Meri-CambioClimatico_363-1-55x55.jpg 55w\" sizes=\"auto, (max-width: 250px) 100vw, 250px\" \/><\/a>\n\t\t\t<\/div><\/figure><figure class='gallery-item'>\n\t\t\t<div class='gallery-icon landscape'>\n\t\t\t\t<a href='https:\/\/www.filantropiacortessolari.cl\/wp-content\/uploads\/2020\/03\/Meri-CambioClimatico_383.jpg'><img loading=\"lazy\" decoding=\"async\" width=\"250\" height=\"250\" src=\"https:\/\/www.filantropiacortessolari.cl\/wp-content\/uploads\/2020\/03\/Meri-CambioClimatico_383-250x250.jpg\" class=\"attachment-square-thumb size-square-thumb\" alt=\"\" srcset=\"https:\/\/www.filantropiacortessolari.cl\/wp-content\/uploads\/2020\/03\/Meri-CambioClimatico_383-250x250.jpg 250w, https:\/\/www.filantropiacortessolari.cl\/wp-content\/uploads\/2020\/03\/Meri-CambioClimatico_383-150x150.jpg 150w, https:\/\/www.filantropiacortessolari.cl\/wp-content\/uploads\/2020\/03\/Meri-CambioClimatico_383-55x55.jpg 55w\" sizes=\"auto, (max-width: 250px) 100vw, 250px\" \/><\/a>\n\t\t\t<\/div><\/figure><figure class='gallery-item'>\n\t\t\t<div class='gallery-icon landscape'>\n\t\t\t\t<a href='https:\/\/www.filantropiacortessolari.cl\/wp-content\/uploads\/2020\/03\/Meri-CambioClimatico_398.jpg'><img loading=\"lazy\" decoding=\"async\" width=\"250\" height=\"250\" src=\"https:\/\/www.filantropiacortessolari.cl\/wp-content\/uploads\/2020\/03\/Meri-CambioClimatico_398-250x250.jpg\" class=\"attachment-square-thumb size-square-thumb\" alt=\"\" srcset=\"https:\/\/www.filantropiacortessolari.cl\/wp-content\/uploads\/2020\/03\/Meri-CambioClimatico_398-250x250.jpg 250w, https:\/\/www.filantropiacortessolari.cl\/wp-content\/uploads\/2020\/03\/Meri-CambioClimatico_398-150x150.jpg 150w, https:\/\/www.filantropiacortessolari.cl\/wp-content\/uploads\/2020\/03\/Meri-CambioClimatico_398-55x55.jpg 55w\" sizes=\"auto, (max-width: 250px) 100vw, 250px\" \/><\/a>\n\t\t\t<\/div><\/figure><figure class='gallery-item'>\n\t\t\t<div class='gallery-icon landscape'>\n\t\t\t\t<a href='https:\/\/www.filantropiacortessolari.cl\/wp-content\/uploads\/2020\/03\/Meri-CambioClimatico_400.jpg'><img loading=\"lazy\" decoding=\"async\" width=\"250\" height=\"250\" src=\"https:\/\/www.filantropiacortessolari.cl\/wp-content\/uploads\/2020\/03\/Meri-CambioClimatico_400-250x250.jpg\" class=\"attachment-square-thumb size-square-thumb\" alt=\"\" srcset=\"https:\/\/www.filantropiacortessolari.cl\/wp-content\/uploads\/2020\/03\/Meri-CambioClimatico_400-250x250.jpg 250w, https:\/\/www.filantropiacortessolari.cl\/wp-content\/uploads\/2020\/03\/Meri-CambioClimatico_400-150x150.jpg 150w, https:\/\/www.filantropiacortessolari.cl\/wp-content\/uploads\/2020\/03\/Meri-CambioClimatico_400-55x55.jpg 55w\" sizes=\"auto, (max-width: 250px) 100vw, 250px\" \/><\/a>\n\t\t\t<\/div><\/figure><figure class='gallery-item'>\n\t\t\t<div class='gallery-icon landscape'>\n\t\t\t\t<a href='https:\/\/www.filantropiacortessolari.cl\/wp-content\/uploads\/2020\/03\/SAM_0887.jpg'><img loading=\"lazy\" decoding=\"async\" width=\"250\" height=\"250\" src=\"https:\/\/www.filantropiacortessolari.cl\/wp-content\/uploads\/2020\/03\/SAM_0887-250x250.jpg\" class=\"attachment-square-thumb size-square-thumb\" alt=\"\" srcset=\"https:\/\/www.filantropiacortessolari.cl\/wp-content\/uploads\/2020\/03\/SAM_0887-250x250.jpg 250w, https:\/\/www.filantropiacortessolari.cl\/wp-content\/uploads\/2020\/03\/SAM_0887-150x150.jpg 150w, https:\/\/www.filantropiacortessolari.cl\/wp-content\/uploads\/2020\/03\/SAM_0887-55x55.jpg 55w\" sizes=\"auto, (max-width: 250px) 100vw, 250px\" \/><\/a>\n\t\t\t<\/div><\/figure>\n\t\t<\/div>\n<iframe loading=\"lazy\" src=\"https:\/\/www.youtube.com\/embed\/Us5IdpXcOTA\" width=\"100%\" height=\"450\" frameborder=\"0\" allowfullscreen=\"allowfullscreen\"><\/iframe>\n<\/div>\n<\/div><div id=\"cmsms_tab_69eebac41eaef0_98168285\" class=\"cmsms_tab\">\n<div class=\"cmsms_tab_inner\">\n<h2><span style=\"color: #ffffff;\">IPCC Special Report on the Ocean and Cryosphere in a Changing Climate<\/span><\/h2>\n<p>Dr. Evelia Rivera, IPCC Lead Author &#8211; <a href=\"https:\/\/www.filantropiacortessolari.cl\/wp-content\/uploads\/2020\/03\/Evelia-Rivera.pdf\" target=\"_blank\" rel=\"noopener noreferrer\">PDF presentation<\/a><\/p>\n<div id='gallery-3' class='gallery galleryid-9592 gallery-columns-4 gallery-size-square-thumb'><figure class='gallery-item'>\n\t\t\t<div class='gallery-icon landscape'>\n\t\t\t\t<a href='https:\/\/www.filantropiacortessolari.cl\/wp-content\/uploads\/2020\/03\/francesco-ungaro-MJ1Q7hHeGlA-unsplash.jpg'><img loading=\"lazy\" decoding=\"async\" width=\"250\" height=\"250\" src=\"https:\/\/www.filantropiacortessolari.cl\/wp-content\/uploads\/2020\/03\/francesco-ungaro-MJ1Q7hHeGlA-unsplash-250x250.jpg\" class=\"attachment-square-thumb size-square-thumb\" alt=\"\" srcset=\"https:\/\/www.filantropiacortessolari.cl\/wp-content\/uploads\/2020\/03\/francesco-ungaro-MJ1Q7hHeGlA-unsplash-250x250.jpg 250w, https:\/\/www.filantropiacortessolari.cl\/wp-content\/uploads\/2020\/03\/francesco-ungaro-MJ1Q7hHeGlA-unsplash-150x150.jpg 150w, https:\/\/www.filantropiacortessolari.cl\/wp-content\/uploads\/2020\/03\/francesco-ungaro-MJ1Q7hHeGlA-unsplash-55x55.jpg 55w\" sizes=\"auto, (max-width: 250px) 100vw, 250px\" \/><\/a>\n\t\t\t<\/div><\/figure><figure class='gallery-item'>\n\t\t\t<div class='gallery-icon landscape'>\n\t\t\t\t<a href='https:\/\/www.filantropiacortessolari.cl\/wp-content\/uploads\/2020\/03\/josine-vaes-UT295-9X25U-unsplash.jpg'><img loading=\"lazy\" decoding=\"async\" width=\"250\" height=\"250\" src=\"https:\/\/www.filantropiacortessolari.cl\/wp-content\/uploads\/2020\/03\/josine-vaes-UT295-9X25U-unsplash-250x250.jpg\" class=\"attachment-square-thumb size-square-thumb\" alt=\"\" srcset=\"https:\/\/www.filantropiacortessolari.cl\/wp-content\/uploads\/2020\/03\/josine-vaes-UT295-9X25U-unsplash-250x250.jpg 250w, https:\/\/www.filantropiacortessolari.cl\/wp-content\/uploads\/2020\/03\/josine-vaes-UT295-9X25U-unsplash-150x150.jpg 150w, https:\/\/www.filantropiacortessolari.cl\/wp-content\/uploads\/2020\/03\/josine-vaes-UT295-9X25U-unsplash-55x55.jpg 55w\" sizes=\"auto, (max-width: 250px) 100vw, 250px\" \/><\/a>\n\t\t\t<\/div><\/figure><figure class='gallery-item'>\n\t\t\t<div class='gallery-icon landscape'>\n\t\t\t\t<a href='https:\/\/www.filantropiacortessolari.cl\/wp-content\/uploads\/2020\/03\/Meri-CambioClimatico_412.jpg'><img loading=\"lazy\" decoding=\"async\" width=\"250\" height=\"250\" src=\"https:\/\/www.filantropiacortessolari.cl\/wp-content\/uploads\/2020\/03\/Meri-CambioClimatico_412-250x250.jpg\" class=\"attachment-square-thumb size-square-thumb\" alt=\"\" srcset=\"https:\/\/www.filantropiacortessolari.cl\/wp-content\/uploads\/2020\/03\/Meri-CambioClimatico_412-250x250.jpg 250w, https:\/\/www.filantropiacortessolari.cl\/wp-content\/uploads\/2020\/03\/Meri-CambioClimatico_412-150x150.jpg 150w, https:\/\/www.filantropiacortessolari.cl\/wp-content\/uploads\/2020\/03\/Meri-CambioClimatico_412-55x55.jpg 55w\" sizes=\"auto, (max-width: 250px) 100vw, 250px\" \/><\/a>\n\t\t\t<\/div><\/figure><figure class='gallery-item'>\n\t\t\t<div class='gallery-icon landscape'>\n\t\t\t\t<a href='https:\/\/www.filantropiacortessolari.cl\/wp-content\/uploads\/2020\/03\/Meri-CambioClimatico_428.jpg'><img loading=\"lazy\" decoding=\"async\" width=\"250\" height=\"250\" src=\"https:\/\/www.filantropiacortessolari.cl\/wp-content\/uploads\/2020\/03\/Meri-CambioClimatico_428-250x250.jpg\" class=\"attachment-square-thumb size-square-thumb\" alt=\"\" srcset=\"https:\/\/www.filantropiacortessolari.cl\/wp-content\/uploads\/2020\/03\/Meri-CambioClimatico_428-250x250.jpg 250w, https:\/\/www.filantropiacortessolari.cl\/wp-content\/uploads\/2020\/03\/Meri-CambioClimatico_428-150x150.jpg 150w, https:\/\/www.filantropiacortessolari.cl\/wp-content\/uploads\/2020\/03\/Meri-CambioClimatico_428-55x55.jpg 55w\" sizes=\"auto, (max-width: 250px) 100vw, 250px\" \/><\/a>\n\t\t\t<\/div><\/figure><figure class='gallery-item'>\n\t\t\t<div class='gallery-icon landscape'>\n\t\t\t\t<a href='https:\/\/www.filantropiacortessolari.cl\/wp-content\/uploads\/2020\/03\/rolf-gelpke-XruNkneD16E-unsplash.jpg'><img loading=\"lazy\" decoding=\"async\" width=\"250\" height=\"250\" src=\"https:\/\/www.filantropiacortessolari.cl\/wp-content\/uploads\/2020\/03\/rolf-gelpke-XruNkneD16E-unsplash-250x250.jpg\" class=\"attachment-square-thumb size-square-thumb\" alt=\"\" srcset=\"https:\/\/www.filantropiacortessolari.cl\/wp-content\/uploads\/2020\/03\/rolf-gelpke-XruNkneD16E-unsplash-250x250.jpg 250w, https:\/\/www.filantropiacortessolari.cl\/wp-content\/uploads\/2020\/03\/rolf-gelpke-XruNkneD16E-unsplash-150x150.jpg 150w, https:\/\/www.filantropiacortessolari.cl\/wp-content\/uploads\/2020\/03\/rolf-gelpke-XruNkneD16E-unsplash-55x55.jpg 55w\" sizes=\"auto, (max-width: 250px) 100vw, 250px\" \/><\/a>\n\t\t\t<\/div><\/figure>\n\t\t<\/div>\n<iframe loading=\"lazy\" src=\"https:\/\/www.youtube.com\/embed\/i2pY2j3u8Hg\" width=\"100%\" height=\"450\" frameborder=\"0\" allowfullscreen=\"allowfullscreen\"><\/iframe>\n<\/div>\n<\/div><div id=\"cmsms_tab_69eebac41f0174_81728401\" class=\"cmsms_tab\">\n<div class=\"cmsms_tab_inner\">\n<h2><span style=\"color: #ffffff;\">Panel 1 Oceans: Challenges and Solutions<\/span><\/h2>\n<ol>\n<li>Sonia Espa\u00f1ol, Cetacean Research Area Leader of MERI Foundation &#8211; <a href=\"https:\/\/www.filantropiacortessolari.cl\/wp-content\/uploads\/2020\/03\/6.-Sonia-Espa\u00f1ol.pdf\" target=\"_blank\" rel=\"noopener noreferrer\">PDF presentation<\/a><\/li>\n<li>Jos\u00e9 Luis Iriarte, Universidad Austral &#8211; <a href=\"https:\/\/www.filantropiacortessolari.cl\/wp-content\/uploads\/2020\/03\/1.-Jos\u00e9-Luis-Iriarte.pdf\" target=\"_blank\" rel=\"noopener noreferrer\">PDF presentation<\/a><\/li>\n<li>Carolina Urmeneta, Ministry of the Environment of Chile<\/li>\n<li>Laura Ramajo, CEAZA &#8211; <a href=\"https:\/\/www.filantropiacortessolari.cl\/wp-content\/uploads\/2020\/03\/3.Laura-Ramajo.pdf\" target=\"_blank\" rel=\"noopener noreferrer\">PDF presentation<\/a><\/li>\n<li>Ralph Chami, International Monetary Fund<\/li>\n<li>Gustavo San Mart\u00edn, Subpesca &#8211; <a href=\"https:\/\/www.filantropiacortessolari.cl\/wp-content\/uploads\/2020\/03\/4.Gustavo-San-Mart\u00edn.pdf\" target=\"_blank\" rel=\"noopener noreferrer\">PDF presentation<\/a><\/li>\n<\/ol>\n<p>Moderator: Juan Luis Orellana, Ministry of the Environment of Chile<\/p>\n<p>Coordinator: Sonia Espa\u00f1ol.<\/p>\n<div id='gallery-4' class='gallery galleryid-9592 gallery-columns-4 gallery-size-square-thumb'><figure class='gallery-item'>\n\t\t\t<div class='gallery-icon landscape'>\n\t\t\t\t<a href='https:\/\/www.filantropiacortessolari.cl\/wp-content\/uploads\/2020\/03\/Meri-CambioClimatico_494.jpg'><img loading=\"lazy\" decoding=\"async\" width=\"250\" height=\"250\" src=\"https:\/\/www.filantropiacortessolari.cl\/wp-content\/uploads\/2020\/03\/Meri-CambioClimatico_494-250x250.jpg\" class=\"attachment-square-thumb size-square-thumb\" alt=\"\" srcset=\"https:\/\/www.filantropiacortessolari.cl\/wp-content\/uploads\/2020\/03\/Meri-CambioClimatico_494-250x250.jpg 250w, https:\/\/www.filantropiacortessolari.cl\/wp-content\/uploads\/2020\/03\/Meri-CambioClimatico_494-150x150.jpg 150w, https:\/\/www.filantropiacortessolari.cl\/wp-content\/uploads\/2020\/03\/Meri-CambioClimatico_494-55x55.jpg 55w\" sizes=\"auto, (max-width: 250px) 100vw, 250px\" \/><\/a>\n\t\t\t<\/div><\/figure><figure class='gallery-item'>\n\t\t\t<div class='gallery-icon landscape'>\n\t\t\t\t<a href='https:\/\/www.filantropiacortessolari.cl\/wp-content\/uploads\/2020\/03\/Meri-CambioClimatico_534-1.jpg'><img loading=\"lazy\" decoding=\"async\" width=\"250\" height=\"250\" src=\"https:\/\/www.filantropiacortessolari.cl\/wp-content\/uploads\/2020\/03\/Meri-CambioClimatico_534-1-250x250.jpg\" class=\"attachment-square-thumb size-square-thumb\" alt=\"\" srcset=\"https:\/\/www.filantropiacortessolari.cl\/wp-content\/uploads\/2020\/03\/Meri-CambioClimatico_534-1-250x250.jpg 250w, https:\/\/www.filantropiacortessolari.cl\/wp-content\/uploads\/2020\/03\/Meri-CambioClimatico_534-1-150x150.jpg 150w, https:\/\/www.filantropiacortessolari.cl\/wp-content\/uploads\/2020\/03\/Meri-CambioClimatico_534-1-55x55.jpg 55w\" sizes=\"auto, (max-width: 250px) 100vw, 250px\" \/><\/a>\n\t\t\t<\/div><\/figure><figure class='gallery-item'>\n\t\t\t<div class='gallery-icon landscape'>\n\t\t\t\t<a href='https:\/\/www.filantropiacortessolari.cl\/wp-content\/uploads\/2020\/03\/Meri-CambioClimatico_551.jpg'><img loading=\"lazy\" decoding=\"async\" width=\"250\" height=\"250\" src=\"https:\/\/www.filantropiacortessolari.cl\/wp-content\/uploads\/2020\/03\/Meri-CambioClimatico_551-250x250.jpg\" class=\"attachment-square-thumb size-square-thumb\" alt=\"\" srcset=\"https:\/\/www.filantropiacortessolari.cl\/wp-content\/uploads\/2020\/03\/Meri-CambioClimatico_551-250x250.jpg 250w, https:\/\/www.filantropiacortessolari.cl\/wp-content\/uploads\/2020\/03\/Meri-CambioClimatico_551-150x150.jpg 150w, https:\/\/www.filantropiacortessolari.cl\/wp-content\/uploads\/2020\/03\/Meri-CambioClimatico_551-55x55.jpg 55w\" sizes=\"auto, (max-width: 250px) 100vw, 250px\" \/><\/a>\n\t\t\t<\/div><\/figure><figure class='gallery-item'>\n\t\t\t<div class='gallery-icon landscape'>\n\t\t\t\t<a href='https:\/\/www.filantropiacortessolari.cl\/wp-content\/uploads\/2020\/03\/Meri-CambioClimatico_584-1.jpg'><img loading=\"lazy\" decoding=\"async\" width=\"250\" height=\"250\" src=\"https:\/\/www.filantropiacortessolari.cl\/wp-content\/uploads\/2020\/03\/Meri-CambioClimatico_584-1-250x250.jpg\" class=\"attachment-square-thumb size-square-thumb\" alt=\"\" srcset=\"https:\/\/www.filantropiacortessolari.cl\/wp-content\/uploads\/2020\/03\/Meri-CambioClimatico_584-1-250x250.jpg 250w, https:\/\/www.filantropiacortessolari.cl\/wp-content\/uploads\/2020\/03\/Meri-CambioClimatico_584-1-150x150.jpg 150w, https:\/\/www.filantropiacortessolari.cl\/wp-content\/uploads\/2020\/03\/Meri-CambioClimatico_584-1-55x55.jpg 55w\" sizes=\"auto, (max-width: 250px) 100vw, 250px\" \/><\/a>\n\t\t\t<\/div><\/figure><figure class='gallery-item'>\n\t\t\t<div class='gallery-icon landscape'>\n\t\t\t\t<a href='https:\/\/www.filantropiacortessolari.cl\/wp-content\/uploads\/2020\/03\/Meri-CambioClimatico_442-1.jpg'><img loading=\"lazy\" decoding=\"async\" width=\"250\" height=\"250\" src=\"https:\/\/www.filantropiacortessolari.cl\/wp-content\/uploads\/2020\/03\/Meri-CambioClimatico_442-1-250x250.jpg\" class=\"attachment-square-thumb size-square-thumb\" alt=\"\" srcset=\"https:\/\/www.filantropiacortessolari.cl\/wp-content\/uploads\/2020\/03\/Meri-CambioClimatico_442-1-250x250.jpg 250w, https:\/\/www.filantropiacortessolari.cl\/wp-content\/uploads\/2020\/03\/Meri-CambioClimatico_442-1-150x150.jpg 150w, https:\/\/www.filantropiacortessolari.cl\/wp-content\/uploads\/2020\/03\/Meri-CambioClimatico_442-1-55x55.jpg 55w\" sizes=\"auto, (max-width: 250px) 100vw, 250px\" \/><\/a>\n\t\t\t<\/div><\/figure><figure class='gallery-item'>\n\t\t\t<div class='gallery-icon landscape'>\n\t\t\t\t<a href='https:\/\/www.filantropiacortessolari.cl\/wp-content\/uploads\/2020\/03\/Meri-CambioClimatico_451.jpg'><img loading=\"lazy\" decoding=\"async\" width=\"250\" height=\"250\" src=\"https:\/\/www.filantropiacortessolari.cl\/wp-content\/uploads\/2020\/03\/Meri-CambioClimatico_451-250x250.jpg\" class=\"attachment-square-thumb size-square-thumb\" alt=\"\" srcset=\"https:\/\/www.filantropiacortessolari.cl\/wp-content\/uploads\/2020\/03\/Meri-CambioClimatico_451-250x250.jpg 250w, https:\/\/www.filantropiacortessolari.cl\/wp-content\/uploads\/2020\/03\/Meri-CambioClimatico_451-150x150.jpg 150w, https:\/\/www.filantropiacortessolari.cl\/wp-content\/uploads\/2020\/03\/Meri-CambioClimatico_451-55x55.jpg 55w\" sizes=\"auto, (max-width: 250px) 100vw, 250px\" \/><\/a>\n\t\t\t<\/div><\/figure><figure class='gallery-item'>\n\t\t\t<div class='gallery-icon landscape'>\n\t\t\t\t<a href='https:\/\/www.filantropiacortessolari.cl\/wp-content\/uploads\/2020\/03\/Meri-CambioClimatico_457.jpg'><img loading=\"lazy\" decoding=\"async\" width=\"250\" height=\"250\" src=\"https:\/\/www.filantropiacortessolari.cl\/wp-content\/uploads\/2020\/03\/Meri-CambioClimatico_457-250x250.jpg\" class=\"attachment-square-thumb size-square-thumb\" alt=\"\" srcset=\"https:\/\/www.filantropiacortessolari.cl\/wp-content\/uploads\/2020\/03\/Meri-CambioClimatico_457-250x250.jpg 250w, https:\/\/www.filantropiacortessolari.cl\/wp-content\/uploads\/2020\/03\/Meri-CambioClimatico_457-150x150.jpg 150w, https:\/\/www.filantropiacortessolari.cl\/wp-content\/uploads\/2020\/03\/Meri-CambioClimatico_457-55x55.jpg 55w\" sizes=\"auto, (max-width: 250px) 100vw, 250px\" \/><\/a>\n\t\t\t<\/div><\/figure>\n\t\t<\/div>\n<iframe loading=\"lazy\" src=\"https:\/\/www.youtube.com\/embed\/-hedl6SiayQ\" width=\"100%\" height=\"350\" frameborder=\"0\" allowfullscreen=\"allowfullscreen\"><\/iframe>\n<\/div>\n<\/div><div id=\"cmsms_tab_69eebac41f75a6_23865404\" class=\"cmsms_tab\">\n<div class=\"cmsms_tab_inner\">\n<h2><span style=\"color: #ffffff;\">IPCC Special Report on Climate Change and Land<\/span><\/h2>\n<ol>\n<li>Thelma Krug, IPCC Vice-Chair<\/li>\n<\/ol>\n<div id='gallery-5' class='gallery galleryid-9592 gallery-columns-4 gallery-size-square-thumb'><figure class='gallery-item'>\n\t\t\t<div class='gallery-icon landscape'>\n\t\t\t\t<a href='https:\/\/www.filantropiacortessolari.cl\/wp-content\/uploads\/2020\/03\/ivan-bandura-HbWgPv0zZ_o-unsplash.jpg'><img loading=\"lazy\" decoding=\"async\" width=\"250\" height=\"250\" src=\"https:\/\/www.filantropiacortessolari.cl\/wp-content\/uploads\/2020\/03\/ivan-bandura-HbWgPv0zZ_o-unsplash-250x250.jpg\" class=\"attachment-square-thumb size-square-thumb\" alt=\"\" srcset=\"https:\/\/www.filantropiacortessolari.cl\/wp-content\/uploads\/2020\/03\/ivan-bandura-HbWgPv0zZ_o-unsplash-250x250.jpg 250w, https:\/\/www.filantropiacortessolari.cl\/wp-content\/uploads\/2020\/03\/ivan-bandura-HbWgPv0zZ_o-unsplash-150x150.jpg 150w, https:\/\/www.filantropiacortessolari.cl\/wp-content\/uploads\/2020\/03\/ivan-bandura-HbWgPv0zZ_o-unsplash-55x55.jpg 55w\" sizes=\"auto, (max-width: 250px) 100vw, 250px\" \/><\/a>\n\t\t\t<\/div><\/figure><figure class='gallery-item'>\n\t\t\t<div class='gallery-icon landscape'>\n\t\t\t\t<a href='https:\/\/www.filantropiacortessolari.cl\/wp-content\/uploads\/2020\/03\/rob-mulder-AyEDeq_081o-unsplash.jpg'><img loading=\"lazy\" decoding=\"async\" width=\"250\" height=\"250\" src=\"https:\/\/www.filantropiacortessolari.cl\/wp-content\/uploads\/2020\/03\/rob-mulder-AyEDeq_081o-unsplash-250x250.jpg\" class=\"attachment-square-thumb size-square-thumb\" alt=\"\" srcset=\"https:\/\/www.filantropiacortessolari.cl\/wp-content\/uploads\/2020\/03\/rob-mulder-AyEDeq_081o-unsplash-250x250.jpg 250w, https:\/\/www.filantropiacortessolari.cl\/wp-content\/uploads\/2020\/03\/rob-mulder-AyEDeq_081o-unsplash-150x150.jpg 150w, https:\/\/www.filantropiacortessolari.cl\/wp-content\/uploads\/2020\/03\/rob-mulder-AyEDeq_081o-unsplash-55x55.jpg 55w\" sizes=\"auto, (max-width: 250px) 100vw, 250px\" \/><\/a>\n\t\t\t<\/div><\/figure><figure class='gallery-item'>\n\t\t\t<div class='gallery-icon landscape'>\n\t\t\t\t<a href='https:\/\/www.filantropiacortessolari.cl\/wp-content\/uploads\/2020\/03\/peter-hammer-ggQy5lGtwb0-unsplash.jpg'><img loading=\"lazy\" decoding=\"async\" width=\"250\" height=\"250\" src=\"https:\/\/www.filantropiacortessolari.cl\/wp-content\/uploads\/2020\/03\/peter-hammer-ggQy5lGtwb0-unsplash-250x250.jpg\" class=\"attachment-square-thumb size-square-thumb\" alt=\"\" srcset=\"https:\/\/www.filantropiacortessolari.cl\/wp-content\/uploads\/2020\/03\/peter-hammer-ggQy5lGtwb0-unsplash-250x250.jpg 250w, https:\/\/www.filantropiacortessolari.cl\/wp-content\/uploads\/2020\/03\/peter-hammer-ggQy5lGtwb0-unsplash-150x150.jpg 150w, https:\/\/www.filantropiacortessolari.cl\/wp-content\/uploads\/2020\/03\/peter-hammer-ggQy5lGtwb0-unsplash-55x55.jpg 55w\" sizes=\"auto, (max-width: 250px) 100vw, 250px\" \/><\/a>\n\t\t\t<\/div><\/figure><figure class='gallery-item'>\n\t\t\t<div class='gallery-icon landscape'>\n\t\t\t\t<a href='https:\/\/www.filantropiacortessolari.cl\/wp-content\/uploads\/2020\/03\/Meri-CambioClimatico_681.jpg'><img loading=\"lazy\" decoding=\"async\" width=\"250\" height=\"250\" src=\"https:\/\/www.filantropiacortessolari.cl\/wp-content\/uploads\/2020\/03\/Meri-CambioClimatico_681-250x250.jpg\" class=\"attachment-square-thumb size-square-thumb\" alt=\"\" srcset=\"https:\/\/www.filantropiacortessolari.cl\/wp-content\/uploads\/2020\/03\/Meri-CambioClimatico_681-250x250.jpg 250w, https:\/\/www.filantropiacortessolari.cl\/wp-content\/uploads\/2020\/03\/Meri-CambioClimatico_681-150x150.jpg 150w, https:\/\/www.filantropiacortessolari.cl\/wp-content\/uploads\/2020\/03\/Meri-CambioClimatico_681-55x55.jpg 55w\" sizes=\"auto, (max-width: 250px) 100vw, 250px\" \/><\/a>\n\t\t\t<\/div><\/figure><figure class='gallery-item'>\n\t\t\t<div class='gallery-icon landscape'>\n\t\t\t\t<a href='https:\/\/www.filantropiacortessolari.cl\/wp-content\/uploads\/2020\/03\/Meri-CambioClimatico_675.jpg'><img loading=\"lazy\" decoding=\"async\" width=\"250\" height=\"250\" src=\"https:\/\/www.filantropiacortessolari.cl\/wp-content\/uploads\/2020\/03\/Meri-CambioClimatico_675-250x250.jpg\" class=\"attachment-square-thumb size-square-thumb\" alt=\"\" srcset=\"https:\/\/www.filantropiacortessolari.cl\/wp-content\/uploads\/2020\/03\/Meri-CambioClimatico_675-250x250.jpg 250w, https:\/\/www.filantropiacortessolari.cl\/wp-content\/uploads\/2020\/03\/Meri-CambioClimatico_675-150x150.jpg 150w, https:\/\/www.filantropiacortessolari.cl\/wp-content\/uploads\/2020\/03\/Meri-CambioClimatico_675-55x55.jpg 55w\" sizes=\"auto, (max-width: 250px) 100vw, 250px\" \/><\/a>\n\t\t\t<\/div><\/figure>\n\t\t<\/div>\n<iframe loading=\"lazy\" src=\"https:\/\/www.youtube.com\/embed\/-TkgCJJuSe8\" width=\"100%\" height=\"350\" frameborder=\"0\" allowfullscreen=\"allowfullscreen\"><\/iframe>\n<\/div>\n<\/div><div id=\"cmsms_tab_69eebac41fd629_42570754\" class=\"cmsms_tab\">\n<div class=\"cmsms_tab_inner\">\n<h2><span style=\"color: #ffffff;\">Panel 2 Sustainable Agriculture and Food Security<\/span><\/h2>\n<ol>\n<li>Juan Antonio Carlos Correa, Intercultural Org.<\/li>\n<li>Francisco Meza, PUC. Centro del Cambio Global &#8211; <a href=\"https:\/\/www.filantropiacortessolari.cl\/wp-content\/uploads\/2020\/03\/3.Francisco-Meza.pdf\" target=\"_blank\" rel=\"noopener noreferrer\">PDF presentation<\/a><\/li>\n<li>Ornella Tiboni, FAO<\/li>\n<li>Maria Emilia Undurraga, ODEPA Director &#8211; <a href=\"https:\/\/www.filantropiacortessolari.cl\/wp-content\/uploads\/2020\/03\/5.Mar\u00eda-Emilia-Undurraga.pdf\" target=\"_blank\" rel=\"noopener noreferrer\">PDF presentation<\/a><\/li>\n<li>Thelma Krug, IPCC Vice-Chair<\/li>\n<\/ol>\n<p>Coordinator: Ornella Tiboni<\/p>\n<div id='gallery-6' class='gallery galleryid-9592 gallery-columns-4 gallery-size-square-thumb'><figure class='gallery-item'>\n\t\t\t<div class='gallery-icon landscape'>\n\t\t\t\t<a href='https:\/\/www.filantropiacortessolari.cl\/wp-content\/uploads\/2020\/03\/Meri-CambioClimatico_690-1.jpg'><img loading=\"lazy\" decoding=\"async\" width=\"250\" height=\"250\" src=\"https:\/\/www.filantropiacortessolari.cl\/wp-content\/uploads\/2020\/03\/Meri-CambioClimatico_690-1-250x250.jpg\" class=\"attachment-square-thumb size-square-thumb\" alt=\"\" srcset=\"https:\/\/www.filantropiacortessolari.cl\/wp-content\/uploads\/2020\/03\/Meri-CambioClimatico_690-1-250x250.jpg 250w, https:\/\/www.filantropiacortessolari.cl\/wp-content\/uploads\/2020\/03\/Meri-CambioClimatico_690-1-150x150.jpg 150w, https:\/\/www.filantropiacortessolari.cl\/wp-content\/uploads\/2020\/03\/Meri-CambioClimatico_690-1-55x55.jpg 55w\" sizes=\"auto, (max-width: 250px) 100vw, 250px\" \/><\/a>\n\t\t\t<\/div><\/figure><figure class='gallery-item'>\n\t\t\t<div class='gallery-icon landscape'>\n\t\t\t\t<a href='https:\/\/www.filantropiacortessolari.cl\/wp-content\/uploads\/2020\/03\/Meri-CambioClimatico_697.jpg'><img loading=\"lazy\" decoding=\"async\" width=\"250\" height=\"250\" src=\"https:\/\/www.filantropiacortessolari.cl\/wp-content\/uploads\/2020\/03\/Meri-CambioClimatico_697-250x250.jpg\" class=\"attachment-square-thumb size-square-thumb\" alt=\"\" srcset=\"https:\/\/www.filantropiacortessolari.cl\/wp-content\/uploads\/2020\/03\/Meri-CambioClimatico_697-250x250.jpg 250w, https:\/\/www.filantropiacortessolari.cl\/wp-content\/uploads\/2020\/03\/Meri-CambioClimatico_697-150x150.jpg 150w, https:\/\/www.filantropiacortessolari.cl\/wp-content\/uploads\/2020\/03\/Meri-CambioClimatico_697-55x55.jpg 55w\" sizes=\"auto, (max-width: 250px) 100vw, 250px\" \/><\/a>\n\t\t\t<\/div><\/figure><figure class='gallery-item'>\n\t\t\t<div class='gallery-icon landscape'>\n\t\t\t\t<a href='https:\/\/www.filantropiacortessolari.cl\/wp-content\/uploads\/2020\/03\/Meri-CambioClimatico_714.jpg'><img loading=\"lazy\" decoding=\"async\" width=\"250\" height=\"250\" src=\"https:\/\/www.filantropiacortessolari.cl\/wp-content\/uploads\/2020\/03\/Meri-CambioClimatico_714-250x250.jpg\" class=\"attachment-square-thumb size-square-thumb\" alt=\"\" srcset=\"https:\/\/www.filantropiacortessolari.cl\/wp-content\/uploads\/2020\/03\/Meri-CambioClimatico_714-250x250.jpg 250w, https:\/\/www.filantropiacortessolari.cl\/wp-content\/uploads\/2020\/03\/Meri-CambioClimatico_714-150x150.jpg 150w, https:\/\/www.filantropiacortessolari.cl\/wp-content\/uploads\/2020\/03\/Meri-CambioClimatico_714-55x55.jpg 55w\" sizes=\"auto, (max-width: 250px) 100vw, 250px\" \/><\/a>\n\t\t\t<\/div><\/figure><figure class='gallery-item'>\n\t\t\t<div class='gallery-icon landscape'>\n\t\t\t\t<a href='https:\/\/www.filantropiacortessolari.cl\/wp-content\/uploads\/2020\/03\/Meri-CambioClimatico_738.jpg'><img loading=\"lazy\" decoding=\"async\" width=\"250\" height=\"250\" src=\"https:\/\/www.filantropiacortessolari.cl\/wp-content\/uploads\/2020\/03\/Meri-CambioClimatico_738-250x250.jpg\" class=\"attachment-square-thumb size-square-thumb\" alt=\"\" srcset=\"https:\/\/www.filantropiacortessolari.cl\/wp-content\/uploads\/2020\/03\/Meri-CambioClimatico_738-250x250.jpg 250w, https:\/\/www.filantropiacortessolari.cl\/wp-content\/uploads\/2020\/03\/Meri-CambioClimatico_738-150x150.jpg 150w, https:\/\/www.filantropiacortessolari.cl\/wp-content\/uploads\/2020\/03\/Meri-CambioClimatico_738-55x55.jpg 55w\" sizes=\"auto, (max-width: 250px) 100vw, 250px\" \/><\/a>\n\t\t\t<\/div><\/figure><figure class='gallery-item'>\n\t\t\t<div class='gallery-icon landscape'>\n\t\t\t\t<a href='https:\/\/www.filantropiacortessolari.cl\/wp-content\/uploads\/2020\/03\/Meri-CambioClimatico_758.jpg'><img loading=\"lazy\" decoding=\"async\" width=\"250\" height=\"250\" src=\"https:\/\/www.filantropiacortessolari.cl\/wp-content\/uploads\/2020\/03\/Meri-CambioClimatico_758-250x250.jpg\" class=\"attachment-square-thumb size-square-thumb\" alt=\"\" srcset=\"https:\/\/www.filantropiacortessolari.cl\/wp-content\/uploads\/2020\/03\/Meri-CambioClimatico_758-250x250.jpg 250w, https:\/\/www.filantropiacortessolari.cl\/wp-content\/uploads\/2020\/03\/Meri-CambioClimatico_758-150x150.jpg 150w, https:\/\/www.filantropiacortessolari.cl\/wp-content\/uploads\/2020\/03\/Meri-CambioClimatico_758-55x55.jpg 55w\" sizes=\"auto, (max-width: 250px) 100vw, 250px\" \/><\/a>\n\t\t\t<\/div><\/figure><figure class='gallery-item'>\n\t\t\t<div class='gallery-icon landscape'>\n\t\t\t\t<a href='https:\/\/www.filantropiacortessolari.cl\/wp-content\/uploads\/2020\/03\/Meri-CambioClimatico_793.jpg'><img loading=\"lazy\" decoding=\"async\" width=\"250\" height=\"250\" src=\"https:\/\/www.filantropiacortessolari.cl\/wp-content\/uploads\/2020\/03\/Meri-CambioClimatico_793-250x250.jpg\" class=\"attachment-square-thumb size-square-thumb\" alt=\"\" srcset=\"https:\/\/www.filantropiacortessolari.cl\/wp-content\/uploads\/2020\/03\/Meri-CambioClimatico_793-250x250.jpg 250w, https:\/\/www.filantropiacortessolari.cl\/wp-content\/uploads\/2020\/03\/Meri-CambioClimatico_793-150x150.jpg 150w, https:\/\/www.filantropiacortessolari.cl\/wp-content\/uploads\/2020\/03\/Meri-CambioClimatico_793-55x55.jpg 55w\" sizes=\"auto, (max-width: 250px) 100vw, 250px\" \/><\/a>\n\t\t\t<\/div><\/figure>\n\t\t<\/div>\n<iframe loading=\"lazy\" src=\"https:\/\/www.youtube.com\/embed\/yCIJoVENmEA\" width=\"100%\" height=\"450\" frameborder=\"0\" allowfullscreen=\"allowfullscreen\"><\/iframe>\n<p>Juan Antonio Carlos Correa, Org. Intercultural<\/p>\n<div style=\"width: 610px;\" class=\"wp-video\"><video class=\"wp-video-shortcode\" id=\"video-9592-1\" width=\"610\" height=\"350\" preload=\"metadata\" controls=\"controls\"><source type=\"video\/mp4\" src=\"https:\/\/www.filantropiacortessolari.cl\/wp-content\/uploads\/2020\/03\/2.Juan-Antonio-Correa.mp4?_=1\" \/><a href=\"https:\/\/www.filantropiacortessolari.cl\/wp-content\/uploads\/2020\/03\/2.Juan-Antonio-Correa.mp4\">https:\/\/www.filantropiacortessolari.cl\/wp-content\/uploads\/2020\/03\/2.Juan-Antonio-Correa.mp4<\/a><\/video><\/div>\n<\/div>\n<\/div><div id=\"cmsms_tab_69eebac4206428_53995873\" class=\"cmsms_tab\">\n<div class=\"cmsms_tab_inner\">\n<h2><span style=\"color: #ffffff;\">IPCC Special Report on the Impacts of Global Warming of 1.5\u00baC <\/span><\/h2>\n<ol>\n<li>Dr. Carolina Vera, Vice-Chair of Working Group I of the IPCC (Argentina) &#8211; <a href=\"https:\/\/www.filantropiacortessolari.cl\/wp-content\/uploads\/2020\/03\/Carolina-Vera.pdf\" target=\"_blank\" rel=\"noopener noreferrer\">PDF presentation<\/a><\/li>\n<li>Dr. Carlos M\u00e9ndez, Vice-Chair of Working Group I of the IPCC (Venezuela) &#8211; <a href=\"https:\/\/www.filantropiacortessolari.cl\/wp-content\/uploads\/2020\/03\/Carlos-M\u00e9ndez.pdf\" target=\"_blank\" rel=\"noopener noreferrer\">PDF presentation<\/a><\/li>\n<\/ol>\n<div id='gallery-7' class='gallery galleryid-9592 gallery-columns-4 gallery-size-square-thumb'><figure class='gallery-item'>\n\t\t\t<div class='gallery-icon landscape'>\n\t\t\t\t<a href='https:\/\/www.filantropiacortessolari.cl\/wp-content\/uploads\/2020\/03\/chester-ho-RLiIU16jdu4-unsplash.jpg'><img loading=\"lazy\" decoding=\"async\" width=\"250\" height=\"250\" src=\"https:\/\/www.filantropiacortessolari.cl\/wp-content\/uploads\/2020\/03\/chester-ho-RLiIU16jdu4-unsplash-250x250.jpg\" class=\"attachment-square-thumb size-square-thumb\" alt=\"\" srcset=\"https:\/\/www.filantropiacortessolari.cl\/wp-content\/uploads\/2020\/03\/chester-ho-RLiIU16jdu4-unsplash-250x250.jpg 250w, https:\/\/www.filantropiacortessolari.cl\/wp-content\/uploads\/2020\/03\/chester-ho-RLiIU16jdu4-unsplash-150x150.jpg 150w, https:\/\/www.filantropiacortessolari.cl\/wp-content\/uploads\/2020\/03\/chester-ho-RLiIU16jdu4-unsplash-55x55.jpg 55w\" sizes=\"auto, (max-width: 250px) 100vw, 250px\" \/><\/a>\n\t\t\t<\/div><\/figure><figure class='gallery-item'>\n\t\t\t<div class='gallery-icon landscape'>\n\t\t\t\t<a href='https:\/\/www.filantropiacortessolari.cl\/wp-content\/uploads\/2020\/03\/marcin-jozwiak-bBzJ-UqkIdM-unsplash.jpg'><img loading=\"lazy\" decoding=\"async\" width=\"250\" height=\"250\" src=\"https:\/\/www.filantropiacortessolari.cl\/wp-content\/uploads\/2020\/03\/marcin-jozwiak-bBzJ-UqkIdM-unsplash-250x250.jpg\" class=\"attachment-square-thumb size-square-thumb\" alt=\"\" srcset=\"https:\/\/www.filantropiacortessolari.cl\/wp-content\/uploads\/2020\/03\/marcin-jozwiak-bBzJ-UqkIdM-unsplash-250x250.jpg 250w, https:\/\/www.filantropiacortessolari.cl\/wp-content\/uploads\/2020\/03\/marcin-jozwiak-bBzJ-UqkIdM-unsplash-150x150.jpg 150w, https:\/\/www.filantropiacortessolari.cl\/wp-content\/uploads\/2020\/03\/marcin-jozwiak-bBzJ-UqkIdM-unsplash-55x55.jpg 55w\" sizes=\"auto, (max-width: 250px) 100vw, 250px\" \/><\/a>\n\t\t\t<\/div><\/figure><figure class='gallery-item'>\n\t\t\t<div class='gallery-icon landscape'>\n\t\t\t\t<a href='https:\/\/www.filantropiacortessolari.cl\/wp-content\/uploads\/2020\/03\/Meri-CambioClimatico_807-1.jpg'><img loading=\"lazy\" decoding=\"async\" width=\"250\" height=\"250\" src=\"https:\/\/www.filantropiacortessolari.cl\/wp-content\/uploads\/2020\/03\/Meri-CambioClimatico_807-1-250x250.jpg\" class=\"attachment-square-thumb size-square-thumb\" alt=\"\" srcset=\"https:\/\/www.filantropiacortessolari.cl\/wp-content\/uploads\/2020\/03\/Meri-CambioClimatico_807-1-250x250.jpg 250w, https:\/\/www.filantropiacortessolari.cl\/wp-content\/uploads\/2020\/03\/Meri-CambioClimatico_807-1-150x150.jpg 150w, https:\/\/www.filantropiacortessolari.cl\/wp-content\/uploads\/2020\/03\/Meri-CambioClimatico_807-1-55x55.jpg 55w\" sizes=\"auto, (max-width: 250px) 100vw, 250px\" \/><\/a>\n\t\t\t<\/div><\/figure><figure class='gallery-item'>\n\t\t\t<div class='gallery-icon landscape'>\n\t\t\t\t<a href='https:\/\/www.filantropiacortessolari.cl\/wp-content\/uploads\/2020\/03\/Meri-CambioClimatico_814.jpg'><img loading=\"lazy\" decoding=\"async\" width=\"250\" height=\"250\" src=\"https:\/\/www.filantropiacortessolari.cl\/wp-content\/uploads\/2020\/03\/Meri-CambioClimatico_814-250x250.jpg\" class=\"attachment-square-thumb size-square-thumb\" alt=\"\" srcset=\"https:\/\/www.filantropiacortessolari.cl\/wp-content\/uploads\/2020\/03\/Meri-CambioClimatico_814-250x250.jpg 250w, https:\/\/www.filantropiacortessolari.cl\/wp-content\/uploads\/2020\/03\/Meri-CambioClimatico_814-150x150.jpg 150w, https:\/\/www.filantropiacortessolari.cl\/wp-content\/uploads\/2020\/03\/Meri-CambioClimatico_814-55x55.jpg 55w\" sizes=\"auto, (max-width: 250px) 100vw, 250px\" \/><\/a>\n\t\t\t<\/div><\/figure><figure class='gallery-item'>\n\t\t\t<div class='gallery-icon landscape'>\n\t\t\t\t<a href='https:\/\/www.filantropiacortessolari.cl\/wp-content\/uploads\/2020\/03\/Meri-CambioClimatico_828.jpg'><img loading=\"lazy\" decoding=\"async\" width=\"250\" height=\"250\" src=\"https:\/\/www.filantropiacortessolari.cl\/wp-content\/uploads\/2020\/03\/Meri-CambioClimatico_828-250x250.jpg\" class=\"attachment-square-thumb size-square-thumb\" alt=\"\" srcset=\"https:\/\/www.filantropiacortessolari.cl\/wp-content\/uploads\/2020\/03\/Meri-CambioClimatico_828-250x250.jpg 250w, https:\/\/www.filantropiacortessolari.cl\/wp-content\/uploads\/2020\/03\/Meri-CambioClimatico_828-150x150.jpg 150w, https:\/\/www.filantropiacortessolari.cl\/wp-content\/uploads\/2020\/03\/Meri-CambioClimatico_828-55x55.jpg 55w\" sizes=\"auto, (max-width: 250px) 100vw, 250px\" \/><\/a>\n\t\t\t<\/div><\/figure><figure class='gallery-item'>\n\t\t\t<div class='gallery-icon landscape'>\n\t\t\t\t<a href='https:\/\/www.filantropiacortessolari.cl\/wp-content\/uploads\/2020\/03\/Meri-CambioClimatico_833.jpg'><img loading=\"lazy\" decoding=\"async\" width=\"250\" height=\"250\" src=\"https:\/\/www.filantropiacortessolari.cl\/wp-content\/uploads\/2020\/03\/Meri-CambioClimatico_833-250x250.jpg\" class=\"attachment-square-thumb size-square-thumb\" alt=\"\" srcset=\"https:\/\/www.filantropiacortessolari.cl\/wp-content\/uploads\/2020\/03\/Meri-CambioClimatico_833-250x250.jpg 250w, https:\/\/www.filantropiacortessolari.cl\/wp-content\/uploads\/2020\/03\/Meri-CambioClimatico_833-150x150.jpg 150w, https:\/\/www.filantropiacortessolari.cl\/wp-content\/uploads\/2020\/03\/Meri-CambioClimatico_833-55x55.jpg 55w\" sizes=\"auto, (max-width: 250px) 100vw, 250px\" \/><\/a>\n\t\t\t<\/div><\/figure>\n\t\t<\/div>\n<iframe loading=\"lazy\" src=\"https:\/\/www.youtube.com\/embed\/RylJfy4bC8Y\" width=\"100%\" height=\"350\" frameborder=\"0\" allowfullscreen=\"allowfullscreen\"><\/iframe>\n<\/div>\n<\/div><div id=\"cmsms_tab_69eebac420d7a0_54017915\" class=\"cmsms_tab\">\n<div class=\"cmsms_tab_inner\">\n<h2><span style=\"color: #ffffff;\">Panel 3 Sustainable Development Model (SDGs) and Climate Change<\/span><\/h2>\n<ol>\n<li>Mar\u00eda Mercedes Proa\u00f1o (FAO)<\/li>\n<li>Marcelino Collio, We Kuyen Mapuche Association &#8211; <a href=\"https:\/\/www.filantropiacortessolari.cl\/wp-content\/uploads\/2020\/03\/2.Marcelino-Collio.pdf\" target=\"_blank\" rel=\"noopener noreferrer\">PDF presentation<\/a><\/li>\n<li>In\u00e9s Camilloni (ARG)<\/li>\n<li>Pablo Marquet (PUC)<\/li>\n<li>Josefina Lema. Otavalo Kichwa People. Ecuador.<\/li>\n<li>Luiz Krieger (ECLAC)<\/li>\n<\/ol>\n<p>Coordinator: Thelma Krug, IPCC Vice-Chair<\/p>\n<div id='gallery-8' class='gallery galleryid-9592 gallery-columns-4 gallery-size-square-thumb'><figure class='gallery-item'>\n\t\t\t<div class='gallery-icon landscape'>\n\t\t\t\t<a href='https:\/\/www.filantropiacortessolari.cl\/wp-content\/uploads\/2020\/03\/Meri-CambioClimatico_843.jpg'><img loading=\"lazy\" decoding=\"async\" width=\"250\" height=\"250\" src=\"https:\/\/www.filantropiacortessolari.cl\/wp-content\/uploads\/2020\/03\/Meri-CambioClimatico_843-250x250.jpg\" class=\"attachment-square-thumb size-square-thumb\" alt=\"\" srcset=\"https:\/\/www.filantropiacortessolari.cl\/wp-content\/uploads\/2020\/03\/Meri-CambioClimatico_843-250x250.jpg 250w, https:\/\/www.filantropiacortessolari.cl\/wp-content\/uploads\/2020\/03\/Meri-CambioClimatico_843-150x150.jpg 150w, https:\/\/www.filantropiacortessolari.cl\/wp-content\/uploads\/2020\/03\/Meri-CambioClimatico_843-55x55.jpg 55w\" sizes=\"auto, (max-width: 250px) 100vw, 250px\" \/><\/a>\n\t\t\t<\/div><\/figure><figure class='gallery-item'>\n\t\t\t<div class='gallery-icon landscape'>\n\t\t\t\t<a href='https:\/\/www.filantropiacortessolari.cl\/wp-content\/uploads\/2020\/03\/Meri-CambioClimatico_853-1.jpg'><img loading=\"lazy\" decoding=\"async\" width=\"250\" height=\"250\" src=\"https:\/\/www.filantropiacortessolari.cl\/wp-content\/uploads\/2020\/03\/Meri-CambioClimatico_853-1-250x250.jpg\" class=\"attachment-square-thumb size-square-thumb\" alt=\"\" srcset=\"https:\/\/www.filantropiacortessolari.cl\/wp-content\/uploads\/2020\/03\/Meri-CambioClimatico_853-1-250x250.jpg 250w, https:\/\/www.filantropiacortessolari.cl\/wp-content\/uploads\/2020\/03\/Meri-CambioClimatico_853-1-150x150.jpg 150w, https:\/\/www.filantropiacortessolari.cl\/wp-content\/uploads\/2020\/03\/Meri-CambioClimatico_853-1-55x55.jpg 55w\" sizes=\"auto, (max-width: 250px) 100vw, 250px\" \/><\/a>\n\t\t\t<\/div><\/figure><figure class='gallery-item'>\n\t\t\t<div class='gallery-icon landscape'>\n\t\t\t\t<a href='https:\/\/www.filantropiacortessolari.cl\/wp-content\/uploads\/2020\/03\/Meri-CambioClimatico_854.jpg'><img loading=\"lazy\" decoding=\"async\" width=\"250\" height=\"250\" src=\"https:\/\/www.filantropiacortessolari.cl\/wp-content\/uploads\/2020\/03\/Meri-CambioClimatico_854-250x250.jpg\" class=\"attachment-square-thumb size-square-thumb\" alt=\"\" srcset=\"https:\/\/www.filantropiacortessolari.cl\/wp-content\/uploads\/2020\/03\/Meri-CambioClimatico_854-250x250.jpg 250w, https:\/\/www.filantropiacortessolari.cl\/wp-content\/uploads\/2020\/03\/Meri-CambioClimatico_854-150x150.jpg 150w, https:\/\/www.filantropiacortessolari.cl\/wp-content\/uploads\/2020\/03\/Meri-CambioClimatico_854-55x55.jpg 55w\" sizes=\"auto, (max-width: 250px) 100vw, 250px\" \/><\/a>\n\t\t\t<\/div><\/figure><figure class='gallery-item'>\n\t\t\t<div class='gallery-icon landscape'>\n\t\t\t\t<a href='https:\/\/www.filantropiacortessolari.cl\/wp-content\/uploads\/2020\/03\/Meri-CambioClimatico_877-1.jpg'><img loading=\"lazy\" decoding=\"async\" width=\"250\" height=\"250\" src=\"https:\/\/www.filantropiacortessolari.cl\/wp-content\/uploads\/2020\/03\/Meri-CambioClimatico_877-1-250x250.jpg\" class=\"attachment-square-thumb size-square-thumb\" alt=\"\" srcset=\"https:\/\/www.filantropiacortessolari.cl\/wp-content\/uploads\/2020\/03\/Meri-CambioClimatico_877-1-250x250.jpg 250w, https:\/\/www.filantropiacortessolari.cl\/wp-content\/uploads\/2020\/03\/Meri-CambioClimatico_877-1-150x150.jpg 150w, https:\/\/www.filantropiacortessolari.cl\/wp-content\/uploads\/2020\/03\/Meri-CambioClimatico_877-1-55x55.jpg 55w\" sizes=\"auto, (max-width: 250px) 100vw, 250px\" \/><\/a>\n\t\t\t<\/div><\/figure><figure class='gallery-item'>\n\t\t\t<div class='gallery-icon landscape'>\n\t\t\t\t<a href='https:\/\/www.filantropiacortessolari.cl\/wp-content\/uploads\/2020\/03\/Meri-CambioClimatico_943.jpg'><img loading=\"lazy\" decoding=\"async\" width=\"250\" height=\"250\" src=\"https:\/\/www.filantropiacortessolari.cl\/wp-content\/uploads\/2020\/03\/Meri-CambioClimatico_943-250x250.jpg\" class=\"attachment-square-thumb size-square-thumb\" alt=\"\" srcset=\"https:\/\/www.filantropiacortessolari.cl\/wp-content\/uploads\/2020\/03\/Meri-CambioClimatico_943-250x250.jpg 250w, https:\/\/www.filantropiacortessolari.cl\/wp-content\/uploads\/2020\/03\/Meri-CambioClimatico_943-150x150.jpg 150w, https:\/\/www.filantropiacortessolari.cl\/wp-content\/uploads\/2020\/03\/Meri-CambioClimatico_943-55x55.jpg 55w\" sizes=\"auto, (max-width: 250px) 100vw, 250px\" \/><\/a>\n\t\t\t<\/div><\/figure><figure class='gallery-item'>\n\t\t\t<div class='gallery-icon landscape'>\n\t\t\t\t<a href='https:\/\/www.filantropiacortessolari.cl\/wp-content\/uploads\/2020\/03\/Meri-CambioClimatico_947.jpg'><img loading=\"lazy\" decoding=\"async\" width=\"250\" height=\"250\" src=\"https:\/\/www.filantropiacortessolari.cl\/wp-content\/uploads\/2020\/03\/Meri-CambioClimatico_947-250x250.jpg\" class=\"attachment-square-thumb size-square-thumb\" alt=\"\" srcset=\"https:\/\/www.filantropiacortessolari.cl\/wp-content\/uploads\/2020\/03\/Meri-CambioClimatico_947-250x250.jpg 250w, https:\/\/www.filantropiacortessolari.cl\/wp-content\/uploads\/2020\/03\/Meri-CambioClimatico_947-150x150.jpg 150w, https:\/\/www.filantropiacortessolari.cl\/wp-content\/uploads\/2020\/03\/Meri-CambioClimatico_947-55x55.jpg 55w\" sizes=\"auto, (max-width: 250px) 100vw, 250px\" \/><\/a>\n\t\t\t<\/div><\/figure>\n\t\t<\/div>\n<iframe loading=\"lazy\" src=\"https:\/\/www.youtube.com\/embed\/qb_rY26ysuc\" width=\"100%\" height=\"450\" frameborder=\"0\" allowfullscreen=\"allowfullscreen\"><\/iframe>\n<\/div>\n<\/div><\/div>\n<\/div>\n<\/div>\n<\/div>\n<\/div>\n<\/div>\n<\/div>\n<\/div>\n<div id=\"cmsms_row_69eebac4214c62_56747656\" class=\"cmsms_row cmsms_color_scheme_default\">\n<div class=\"cmsms_row_outer_parent\">\n<div class=\"cmsms_row_outer\">\n<div class=\"cmsms_row_inner\">\n<div class=\"cmsms_row_margin\">\n<div class=\"cmsms_column one_first\">\n<div class=\"aligncenter\">\n<div class=\"cmsms_img  cmsms_image_c\">\n<img decoding=\"async\" src=\"https:\/\/www.filantropiacortessolari.cl\/wp-content\/uploads\/2020\/03\/reemplazo-dia2.jpg\" \/>\n<\/div>\n<\/div>\n<\/div>\n<\/div>\n<\/div>\n<\/div>\n<\/div>\n<\/div>\n<div id=\"cmsms_row_69eebac4216449_05845692\" class=\"cmsms_row cmsms_color_scheme_default\">\n<div class=\"cmsms_row_outer_parent\">\n<div class=\"cmsms_row_outer\">\n<div class=\"cmsms_row_inner\">\n<div class=\"cmsms_row_margin\">\n<div class=\"cmsms_column one_first\">\n<div class=\"cmsms_text\">\n<h2>Day 2 \u201cFirst Conference on Climate Change, Scientific Evidence and Public Policy for Latin America and the Caribbean\u201d<\/h2>\n<\/div>\n\n<div id=\"cmsms_divider_69eebac4218758_20301218\" class=\"cl\"><\/div>\n<div class=\"cmsms_tabs tabs_mode_tour tabs_pos_left\">\n<ul class=\"cmsms_tabs_list\">\n<li id=\"cmsms_tabs_list_item_69eebac4219404_50054553\" class=\"cmsms_tabs_list_item current_tab\">\n<a href=\"#\">\n<span>Welcome<\/span>\n<\/a>\n<\/li><li id=\"cmsms_tabs_list_item_69eebac421ed63_85128534\" class=\"cmsms_tabs_list_item\">\n<a href=\"#\">\n<span>Mitigation<\/span>\n<\/a>\n<\/li><li id=\"cmsms_tabs_list_item_69eebac4224a62_32242164\" class=\"cmsms_tabs_list_item\">\n<a href=\"#\">\n<span>Climate Governance<\/span>\n<\/a>\n<\/li><li id=\"cmsms_tabs_list_item_69eebac422a673_06571448\" class=\"cmsms_tabs_list_item\">\n<a href=\"#\">\n<span>Panel 4<\/span>\n<\/a>\n<\/li><li id=\"cmsms_tabs_list_item_69eebac4230b14_68868814\" class=\"cmsms_tabs_list_item\">\n<a href=\"#\">\n<span>Oceans and Cryosphere<\/span>\n<\/a>\n<\/li><li id=\"cmsms_tabs_list_item_69eebac4237232_40524609\" class=\"cmsms_tabs_list_item\">\n<a href=\"#\">\n<span>Panel 5<\/span>\n<\/a>\n<\/li><li id=\"cmsms_tabs_list_item_69eebac423df97_50475991\" class=\"cmsms_tabs_list_item\">\n<a href=\"#\">\n<span>Panel 6<\/span>\n<\/a>\n<\/li><\/ul>\n<div class=\"cmsms_tabs_wrap\">\n<div id=\"cmsms_tab_69eebac4219404_50054553\" class=\"cmsms_tab active_tab\">\n<div class=\"cmsms_tab_inner\">\n<h2><span style=\"color: #ffffff;\">Welcome<\/span><\/h2>\n<p>Welcoming remarks by authorities on the second day of the \u201cFirst Conference on Climate Change, Scientific Evidence and Public Policy for Latin America and the Caribbean\u201d.<\/p>\n<ol>\n<li>Andr\u00e9s Couve, Minister of Science of Chile<\/li>\n<li>Thelma Krug, Vice-Chair IPCC<\/li>\n<li>Francisca Cort\u00e9s Solari, Executive President of Filantrop\u00eda Cort\u00e9s Solari<\/li>\n<li>Alicia B\u00e1rcena, Executive Secretary for Latin America, ECLAC<\/li>\n<\/ol>\n<div id='gallery-9' class='gallery galleryid-9592 gallery-columns-4 gallery-size-square-thumb'><figure class='gallery-item'>\n\t\t\t<div class='gallery-icon landscape'>\n\t\t\t\t<a href='https:\/\/www.filantropiacortessolari.cl\/wp-content\/uploads\/2020\/03\/MG_2167.jpg'><img loading=\"lazy\" decoding=\"async\" width=\"250\" height=\"250\" src=\"https:\/\/www.filantropiacortessolari.cl\/wp-content\/uploads\/2020\/03\/MG_2167-250x250.jpg\" class=\"attachment-square-thumb size-square-thumb\" alt=\"\" srcset=\"https:\/\/www.filantropiacortessolari.cl\/wp-content\/uploads\/2020\/03\/MG_2167-250x250.jpg 250w, https:\/\/www.filantropiacortessolari.cl\/wp-content\/uploads\/2020\/03\/MG_2167-150x150.jpg 150w, https:\/\/www.filantropiacortessolari.cl\/wp-content\/uploads\/2020\/03\/MG_2167-55x55.jpg 55w\" sizes=\"auto, (max-width: 250px) 100vw, 250px\" \/><\/a>\n\t\t\t<\/div><\/figure><figure class='gallery-item'>\n\t\t\t<div class='gallery-icon landscape'>\n\t\t\t\t<a href='https:\/\/www.filantropiacortessolari.cl\/wp-content\/uploads\/2020\/03\/MG_2283.jpg'><img loading=\"lazy\" decoding=\"async\" width=\"250\" height=\"250\" src=\"https:\/\/www.filantropiacortessolari.cl\/wp-content\/uploads\/2020\/03\/MG_2283-250x250.jpg\" class=\"attachment-square-thumb size-square-thumb\" alt=\"\" srcset=\"https:\/\/www.filantropiacortessolari.cl\/wp-content\/uploads\/2020\/03\/MG_2283-250x250.jpg 250w, https:\/\/www.filantropiacortessolari.cl\/wp-content\/uploads\/2020\/03\/MG_2283-150x150.jpg 150w, https:\/\/www.filantropiacortessolari.cl\/wp-content\/uploads\/2020\/03\/MG_2283-55x55.jpg 55w\" sizes=\"auto, (max-width: 250px) 100vw, 250px\" \/><\/a>\n\t\t\t<\/div><\/figure><figure class='gallery-item'>\n\t\t\t<div class='gallery-icon landscape'>\n\t\t\t\t<a href='https:\/\/www.filantropiacortessolari.cl\/wp-content\/uploads\/2020\/03\/MG_2226-1.jpg'><img loading=\"lazy\" decoding=\"async\" width=\"250\" height=\"250\" src=\"https:\/\/www.filantropiacortessolari.cl\/wp-content\/uploads\/2020\/03\/MG_2226-1-250x250.jpg\" class=\"attachment-square-thumb size-square-thumb\" alt=\"\" srcset=\"https:\/\/www.filantropiacortessolari.cl\/wp-content\/uploads\/2020\/03\/MG_2226-1-250x250.jpg 250w, https:\/\/www.filantropiacortessolari.cl\/wp-content\/uploads\/2020\/03\/MG_2226-1-150x150.jpg 150w, https:\/\/www.filantropiacortessolari.cl\/wp-content\/uploads\/2020\/03\/MG_2226-1-55x55.jpg 55w\" sizes=\"auto, (max-width: 250px) 100vw, 250px\" \/><\/a>\n\t\t\t<\/div><\/figure><figure class='gallery-item'>\n\t\t\t<div class='gallery-icon landscape'>\n\t\t\t\t<a href='https:\/\/www.filantropiacortessolari.cl\/wp-content\/uploads\/2020\/03\/MG_2214-1.jpg'><img loading=\"lazy\" decoding=\"async\" width=\"250\" height=\"250\" src=\"https:\/\/www.filantropiacortessolari.cl\/wp-content\/uploads\/2020\/03\/MG_2214-1-250x250.jpg\" class=\"attachment-square-thumb size-square-thumb\" alt=\"\" srcset=\"https:\/\/www.filantropiacortessolari.cl\/wp-content\/uploads\/2020\/03\/MG_2214-1-250x250.jpg 250w, https:\/\/www.filantropiacortessolari.cl\/wp-content\/uploads\/2020\/03\/MG_2214-1-150x150.jpg 150w, https:\/\/www.filantropiacortessolari.cl\/wp-content\/uploads\/2020\/03\/MG_2214-1-55x55.jpg 55w\" sizes=\"auto, (max-width: 250px) 100vw, 250px\" \/><\/a>\n\t\t\t<\/div><\/figure>\n\t\t<\/div>\n<iframe loading=\"lazy\" src=\"https:\/\/www.youtube.com\/embed\/IGcLzpGkwrQ\" width=\"100%\" height=\"450\" frameborder=\"0\" allowfullscreen=\"allowfullscreen\"><\/iframe>\n<\/div>\n<\/div><div id=\"cmsms_tab_69eebac421ed63_85128534\" class=\"cmsms_tab\">\n<div class=\"cmsms_tab_inner\">\n<h2><span style=\"color: #ffffff;\">The role of the IPCC in Latin America and the Caribbean in Mitigation Decision Making<\/span><\/h2>\n<ol>\n<li>Dr. Thelma Krug, IPCC Vice-Chair (Key note speaker)<\/li>\n<li>Dr. Carolina Vera, Vice-Chair of Working Group I of the IPCC<\/li>\n<li>Dr. Maisa Rojas, IPCC Lead Author (Panelist) &#8211; <a href=\"https:\/\/www.filantropiacortessolari.cl\/wp-content\/uploads\/2020\/03\/3.Maisa-Rojas.pdf\" target=\"_blank\" rel=\"noopener noreferrer\">PDF presentation<\/a><\/li>\n<li>Dr. Carlos M\u00e9ndez, Vice-Chair of Working Group I of the IPCC<\/li>\n<\/ol>\n<p>Moderator: Patricia Morales<\/p>\n<div id='gallery-10' class='gallery galleryid-9592 gallery-columns-4 gallery-size-square-thumb'><figure class='gallery-item'>\n\t\t\t<div class='gallery-icon landscape'>\n\t\t\t\t<a href='https:\/\/www.filantropiacortessolari.cl\/wp-content\/uploads\/2020\/03\/MG_2344-1.jpg'><img loading=\"lazy\" decoding=\"async\" width=\"250\" height=\"250\" src=\"https:\/\/www.filantropiacortessolari.cl\/wp-content\/uploads\/2020\/03\/MG_2344-1-250x250.jpg\" class=\"attachment-square-thumb size-square-thumb\" alt=\"\" srcset=\"https:\/\/www.filantropiacortessolari.cl\/wp-content\/uploads\/2020\/03\/MG_2344-1-250x250.jpg 250w, https:\/\/www.filantropiacortessolari.cl\/wp-content\/uploads\/2020\/03\/MG_2344-1-150x150.jpg 150w, https:\/\/www.filantropiacortessolari.cl\/wp-content\/uploads\/2020\/03\/MG_2344-1-55x55.jpg 55w\" sizes=\"auto, (max-width: 250px) 100vw, 250px\" \/><\/a>\n\t\t\t<\/div><\/figure><figure class='gallery-item'>\n\t\t\t<div class='gallery-icon landscape'>\n\t\t\t\t<a href='https:\/\/www.filantropiacortessolari.cl\/wp-content\/uploads\/2020\/03\/MG_2349.jpg'><img loading=\"lazy\" decoding=\"async\" width=\"250\" height=\"250\" src=\"https:\/\/www.filantropiacortessolari.cl\/wp-content\/uploads\/2020\/03\/MG_2349-250x250.jpg\" class=\"attachment-square-thumb size-square-thumb\" alt=\"\" srcset=\"https:\/\/www.filantropiacortessolari.cl\/wp-content\/uploads\/2020\/03\/MG_2349-250x250.jpg 250w, https:\/\/www.filantropiacortessolari.cl\/wp-content\/uploads\/2020\/03\/MG_2349-150x150.jpg 150w, https:\/\/www.filantropiacortessolari.cl\/wp-content\/uploads\/2020\/03\/MG_2349-55x55.jpg 55w\" sizes=\"auto, (max-width: 250px) 100vw, 250px\" \/><\/a>\n\t\t\t<\/div><\/figure><figure class='gallery-item'>\n\t\t\t<div class='gallery-icon landscape'>\n\t\t\t\t<a href='https:\/\/www.filantropiacortessolari.cl\/wp-content\/uploads\/2020\/03\/MG_2359.jpg'><img loading=\"lazy\" decoding=\"async\" width=\"250\" height=\"250\" src=\"https:\/\/www.filantropiacortessolari.cl\/wp-content\/uploads\/2020\/03\/MG_2359-250x250.jpg\" class=\"attachment-square-thumb size-square-thumb\" alt=\"\" srcset=\"https:\/\/www.filantropiacortessolari.cl\/wp-content\/uploads\/2020\/03\/MG_2359-250x250.jpg 250w, https:\/\/www.filantropiacortessolari.cl\/wp-content\/uploads\/2020\/03\/MG_2359-150x150.jpg 150w, https:\/\/www.filantropiacortessolari.cl\/wp-content\/uploads\/2020\/03\/MG_2359-55x55.jpg 55w\" sizes=\"auto, (max-width: 250px) 100vw, 250px\" \/><\/a>\n\t\t\t<\/div><\/figure><figure class='gallery-item'>\n\t\t\t<div class='gallery-icon landscape'>\n\t\t\t\t<a href='https:\/\/www.filantropiacortessolari.cl\/wp-content\/uploads\/2020\/03\/MG_2364-1.jpg'><img loading=\"lazy\" decoding=\"async\" width=\"250\" height=\"250\" src=\"https:\/\/www.filantropiacortessolari.cl\/wp-content\/uploads\/2020\/03\/MG_2364-1-250x250.jpg\" class=\"attachment-square-thumb size-square-thumb\" alt=\"\" srcset=\"https:\/\/www.filantropiacortessolari.cl\/wp-content\/uploads\/2020\/03\/MG_2364-1-250x250.jpg 250w, https:\/\/www.filantropiacortessolari.cl\/wp-content\/uploads\/2020\/03\/MG_2364-1-150x150.jpg 150w, https:\/\/www.filantropiacortessolari.cl\/wp-content\/uploads\/2020\/03\/MG_2364-1-55x55.jpg 55w\" sizes=\"auto, (max-width: 250px) 100vw, 250px\" \/><\/a>\n\t\t\t<\/div><\/figure><figure class='gallery-item'>\n\t\t\t<div class='gallery-icon landscape'>\n\t\t\t\t<a href='https:\/\/www.filantropiacortessolari.cl\/wp-content\/uploads\/2020\/03\/MG_2378.jpg'><img loading=\"lazy\" decoding=\"async\" width=\"250\" height=\"250\" src=\"https:\/\/www.filantropiacortessolari.cl\/wp-content\/uploads\/2020\/03\/MG_2378-250x250.jpg\" class=\"attachment-square-thumb size-square-thumb\" alt=\"\" srcset=\"https:\/\/www.filantropiacortessolari.cl\/wp-content\/uploads\/2020\/03\/MG_2378-250x250.jpg 250w, https:\/\/www.filantropiacortessolari.cl\/wp-content\/uploads\/2020\/03\/MG_2378-150x150.jpg 150w, https:\/\/www.filantropiacortessolari.cl\/wp-content\/uploads\/2020\/03\/MG_2378-55x55.jpg 55w\" sizes=\"auto, (max-width: 250px) 100vw, 250px\" \/><\/a>\n\t\t\t<\/div><\/figure>\n\t\t<\/div>\n<iframe loading=\"lazy\" src=\"https:\/\/www.youtube.com\/embed\/Zdd4HSao7wE\" width=\"100%\" height=\"450\" frameborder=\"0\" allowfullscreen=\"allowfullscreen\"><\/iframe>\n<\/div>\n<\/div><div id=\"cmsms_tab_69eebac4224a62_32242164\" class=\"cmsms_tab\">\n<div class=\"cmsms_tab_inner\">\n<h2><span style=\"color: #ffffff;\">IPCC Results: Climate Governance<\/span><\/h2>\n<ol>\n<li>Dr. Pilar Moraga, Principal Investigator of the Governance and Science-Policy Interface Research Line (CR2) &#8211; <a href=\"https:\/\/www.filantropiacortessolari.cl\/wp-content\/uploads\/2020\/03\/Pilar-Moraga.pdf\" target=\"_blank\" rel=\"noopener noreferrer\">PDF presentation<\/a><\/li>\n<\/ol>\n<div id='gallery-11' class='gallery galleryid-9592 gallery-columns-4 gallery-size-square-thumb'><figure class='gallery-item'>\n\t\t\t<div class='gallery-icon landscape'>\n\t\t\t\t<a href='https:\/\/www.filantropiacortessolari.cl\/wp-content\/uploads\/2020\/03\/MG_2386.jpg'><img loading=\"lazy\" decoding=\"async\" width=\"250\" height=\"250\" src=\"https:\/\/www.filantropiacortessolari.cl\/wp-content\/uploads\/2020\/03\/MG_2386-250x250.jpg\" class=\"attachment-square-thumb size-square-thumb\" alt=\"\" srcset=\"https:\/\/www.filantropiacortessolari.cl\/wp-content\/uploads\/2020\/03\/MG_2386-250x250.jpg 250w, https:\/\/www.filantropiacortessolari.cl\/wp-content\/uploads\/2020\/03\/MG_2386-150x150.jpg 150w, https:\/\/www.filantropiacortessolari.cl\/wp-content\/uploads\/2020\/03\/MG_2386-55x55.jpg 55w\" sizes=\"auto, (max-width: 250px) 100vw, 250px\" \/><\/a>\n\t\t\t<\/div><\/figure><figure class='gallery-item'>\n\t\t\t<div class='gallery-icon landscape'>\n\t\t\t\t<a href='https:\/\/www.filantropiacortessolari.cl\/wp-content\/uploads\/2020\/03\/MG_2410-1.jpg'><img loading=\"lazy\" decoding=\"async\" width=\"250\" height=\"250\" src=\"https:\/\/www.filantropiacortessolari.cl\/wp-content\/uploads\/2020\/03\/MG_2410-1-250x250.jpg\" class=\"attachment-square-thumb size-square-thumb\" alt=\"\" srcset=\"https:\/\/www.filantropiacortessolari.cl\/wp-content\/uploads\/2020\/03\/MG_2410-1-250x250.jpg 250w, https:\/\/www.filantropiacortessolari.cl\/wp-content\/uploads\/2020\/03\/MG_2410-1-150x150.jpg 150w, https:\/\/www.filantropiacortessolari.cl\/wp-content\/uploads\/2020\/03\/MG_2410-1-55x55.jpg 55w\" sizes=\"auto, (max-width: 250px) 100vw, 250px\" \/><\/a>\n\t\t\t<\/div><\/figure><figure class='gallery-item'>\n\t\t\t<div class='gallery-icon landscape'>\n\t\t\t\t<a href='https:\/\/www.filantropiacortessolari.cl\/wp-content\/uploads\/2020\/03\/MG_2429.jpg'><img loading=\"lazy\" decoding=\"async\" width=\"250\" height=\"250\" src=\"https:\/\/www.filantropiacortessolari.cl\/wp-content\/uploads\/2020\/03\/MG_2429-250x250.jpg\" class=\"attachment-square-thumb size-square-thumb\" alt=\"\" srcset=\"https:\/\/www.filantropiacortessolari.cl\/wp-content\/uploads\/2020\/03\/MG_2429-250x250.jpg 250w, https:\/\/www.filantropiacortessolari.cl\/wp-content\/uploads\/2020\/03\/MG_2429-150x150.jpg 150w, https:\/\/www.filantropiacortessolari.cl\/wp-content\/uploads\/2020\/03\/MG_2429-55x55.jpg 55w\" sizes=\"auto, (max-width: 250px) 100vw, 250px\" \/><\/a>\n\t\t\t<\/div><\/figure><figure class='gallery-item'>\n\t\t\t<div class='gallery-icon landscape'>\n\t\t\t\t<a href='https:\/\/www.filantropiacortessolari.cl\/wp-content\/uploads\/2020\/03\/chris-gallagher-4zxp5vlmvnI-unsplash.jpg'><img loading=\"lazy\" decoding=\"async\" width=\"250\" height=\"250\" src=\"https:\/\/www.filantropiacortessolari.cl\/wp-content\/uploads\/2020\/03\/chris-gallagher-4zxp5vlmvnI-unsplash-250x250.jpg\" class=\"attachment-square-thumb size-square-thumb\" alt=\"\" srcset=\"https:\/\/www.filantropiacortessolari.cl\/wp-content\/uploads\/2020\/03\/chris-gallagher-4zxp5vlmvnI-unsplash-250x250.jpg 250w, https:\/\/www.filantropiacortessolari.cl\/wp-content\/uploads\/2020\/03\/chris-gallagher-4zxp5vlmvnI-unsplash-150x150.jpg 150w, https:\/\/www.filantropiacortessolari.cl\/wp-content\/uploads\/2020\/03\/chris-gallagher-4zxp5vlmvnI-unsplash-55x55.jpg 55w\" sizes=\"auto, (max-width: 250px) 100vw, 250px\" \/><\/a>\n\t\t\t<\/div><\/figure><figure class='gallery-item'>\n\t\t\t<div class='gallery-icon landscape'>\n\t\t\t\t<a href='https:\/\/www.filantropiacortessolari.cl\/wp-content\/uploads\/2020\/03\/matt-howard-eAKDzK4lo4o-unsplash.jpg'><img loading=\"lazy\" decoding=\"async\" width=\"250\" height=\"250\" src=\"https:\/\/www.filantropiacortessolari.cl\/wp-content\/uploads\/2020\/03\/matt-howard-eAKDzK4lo4o-unsplash-250x250.jpg\" class=\"attachment-square-thumb size-square-thumb\" alt=\"\" srcset=\"https:\/\/www.filantropiacortessolari.cl\/wp-content\/uploads\/2020\/03\/matt-howard-eAKDzK4lo4o-unsplash-250x250.jpg 250w, https:\/\/www.filantropiacortessolari.cl\/wp-content\/uploads\/2020\/03\/matt-howard-eAKDzK4lo4o-unsplash-150x150.jpg 150w, https:\/\/www.filantropiacortessolari.cl\/wp-content\/uploads\/2020\/03\/matt-howard-eAKDzK4lo4o-unsplash-55x55.jpg 55w\" sizes=\"auto, (max-width: 250px) 100vw, 250px\" \/><\/a>\n\t\t\t<\/div><\/figure>\n\t\t<\/div>\n<iframe loading=\"lazy\" src=\"https:\/\/www.youtube.com\/embed\/DjOdP9SVjHU\" width=\"100%\" height=\"450\" frameborder=\"0\" allowfullscreen=\"allowfullscreen\"><\/iframe>\n<\/div>\n<\/div><div id=\"cmsms_tab_69eebac422a673_06571448\" class=\"cmsms_tab\">\n<div class=\"cmsms_tab_inner\">\n<h2><span style=\"color: #ffffff;\">Panel 4 Governance and Climate Change<\/span><\/h2>\n<ol>\n<li>Marcelo Mena, PUC Professor<\/li>\n<li>Maximiliano Reyes, Secretary of Foreign Affairs of Mexico &#8211; <a href=\"https:\/\/www.filantropiacortessolari.cl\/wp-content\/uploads\/2020\/03\/2.Maximiliano-Reyes.pdf\" target=\"_blank\" rel=\"noopener noreferrer\">PDF presentation<\/a><\/li>\n<li>Ciro Colombara, Lawyer and partner of RCZ Abogados<\/li>\n<li>Leonardo Mu\u00f1oz, Representative of the Ministry of Science of Chile<\/li>\n<li>Dr. Carolina Vera, Vice-Chair of Working Group I of the IPCC<\/li>\n<li>Thelma Krug, IPCC Vice-Chair<\/li>\n<li>Jose Eduardo Alatorre, ECLAC Representative<\/li>\n<\/ol>\n<p>Coordinator: Patricia Morales, CEO of Filantrop\u00eda Cort\u00e9s Solari<\/p>\n<div id='gallery-12' class='gallery galleryid-9592 gallery-columns-4 gallery-size-square-thumb'><figure class='gallery-item'>\n\t\t\t<div class='gallery-icon landscape'>\n\t\t\t\t<a href='https:\/\/www.filantropiacortessolari.cl\/wp-content\/uploads\/2020\/03\/MG_2549.jpg'><img loading=\"lazy\" decoding=\"async\" width=\"250\" height=\"250\" src=\"https:\/\/www.filantropiacortessolari.cl\/wp-content\/uploads\/2020\/03\/MG_2549-250x250.jpg\" class=\"attachment-square-thumb size-square-thumb\" alt=\"\" srcset=\"https:\/\/www.filantropiacortessolari.cl\/wp-content\/uploads\/2020\/03\/MG_2549-250x250.jpg 250w, https:\/\/www.filantropiacortessolari.cl\/wp-content\/uploads\/2020\/03\/MG_2549-150x150.jpg 150w, https:\/\/www.filantropiacortessolari.cl\/wp-content\/uploads\/2020\/03\/MG_2549-55x55.jpg 55w\" sizes=\"auto, (max-width: 250px) 100vw, 250px\" \/><\/a>\n\t\t\t<\/div><\/figure><figure class='gallery-item'>\n\t\t\t<div class='gallery-icon landscape'>\n\t\t\t\t<a href='https:\/\/www.filantropiacortessolari.cl\/wp-content\/uploads\/2020\/03\/MG_2437.jpg'><img loading=\"lazy\" decoding=\"async\" width=\"250\" height=\"250\" src=\"https:\/\/www.filantropiacortessolari.cl\/wp-content\/uploads\/2020\/03\/MG_2437-250x250.jpg\" class=\"attachment-square-thumb size-square-thumb\" alt=\"\" srcset=\"https:\/\/www.filantropiacortessolari.cl\/wp-content\/uploads\/2020\/03\/MG_2437-250x250.jpg 250w, https:\/\/www.filantropiacortessolari.cl\/wp-content\/uploads\/2020\/03\/MG_2437-150x150.jpg 150w, https:\/\/www.filantropiacortessolari.cl\/wp-content\/uploads\/2020\/03\/MG_2437-55x55.jpg 55w\" sizes=\"auto, (max-width: 250px) 100vw, 250px\" \/><\/a>\n\t\t\t<\/div><\/figure><figure class='gallery-item'>\n\t\t\t<div class='gallery-icon landscape'>\n\t\t\t\t<a href='https:\/\/www.filantropiacortessolari.cl\/wp-content\/uploads\/2020\/03\/MG_2457.jpg'><img loading=\"lazy\" decoding=\"async\" width=\"250\" height=\"250\" src=\"https:\/\/www.filantropiacortessolari.cl\/wp-content\/uploads\/2020\/03\/MG_2457-250x250.jpg\" class=\"attachment-square-thumb size-square-thumb\" alt=\"\" srcset=\"https:\/\/www.filantropiacortessolari.cl\/wp-content\/uploads\/2020\/03\/MG_2457-250x250.jpg 250w, https:\/\/www.filantropiacortessolari.cl\/wp-content\/uploads\/2020\/03\/MG_2457-150x150.jpg 150w, https:\/\/www.filantropiacortessolari.cl\/wp-content\/uploads\/2020\/03\/MG_2457-55x55.jpg 55w\" sizes=\"auto, (max-width: 250px) 100vw, 250px\" \/><\/a>\n\t\t\t<\/div><\/figure><figure class='gallery-item'>\n\t\t\t<div class='gallery-icon landscape'>\n\t\t\t\t<a href='https:\/\/www.filantropiacortessolari.cl\/wp-content\/uploads\/2020\/03\/MG_2460.jpg'><img loading=\"lazy\" decoding=\"async\" width=\"250\" height=\"250\" src=\"https:\/\/www.filantropiacortessolari.cl\/wp-content\/uploads\/2020\/03\/MG_2460-250x250.jpg\" class=\"attachment-square-thumb size-square-thumb\" alt=\"\" srcset=\"https:\/\/www.filantropiacortessolari.cl\/wp-content\/uploads\/2020\/03\/MG_2460-250x250.jpg 250w, https:\/\/www.filantropiacortessolari.cl\/wp-content\/uploads\/2020\/03\/MG_2460-150x150.jpg 150w, https:\/\/www.filantropiacortessolari.cl\/wp-content\/uploads\/2020\/03\/MG_2460-55x55.jpg 55w\" sizes=\"auto, (max-width: 250px) 100vw, 250px\" \/><\/a>\n\t\t\t<\/div><\/figure><figure class='gallery-item'>\n\t\t\t<div class='gallery-icon landscape'>\n\t\t\t\t<a href='https:\/\/www.filantropiacortessolari.cl\/wp-content\/uploads\/2020\/03\/MG_2496.jpg'><img loading=\"lazy\" decoding=\"async\" width=\"250\" height=\"250\" src=\"https:\/\/www.filantropiacortessolari.cl\/wp-content\/uploads\/2020\/03\/MG_2496-250x250.jpg\" class=\"attachment-square-thumb size-square-thumb\" alt=\"\" srcset=\"https:\/\/www.filantropiacortessolari.cl\/wp-content\/uploads\/2020\/03\/MG_2496-250x250.jpg 250w, https:\/\/www.filantropiacortessolari.cl\/wp-content\/uploads\/2020\/03\/MG_2496-150x150.jpg 150w, https:\/\/www.filantropiacortessolari.cl\/wp-content\/uploads\/2020\/03\/MG_2496-55x55.jpg 55w\" sizes=\"auto, (max-width: 250px) 100vw, 250px\" \/><\/a>\n\t\t\t<\/div><\/figure><figure class='gallery-item'>\n\t\t\t<div class='gallery-icon landscape'>\n\t\t\t\t<a href='https:\/\/www.filantropiacortessolari.cl\/wp-content\/uploads\/2020\/03\/MG_2522.jpg'><img loading=\"lazy\" decoding=\"async\" width=\"250\" height=\"250\" src=\"https:\/\/www.filantropiacortessolari.cl\/wp-content\/uploads\/2020\/03\/MG_2522-250x250.jpg\" class=\"attachment-square-thumb size-square-thumb\" alt=\"\" srcset=\"https:\/\/www.filantropiacortessolari.cl\/wp-content\/uploads\/2020\/03\/MG_2522-250x250.jpg 250w, https:\/\/www.filantropiacortessolari.cl\/wp-content\/uploads\/2020\/03\/MG_2522-150x150.jpg 150w, https:\/\/www.filantropiacortessolari.cl\/wp-content\/uploads\/2020\/03\/MG_2522-55x55.jpg 55w\" sizes=\"auto, (max-width: 250px) 100vw, 250px\" \/><\/a>\n\t\t\t<\/div><\/figure>\n\t\t<\/div>\n<iframe loading=\"lazy\" src=\"https:\/\/www.youtube.com\/embed\/K2aWQA5sV7w\" width=\"100%\" height=\"450\" frameborder=\"0\" allowfullscreen=\"allowfullscreen\"><\/iframe>\n<\/div>\n<\/div><div id=\"cmsms_tab_69eebac4230b14_68868814\" class=\"cmsms_tab\">\n<div class=\"cmsms_tab_inner\">\n<h2><span style=\"color: #ffffff;\">IPCC Report on Oceans and Cryosphere. High Mountain Areas Chapter.<\/span><\/h2>\n<ol>\n<li>Sebasti\u00e1n Vicu\u00f1a, Director of the Center for Global Change &#8211; <a href=\"https:\/\/www.filantropiacortessolari.cl\/wp-content\/uploads\/2020\/03\/Sebasti\u00e1n-Vicu\u00f1a.pdf\" target=\"_blank\" rel=\"noopener noreferrer\">PDF presentation<\/a><\/li>\n<\/ol>\n<div id='gallery-13' class='gallery galleryid-9592 gallery-columns-4 gallery-size-square-thumb'><figure class='gallery-item'>\n\t\t\t<div class='gallery-icon landscape'>\n\t\t\t\t<a href='https:\/\/www.filantropiacortessolari.cl\/wp-content\/uploads\/2020\/03\/MG_2593-1.jpg'><img loading=\"lazy\" decoding=\"async\" width=\"250\" height=\"250\" src=\"https:\/\/www.filantropiacortessolari.cl\/wp-content\/uploads\/2020\/03\/MG_2593-1-250x250.jpg\" class=\"attachment-square-thumb size-square-thumb\" alt=\"\" srcset=\"https:\/\/www.filantropiacortessolari.cl\/wp-content\/uploads\/2020\/03\/MG_2593-1-250x250.jpg 250w, https:\/\/www.filantropiacortessolari.cl\/wp-content\/uploads\/2020\/03\/MG_2593-1-150x150.jpg 150w, https:\/\/www.filantropiacortessolari.cl\/wp-content\/uploads\/2020\/03\/MG_2593-1-55x55.jpg 55w\" sizes=\"auto, (max-width: 250px) 100vw, 250px\" \/><\/a>\n\t\t\t<\/div><\/figure><figure class='gallery-item'>\n\t\t\t<div class='gallery-icon landscape'>\n\t\t\t\t<a href='https:\/\/www.filantropiacortessolari.cl\/wp-content\/uploads\/2020\/03\/MG_2606.jpg'><img loading=\"lazy\" decoding=\"async\" width=\"250\" height=\"250\" src=\"https:\/\/www.filantropiacortessolari.cl\/wp-content\/uploads\/2020\/03\/MG_2606-250x250.jpg\" class=\"attachment-square-thumb size-square-thumb\" alt=\"\" srcset=\"https:\/\/www.filantropiacortessolari.cl\/wp-content\/uploads\/2020\/03\/MG_2606-250x250.jpg 250w, https:\/\/www.filantropiacortessolari.cl\/wp-content\/uploads\/2020\/03\/MG_2606-150x150.jpg 150w, https:\/\/www.filantropiacortessolari.cl\/wp-content\/uploads\/2020\/03\/MG_2606-55x55.jpg 55w\" sizes=\"auto, (max-width: 250px) 100vw, 250px\" \/><\/a>\n\t\t\t<\/div><\/figure><figure class='gallery-item'>\n\t\t\t<div class='gallery-icon landscape'>\n\t\t\t\t<a href='https:\/\/www.filantropiacortessolari.cl\/wp-content\/uploads\/2020\/03\/jairo-gallegos-LxeYacAcVX0-unsplash.jpg'><img loading=\"lazy\" decoding=\"async\" width=\"250\" height=\"250\" src=\"https:\/\/www.filantropiacortessolari.cl\/wp-content\/uploads\/2020\/03\/jairo-gallegos-LxeYacAcVX0-unsplash-250x250.jpg\" class=\"attachment-square-thumb size-square-thumb\" alt=\"\" srcset=\"https:\/\/www.filantropiacortessolari.cl\/wp-content\/uploads\/2020\/03\/jairo-gallegos-LxeYacAcVX0-unsplash-250x250.jpg 250w, https:\/\/www.filantropiacortessolari.cl\/wp-content\/uploads\/2020\/03\/jairo-gallegos-LxeYacAcVX0-unsplash-150x150.jpg 150w, https:\/\/www.filantropiacortessolari.cl\/wp-content\/uploads\/2020\/03\/jairo-gallegos-LxeYacAcVX0-unsplash-55x55.jpg 55w\" sizes=\"auto, (max-width: 250px) 100vw, 250px\" \/><\/a>\n\t\t\t<\/div><\/figure><figure class='gallery-item'>\n\t\t\t<div class='gallery-icon landscape'>\n\t\t\t\t<a href='https:\/\/www.filantropiacortessolari.cl\/wp-content\/uploads\/2020\/03\/jairo-gallegos-oSvZn3Xpv3I-unsplash.jpg'><img loading=\"lazy\" decoding=\"async\" width=\"250\" height=\"250\" src=\"https:\/\/www.filantropiacortessolari.cl\/wp-content\/uploads\/2020\/03\/jairo-gallegos-oSvZn3Xpv3I-unsplash-250x250.jpg\" class=\"attachment-square-thumb size-square-thumb\" alt=\"\" srcset=\"https:\/\/www.filantropiacortessolari.cl\/wp-content\/uploads\/2020\/03\/jairo-gallegos-oSvZn3Xpv3I-unsplash-250x250.jpg 250w, https:\/\/www.filantropiacortessolari.cl\/wp-content\/uploads\/2020\/03\/jairo-gallegos-oSvZn3Xpv3I-unsplash-150x150.jpg 150w, https:\/\/www.filantropiacortessolari.cl\/wp-content\/uploads\/2020\/03\/jairo-gallegos-oSvZn3Xpv3I-unsplash-55x55.jpg 55w\" sizes=\"auto, (max-width: 250px) 100vw, 250px\" \/><\/a>\n\t\t\t<\/div><\/figure><figure class='gallery-item'>\n\t\t\t<div class='gallery-icon landscape'>\n\t\t\t\t<a href='https:\/\/www.filantropiacortessolari.cl\/wp-content\/uploads\/2020\/03\/jorge-garrido-gW_ZdQdYO1k-unsplash.jpg'><img loading=\"lazy\" decoding=\"async\" width=\"250\" height=\"250\" src=\"https:\/\/www.filantropiacortessolari.cl\/wp-content\/uploads\/2020\/03\/jorge-garrido-gW_ZdQdYO1k-unsplash-250x250.jpg\" class=\"attachment-square-thumb size-square-thumb\" alt=\"\" srcset=\"https:\/\/www.filantropiacortessolari.cl\/wp-content\/uploads\/2020\/03\/jorge-garrido-gW_ZdQdYO1k-unsplash-250x250.jpg 250w, https:\/\/www.filantropiacortessolari.cl\/wp-content\/uploads\/2020\/03\/jorge-garrido-gW_ZdQdYO1k-unsplash-150x150.jpg 150w, https:\/\/www.filantropiacortessolari.cl\/wp-content\/uploads\/2020\/03\/jorge-garrido-gW_ZdQdYO1k-unsplash-55x55.jpg 55w\" sizes=\"auto, (max-width: 250px) 100vw, 250px\" \/><\/a>\n\t\t\t<\/div><\/figure><figure class='gallery-item'>\n\t\t\t<div class='gallery-icon landscape'>\n\t\t\t\t<a href='https:\/\/www.filantropiacortessolari.cl\/wp-content\/uploads\/2020\/03\/michael-behrens-JP45qVSTza8-unsplash.jpg'><img loading=\"lazy\" decoding=\"async\" width=\"250\" height=\"250\" src=\"https:\/\/www.filantropiacortessolari.cl\/wp-content\/uploads\/2020\/03\/michael-behrens-JP45qVSTza8-unsplash-250x250.jpg\" class=\"attachment-square-thumb size-square-thumb\" alt=\"\" srcset=\"https:\/\/www.filantropiacortessolari.cl\/wp-content\/uploads\/2020\/03\/michael-behrens-JP45qVSTza8-unsplash-250x250.jpg 250w, https:\/\/www.filantropiacortessolari.cl\/wp-content\/uploads\/2020\/03\/michael-behrens-JP45qVSTza8-unsplash-150x150.jpg 150w, https:\/\/www.filantropiacortessolari.cl\/wp-content\/uploads\/2020\/03\/michael-behrens-JP45qVSTza8-unsplash-55x55.jpg 55w\" sizes=\"auto, (max-width: 250px) 100vw, 250px\" \/><\/a>\n\t\t\t<\/div><\/figure>\n\t\t<\/div>\n<iframe loading=\"lazy\" src=\"https:\/\/www.youtube.com\/embed\/HQnF339u6Lk\" width=\"100%\" height=\"450\" frameborder=\"0\" allowfullscreen=\"allowfullscreen\"><\/iframe>\n<\/div>\n<\/div><div id=\"cmsms_tab_69eebac4237232_40524609\" class=\"cmsms_tab\">\n<div class=\"cmsms_tab_inner\">\n<h2><span style=\"color: #ffffff;\">Panel 5 Nature and Society: Reconciling Needs for Water<\/span><\/h2>\n<ol>\n<li>Gustavo Chiang, Scientific Director, MERI Foundation &#8211; <a href=\"https:\/\/www.filantropiacortessolari.cl\/wp-content\/uploads\/2020\/04\/1.Panel-agua-GChiang.pdf\" target=\"_blank\" rel=\"noopener noreferrer\">PDF presentation<\/a><\/li>\n<li>2. In\u00e9s Camilloni, Representative of the Centro de Investigaciones del Mar y la Atm\u00f3sfera (CIMA) &#8211; <a href=\"https:\/\/www.filantropiacortessolari.cl\/wp-content\/uploads\/2020\/04\/2.Panel-5-Agua_Camilloni-2020.pdf\" target=\"_blank\" rel=\"noopener noreferrer\">PDF presentation<\/a><\/li>\n<li>Dr. Carolina Vera, Vice-Chair of Working Group I of the IPCC<\/li>\n<li>Gloria Ushigua Santi, Coordinator, Mujeres S\u00e1para Association.<\/li>\n<li>Timothy Spuck, STEM Development Officer, Associated Universities Inc.<\/li>\n<\/ol>\n<p>Coordinator: Alejandra Sther, Director of the Centro de Ciencias Ambientales Eula-Chile<\/p>\n<div id='gallery-14' class='gallery galleryid-9592 gallery-columns-4 gallery-size-thumbnail'><figure class='gallery-item'>\n\t\t\t<div class='gallery-icon landscape'>\n\t\t\t\t<a href='https:\/\/www.filantropiacortessolari.cl\/wp-content\/uploads\/2020\/03\/MG_2630.jpg'><img loading=\"lazy\" decoding=\"async\" width=\"150\" height=\"150\" src=\"https:\/\/www.filantropiacortessolari.cl\/wp-content\/uploads\/2020\/03\/MG_2630-150x150.jpg\" class=\"attachment-thumbnail size-thumbnail\" alt=\"\" srcset=\"https:\/\/www.filantropiacortessolari.cl\/wp-content\/uploads\/2020\/03\/MG_2630-150x150.jpg 150w, https:\/\/www.filantropiacortessolari.cl\/wp-content\/uploads\/2020\/03\/MG_2630-55x55.jpg 55w, https:\/\/www.filantropiacortessolari.cl\/wp-content\/uploads\/2020\/03\/MG_2630-250x250.jpg 250w\" sizes=\"auto, (max-width: 150px) 100vw, 150px\" \/><\/a>\n\t\t\t<\/div><\/figure><figure class='gallery-item'>\n\t\t\t<div class='gallery-icon landscape'>\n\t\t\t\t<a href='https:\/\/www.filantropiacortessolari.cl\/wp-content\/uploads\/2020\/03\/MG_2639-1.jpg'><img loading=\"lazy\" decoding=\"async\" width=\"150\" height=\"150\" src=\"https:\/\/www.filantropiacortessolari.cl\/wp-content\/uploads\/2020\/03\/MG_2639-1-150x150.jpg\" class=\"attachment-thumbnail size-thumbnail\" alt=\"\" srcset=\"https:\/\/www.filantropiacortessolari.cl\/wp-content\/uploads\/2020\/03\/MG_2639-1-150x150.jpg 150w, https:\/\/www.filantropiacortessolari.cl\/wp-content\/uploads\/2020\/03\/MG_2639-1-55x55.jpg 55w, https:\/\/www.filantropiacortessolari.cl\/wp-content\/uploads\/2020\/03\/MG_2639-1-250x250.jpg 250w\" sizes=\"auto, (max-width: 150px) 100vw, 150px\" \/><\/a>\n\t\t\t<\/div><\/figure><figure class='gallery-item'>\n\t\t\t<div class='gallery-icon landscape'>\n\t\t\t\t<a href='https:\/\/www.filantropiacortessolari.cl\/wp-content\/uploads\/2020\/03\/MG_2656.jpg'><img loading=\"lazy\" decoding=\"async\" width=\"150\" height=\"150\" src=\"https:\/\/www.filantropiacortessolari.cl\/wp-content\/uploads\/2020\/03\/MG_2656-150x150.jpg\" class=\"attachment-thumbnail size-thumbnail\" alt=\"\" srcset=\"https:\/\/www.filantropiacortessolari.cl\/wp-content\/uploads\/2020\/03\/MG_2656-150x150.jpg 150w, https:\/\/www.filantropiacortessolari.cl\/wp-content\/uploads\/2020\/03\/MG_2656-55x55.jpg 55w, https:\/\/www.filantropiacortessolari.cl\/wp-content\/uploads\/2020\/03\/MG_2656-250x250.jpg 250w\" sizes=\"auto, (max-width: 150px) 100vw, 150px\" \/><\/a>\n\t\t\t<\/div><\/figure><figure class='gallery-item'>\n\t\t\t<div class='gallery-icon landscape'>\n\t\t\t\t<a href='https:\/\/www.filantropiacortessolari.cl\/wp-content\/uploads\/2020\/03\/MG_2673.jpg'><img loading=\"lazy\" decoding=\"async\" width=\"150\" height=\"150\" src=\"https:\/\/www.filantropiacortessolari.cl\/wp-content\/uploads\/2020\/03\/MG_2673-150x150.jpg\" class=\"attachment-thumbnail size-thumbnail\" alt=\"\" srcset=\"https:\/\/www.filantropiacortessolari.cl\/wp-content\/uploads\/2020\/03\/MG_2673-150x150.jpg 150w, https:\/\/www.filantropiacortessolari.cl\/wp-content\/uploads\/2020\/03\/MG_2673-55x55.jpg 55w, https:\/\/www.filantropiacortessolari.cl\/wp-content\/uploads\/2020\/03\/MG_2673-250x250.jpg 250w\" sizes=\"auto, (max-width: 150px) 100vw, 150px\" \/><\/a>\n\t\t\t<\/div><\/figure><figure class='gallery-item'>\n\t\t\t<div class='gallery-icon landscape'>\n\t\t\t\t<a href='https:\/\/www.filantropiacortessolari.cl\/wp-content\/uploads\/2020\/03\/MG_2684.jpg'><img loading=\"lazy\" decoding=\"async\" width=\"150\" height=\"150\" src=\"https:\/\/www.filantropiacortessolari.cl\/wp-content\/uploads\/2020\/03\/MG_2684-150x150.jpg\" class=\"attachment-thumbnail size-thumbnail\" alt=\"\" srcset=\"https:\/\/www.filantropiacortessolari.cl\/wp-content\/uploads\/2020\/03\/MG_2684-150x150.jpg 150w, https:\/\/www.filantropiacortessolari.cl\/wp-content\/uploads\/2020\/03\/MG_2684-55x55.jpg 55w, https:\/\/www.filantropiacortessolari.cl\/wp-content\/uploads\/2020\/03\/MG_2684-250x250.jpg 250w\" sizes=\"auto, (max-width: 150px) 100vw, 150px\" \/><\/a>\n\t\t\t<\/div><\/figure><figure class='gallery-item'>\n\t\t\t<div class='gallery-icon landscape'>\n\t\t\t\t<a href='https:\/\/www.filantropiacortessolari.cl\/wp-content\/uploads\/2020\/03\/MG_2714.jpg'><img loading=\"lazy\" decoding=\"async\" width=\"150\" height=\"150\" src=\"https:\/\/www.filantropiacortessolari.cl\/wp-content\/uploads\/2020\/03\/MG_2714-150x150.jpg\" class=\"attachment-thumbnail size-thumbnail\" alt=\"\" srcset=\"https:\/\/www.filantropiacortessolari.cl\/wp-content\/uploads\/2020\/03\/MG_2714-150x150.jpg 150w, https:\/\/www.filantropiacortessolari.cl\/wp-content\/uploads\/2020\/03\/MG_2714-55x55.jpg 55w, https:\/\/www.filantropiacortessolari.cl\/wp-content\/uploads\/2020\/03\/MG_2714-250x250.jpg 250w\" sizes=\"auto, (max-width: 150px) 100vw, 150px\" \/><\/a>\n\t\t\t<\/div><\/figure>\n\t\t<\/div>\n<iframe loading=\"lazy\" src=\"https:\/\/www.youtube.com\/embed\/WcMNLfD5ks0\" width=\"100%\" height=\"450\" frameborder=\"0\" allowfullscreen=\"allowfullscreen\"><\/iframe>\n<\/div>\n<\/div><div id=\"cmsms_tab_69eebac423df97_50475991\" class=\"cmsms_tab\">\n<div class=\"cmsms_tab_inner\">\n<h2><span style=\"color: #ffffff;\">Effective Conservation Models<\/span><\/h2>\n<ol>\n<li>Patricia Morales, CEO of Filantrop\u00eda Cort\u00e9s Solari<\/li>\n<li>Flavia Liberona, Terram Foundation \u2013 <a href=\"https:\/\/www.filantropiacortessolari.cl\/wp-content\/uploads\/2020\/03\/2.Flavia-Liberona.pdf\" target=\"_blank\" rel=\"noopener noreferrer\">PDF presentation<\/a><\/li>\n<li>Adison Altamirano, Universidad de la Frontera Professor &#8211; <a href=\"https:\/\/www.filantropiacortessolari.cl\/wp-content\/uploads\/2020\/03\/3.Adison-Altamirano.pdf\" target=\"_blank\" rel=\"noopener noreferrer\">PDF presentation<\/a><\/li>\n<li>Leonel Tapia, Pago por Resultados Project, CO2 sequestration by native forests (FAO) &#8211; <a href=\"https:\/\/www.filantropiacortessolari.cl\/wp-content\/uploads\/2020\/03\/4.Leonel-Tapia.pdf\" target=\"_blank\" rel=\"noopener noreferrer\">PDF presentation<\/a><\/li>\n<li>Sergio Araya, UAI &#8211; <a href=\"https:\/\/www.filantropiacortessolari.cl\/wp-content\/uploads\/2020\/03\/5.Sergio-Araya.pdf\" target=\"_blank\" rel=\"noopener noreferrer\">PDF presentation<\/a><\/li>\n<li>Dr. Evelia Rivera, IPCC Lead Author<\/li>\n<\/ol>\n<p>Coordinator: Diego Flores (Head of Protected Areas Dept. Ministry of the Environment)<\/p>\n<div id='gallery-15' class='gallery galleryid-9592 gallery-columns-4 gallery-size-square-thumb'><figure class='gallery-item'>\n\t\t\t<div class='gallery-icon landscape'>\n\t\t\t\t<a href='https:\/\/www.filantropiacortessolari.cl\/wp-content\/uploads\/2020\/03\/MG_2748.jpg'><img loading=\"lazy\" decoding=\"async\" width=\"250\" height=\"250\" src=\"https:\/\/www.filantropiacortessolari.cl\/wp-content\/uploads\/2020\/03\/MG_2748-250x250.jpg\" class=\"attachment-square-thumb size-square-thumb\" alt=\"\" srcset=\"https:\/\/www.filantropiacortessolari.cl\/wp-content\/uploads\/2020\/03\/MG_2748-250x250.jpg 250w, https:\/\/www.filantropiacortessolari.cl\/wp-content\/uploads\/2020\/03\/MG_2748-150x150.jpg 150w, https:\/\/www.filantropiacortessolari.cl\/wp-content\/uploads\/2020\/03\/MG_2748-55x55.jpg 55w\" sizes=\"auto, (max-width: 250px) 100vw, 250px\" \/><\/a>\n\t\t\t<\/div><\/figure><figure class='gallery-item'>\n\t\t\t<div class='gallery-icon landscape'>\n\t\t\t\t<a href='https:\/\/www.filantropiacortessolari.cl\/wp-content\/uploads\/2020\/03\/MG_2777.jpg'><img loading=\"lazy\" decoding=\"async\" width=\"250\" height=\"250\" src=\"https:\/\/www.filantropiacortessolari.cl\/wp-content\/uploads\/2020\/03\/MG_2777-250x250.jpg\" class=\"attachment-square-thumb size-square-thumb\" alt=\"\" srcset=\"https:\/\/www.filantropiacortessolari.cl\/wp-content\/uploads\/2020\/03\/MG_2777-250x250.jpg 250w, https:\/\/www.filantropiacortessolari.cl\/wp-content\/uploads\/2020\/03\/MG_2777-150x150.jpg 150w, https:\/\/www.filantropiacortessolari.cl\/wp-content\/uploads\/2020\/03\/MG_2777-55x55.jpg 55w\" sizes=\"auto, (max-width: 250px) 100vw, 250px\" \/><\/a>\n\t\t\t<\/div><\/figure><figure class='gallery-item'>\n\t\t\t<div class='gallery-icon landscape'>\n\t\t\t\t<a href='https:\/\/www.filantropiacortessolari.cl\/wp-content\/uploads\/2020\/03\/MG_2795.jpg'><img loading=\"lazy\" decoding=\"async\" width=\"250\" height=\"250\" src=\"https:\/\/www.filantropiacortessolari.cl\/wp-content\/uploads\/2020\/03\/MG_2795-250x250.jpg\" class=\"attachment-square-thumb size-square-thumb\" alt=\"\" srcset=\"https:\/\/www.filantropiacortessolari.cl\/wp-content\/uploads\/2020\/03\/MG_2795-250x250.jpg 250w, https:\/\/www.filantropiacortessolari.cl\/wp-content\/uploads\/2020\/03\/MG_2795-150x150.jpg 150w, https:\/\/www.filantropiacortessolari.cl\/wp-content\/uploads\/2020\/03\/MG_2795-55x55.jpg 55w\" sizes=\"auto, (max-width: 250px) 100vw, 250px\" \/><\/a>\n\t\t\t<\/div><\/figure><figure class='gallery-item'>\n\t\t\t<div class='gallery-icon landscape'>\n\t\t\t\t<a href='https:\/\/www.filantropiacortessolari.cl\/wp-content\/uploads\/2020\/03\/MG_2806.jpg'><img loading=\"lazy\" decoding=\"async\" width=\"250\" height=\"250\" src=\"https:\/\/www.filantropiacortessolari.cl\/wp-content\/uploads\/2020\/03\/MG_2806-250x250.jpg\" class=\"attachment-square-thumb size-square-thumb\" alt=\"\" srcset=\"https:\/\/www.filantropiacortessolari.cl\/wp-content\/uploads\/2020\/03\/MG_2806-250x250.jpg 250w, https:\/\/www.filantropiacortessolari.cl\/wp-content\/uploads\/2020\/03\/MG_2806-150x150.jpg 150w, https:\/\/www.filantropiacortessolari.cl\/wp-content\/uploads\/2020\/03\/MG_2806-55x55.jpg 55w\" sizes=\"auto, (max-width: 250px) 100vw, 250px\" \/><\/a>\n\t\t\t<\/div><\/figure><figure class='gallery-item'>\n\t\t\t<div class='gallery-icon landscape'>\n\t\t\t\t<a href='https:\/\/www.filantropiacortessolari.cl\/wp-content\/uploads\/2020\/03\/MG_2847-1.jpg'><img loading=\"lazy\" decoding=\"async\" width=\"250\" height=\"250\" src=\"https:\/\/www.filantropiacortessolari.cl\/wp-content\/uploads\/2020\/03\/MG_2847-1-250x250.jpg\" class=\"attachment-square-thumb size-square-thumb\" alt=\"\" srcset=\"https:\/\/www.filantropiacortessolari.cl\/wp-content\/uploads\/2020\/03\/MG_2847-1-250x250.jpg 250w, https:\/\/www.filantropiacortessolari.cl\/wp-content\/uploads\/2020\/03\/MG_2847-1-150x150.jpg 150w, https:\/\/www.filantropiacortessolari.cl\/wp-content\/uploads\/2020\/03\/MG_2847-1-55x55.jpg 55w\" sizes=\"auto, (max-width: 250px) 100vw, 250px\" \/><\/a>\n\t\t\t<\/div><\/figure><figure class='gallery-item'>\n\t\t\t<div class='gallery-icon landscape'>\n\t\t\t\t<a href='https:\/\/www.filantropiacortessolari.cl\/wp-content\/uploads\/2020\/03\/MG_2869.jpg'><img loading=\"lazy\" decoding=\"async\" width=\"250\" height=\"250\" src=\"https:\/\/www.filantropiacortessolari.cl\/wp-content\/uploads\/2020\/03\/MG_2869-250x250.jpg\" class=\"attachment-square-thumb size-square-thumb\" alt=\"\" srcset=\"https:\/\/www.filantropiacortessolari.cl\/wp-content\/uploads\/2020\/03\/MG_2869-250x250.jpg 250w, https:\/\/www.filantropiacortessolari.cl\/wp-content\/uploads\/2020\/03\/MG_2869-150x150.jpg 150w, https:\/\/www.filantropiacortessolari.cl\/wp-content\/uploads\/2020\/03\/MG_2869-55x55.jpg 55w\" sizes=\"auto, (max-width: 250px) 100vw, 250px\" \/><\/a>\n\t\t\t<\/div><\/figure><figure class='gallery-item'>\n\t\t\t<div class='gallery-icon landscape'>\n\t\t\t\t<a href='https:\/\/www.filantropiacortessolari.cl\/wp-content\/uploads\/2020\/03\/MG_2880.jpg'><img loading=\"lazy\" decoding=\"async\" width=\"250\" height=\"250\" src=\"https:\/\/www.filantropiacortessolari.cl\/wp-content\/uploads\/2020\/03\/MG_2880-250x250.jpg\" class=\"attachment-square-thumb size-square-thumb\" alt=\"\" srcset=\"https:\/\/www.filantropiacortessolari.cl\/wp-content\/uploads\/2020\/03\/MG_2880-250x250.jpg 250w, https:\/\/www.filantropiacortessolari.cl\/wp-content\/uploads\/2020\/03\/MG_2880-150x150.jpg 150w, https:\/\/www.filantropiacortessolari.cl\/wp-content\/uploads\/2020\/03\/MG_2880-55x55.jpg 55w\" sizes=\"auto, (max-width: 250px) 100vw, 250px\" \/><\/a>\n\t\t\t<\/div><\/figure><figure class='gallery-item'>\n\t\t\t<div class='gallery-icon landscape'>\n\t\t\t\t<a href='https:\/\/www.filantropiacortessolari.cl\/wp-content\/uploads\/2020\/03\/MG_2883.jpg'><img loading=\"lazy\" decoding=\"async\" width=\"250\" height=\"250\" src=\"https:\/\/www.filantropiacortessolari.cl\/wp-content\/uploads\/2020\/03\/MG_2883-250x250.jpg\" class=\"attachment-square-thumb size-square-thumb\" alt=\"\" srcset=\"https:\/\/www.filantropiacortessolari.cl\/wp-content\/uploads\/2020\/03\/MG_2883-250x250.jpg 250w, https:\/\/www.filantropiacortessolari.cl\/wp-content\/uploads\/2020\/03\/MG_2883-150x150.jpg 150w, https:\/\/www.filantropiacortessolari.cl\/wp-content\/uploads\/2020\/03\/MG_2883-55x55.jpg 55w\" sizes=\"auto, (max-width: 250px) 100vw, 250px\" \/><\/a>\n\t\t\t<\/div><\/figure>\n\t\t<\/div>\n<iframe loading=\"lazy\" src=\"https:\/\/www.youtube.com\/embed\/TOiFi4DdVjE\" width=\"100%\" height=\"450\" frameborder=\"0\" allowfullscreen=\"allowfullscreen\"><\/iframe>\n<\/div>\n<\/div><\/div>\n<\/div>\n<\/div>\n<\/div>\n<\/div>\n<\/div>\n<\/div>\n<\/div>\n\n","protected":false},"excerpt":{"rendered":"","protected":false},"author":1,"featured_media":0,"parent":0,"menu_order":0,"comment_status":"closed","ping_status":"closed","template":"","meta":{"footnotes":""},"class_list":["post-9592","page","type-page","status-publish","hentry"],"translation":{"provider":"WPGlobus","version":"3.0.2","language":"en","enabled_languages":["es","en"],"languages":{"es":{"title":true,"content":true,"excerpt":false},"en":{"title":true,"content":true,"excerpt":false}}},"yoast_head":"<!-- This site is optimized with the Yoast SEO plugin v27.4 - https:\/\/yoast.com\/product\/yoast-seo-wordpress\/ -->\n<title>Day 1 \u201cFirst Conference on Climate Change, Scientific Evidence and Public Policy for Latin America and the Caribbean\u201d<\/title>\n<meta name=\"robots\" content=\"index, follow, max-snippet:-1, max-image-preview:large, max-video-preview:-1\" \/>\n<link rel=\"canonical\" href=\"https:\/\/www.filantropiacortessolari.cl\/dia-1-primera-conferencia-sobre-cambio-climatico-evidencia-cientifica-y-politicas-publicas-para-america-latina-y-el-caribe1\/\" \/>\n<meta property=\"og:locale\" content=\"en_US\" \/>\n<meta property=\"og:type\" content=\"article\" \/>\n<meta property=\"og:title\" content=\"Day 1 \u201cFirst Conference on Climate Change, Scientific Evidence and Public Policy for Latin America and the Caribbean\u201d\" \/>\n<meta property=\"og:url\" content=\"https:\/\/www.filantropiacortessolari.cl\/dia-1-primera-conferencia-sobre-cambio-climatico-evidencia-cientifica-y-politicas-publicas-para-america-latina-y-el-caribe1\/\" \/>\n<meta property=\"og:site_name\" content=\"Filantrop\u00eda Cort\u00e9s Solari\" \/>\n<meta property=\"article:modified_time\" content=\"2022-06-20T17:12:34+00:00\" \/>\n<meta name=\"twitter:card\" content=\"summary_large_image\" \/>\n<meta name=\"twitter:label1\" content=\"Est. reading time\" \/>\n\t<meta name=\"twitter:data1\" content=\"5 minutes\" \/>\n<script type=\"application\/ld+json\" class=\"yoast-schema-graph\">{\"@context\":\"https:\\\/\\\/schema.org\",\"@graph\":[{\"@type\":\"WebPage\",\"@id\":\"https:\\\/\\\/www.filantropiacortessolari.cl\\\/dia-1-primera-conferencia-sobre-cambio-climatico-evidencia-cientifica-y-politicas-publicas-para-america-latina-y-el-caribe1\\\/\",\"url\":\"https:\\\/\\\/www.filantropiacortessolari.cl\\\/dia-1-primera-conferencia-sobre-cambio-climatico-evidencia-cientifica-y-politicas-publicas-para-america-latina-y-el-caribe1\\\/\",\"name\":\"Day 1 \u201cFirst Conference on Climate Change, Scientific Evidence and Public Policy for Latin America and the Caribbean\u201d\",\"isPartOf\":{\"@id\":\"https:\\\/\\\/www.filantropiacortessolari.cl\\\/#website\"},\"datePublished\":\"2020-03-25T16:03:45+00:00\",\"dateModified\":\"2022-06-20T17:12:34+00:00\",\"breadcrumb\":{\"@id\":\"https:\\\/\\\/www.filantropiacortessolari.cl\\\/dia-1-primera-conferencia-sobre-cambio-climatico-evidencia-cientifica-y-politicas-publicas-para-america-latina-y-el-caribe1\\\/#breadcrumb\"},\"inLanguage\":\"en-US\",\"potentialAction\":[{\"@type\":\"ReadAction\",\"target\":[\"https:\\\/\\\/www.filantropiacortessolari.cl\\\/dia-1-primera-conferencia-sobre-cambio-climatico-evidencia-cientifica-y-politicas-publicas-para-america-latina-y-el-caribe1\\\/\"]}]},{\"@type\":\"BreadcrumbList\",\"@id\":\"https:\\\/\\\/www.filantropiacortessolari.cl\\\/dia-1-primera-conferencia-sobre-cambio-climatico-evidencia-cientifica-y-politicas-publicas-para-america-latina-y-el-caribe1\\\/#breadcrumb\",\"itemListElement\":[{\"@type\":\"ListItem\",\"position\":1,\"name\":\"Portada\",\"item\":\"https:\\\/\\\/www.filantropiacortessolari.cl\\\/\"},{\"@type\":\"ListItem\",\"position\":2,\"name\":\"Primera Conferencia sobre Cambio Clim\u00e1tico, Evidencia Cient\u00edfica y Pol\u00edticas P\u00fablicas para Am\u00e9rica Latina y el Caribe\"}]},{\"@type\":\"WebSite\",\"@id\":\"https:\\\/\\\/www.filantropiacortessolari.cl\\\/#website\",\"url\":\"https:\\\/\\\/www.filantropiacortessolari.cl\\\/\",\"name\":\"Filantrop\u00eda Cort\u00e9s Solari\",\"description\":\"Sitio web Filantrop\u00eda Cort\u00e9s Solari\",\"potentialAction\":[{\"@type\":\"SearchAction\",\"target\":{\"@type\":\"EntryPoint\",\"urlTemplate\":\"https:\\\/\\\/www.filantropiacortessolari.cl\\\/?s={search_term_string}\"},\"query-input\":{\"@type\":\"PropertyValueSpecification\",\"valueRequired\":true,\"valueName\":\"search_term_string\"}}],\"inLanguage\":\"en-US\"}]}<\/script>\n<!-- \/ Yoast SEO plugin. -->","yoast_head_json":{"title":"Day 1 \u201cFirst Conference on Climate Change, Scientific Evidence and Public Policy for Latin America and the Caribbean\u201d","robots":{"index":"index","follow":"follow","max-snippet":"max-snippet:-1","max-image-preview":"max-image-preview:large","max-video-preview":"max-video-preview:-1"},"canonical":"https:\/\/www.filantropiacortessolari.cl\/dia-1-primera-conferencia-sobre-cambio-climatico-evidencia-cientifica-y-politicas-publicas-para-america-latina-y-el-caribe1\/","og_locale":"en_US","og_type":"article","og_title":"Day 1 \u201cFirst Conference on Climate Change, Scientific Evidence and Public Policy for Latin America and the Caribbean\u201d","og_url":"https:\/\/www.filantropiacortessolari.cl\/dia-1-primera-conferencia-sobre-cambio-climatico-evidencia-cientifica-y-politicas-publicas-para-america-latina-y-el-caribe1\/","og_site_name":"Filantrop\u00eda Cort\u00e9s Solari","article_modified_time":"2022-06-20T17:12:34+00:00","twitter_card":"summary_large_image","twitter_misc":{"Est. reading time":"5 minutes"},"schema":{"@context":"https:\/\/schema.org","@graph":[{"@type":"WebPage","@id":"https:\/\/www.filantropiacortessolari.cl\/dia-1-primera-conferencia-sobre-cambio-climatico-evidencia-cientifica-y-politicas-publicas-para-america-latina-y-el-caribe1\/","url":"https:\/\/www.filantropiacortessolari.cl\/dia-1-primera-conferencia-sobre-cambio-climatico-evidencia-cientifica-y-politicas-publicas-para-america-latina-y-el-caribe1\/","name":"Day 1 \u201cFirst Conference on Climate Change, Scientific Evidence and Public Policy for Latin America and the Caribbean\u201d","isPartOf":{"@id":"https:\/\/www.filantropiacortessolari.cl\/#website"},"datePublished":"2020-03-25T16:03:45+00:00","dateModified":"2022-06-20T17:12:34+00:00","breadcrumb":{"@id":"https:\/\/www.filantropiacortessolari.cl\/dia-1-primera-conferencia-sobre-cambio-climatico-evidencia-cientifica-y-politicas-publicas-para-america-latina-y-el-caribe1\/#breadcrumb"},"inLanguage":"en-US","potentialAction":[{"@type":"ReadAction","target":["https:\/\/www.filantropiacortessolari.cl\/dia-1-primera-conferencia-sobre-cambio-climatico-evidencia-cientifica-y-politicas-publicas-para-america-latina-y-el-caribe1\/"]}]},{"@type":"BreadcrumbList","@id":"https:\/\/www.filantropiacortessolari.cl\/dia-1-primera-conferencia-sobre-cambio-climatico-evidencia-cientifica-y-politicas-publicas-para-america-latina-y-el-caribe1\/#breadcrumb","itemListElement":[{"@type":"ListItem","position":1,"name":"Portada","item":"https:\/\/www.filantropiacortessolari.cl\/"},{"@type":"ListItem","position":2,"name":"Primera Conferencia sobre Cambio Clim\u00e1tico, Evidencia Cient\u00edfica y Pol\u00edticas P\u00fablicas para Am\u00e9rica Latina y el Caribe"}]},{"@type":"WebSite","@id":"https:\/\/www.filantropiacortessolari.cl\/#website","url":"https:\/\/www.filantropiacortessolari.cl\/","name":"Filantrop\u00eda Cort\u00e9s Solari","description":"Sitio web Filantrop\u00eda Cort\u00e9s Solari","potentialAction":[{"@type":"SearchAction","target":{"@type":"EntryPoint","urlTemplate":"https:\/\/www.filantropiacortessolari.cl\/?s={search_term_string}"},"query-input":{"@type":"PropertyValueSpecification","valueRequired":true,"valueName":"search_term_string"}}],"inLanguage":"en-US"}]}},"_links":{"self":[{"href":"https:\/\/www.filantropiacortessolari.cl\/en\/wp-json\/wp\/v2\/pages\/9592","targetHints":{"allow":["GET"]}}],"collection":[{"href":"https:\/\/www.filantropiacortessolari.cl\/en\/wp-json\/wp\/v2\/pages"}],"about":[{"href":"https:\/\/www.filantropiacortessolari.cl\/en\/wp-json\/wp\/v2\/types\/page"}],"author":[{"embeddable":true,"href":"https:\/\/www.filantropiacortessolari.cl\/en\/wp-json\/wp\/v2\/users\/1"}],"replies":[{"embeddable":true,"href":"https:\/\/www.filantropiacortessolari.cl\/en\/wp-json\/wp\/v2\/comments?post=9592"}],"version-history":[{"count":42,"href":"https:\/\/www.filantropiacortessolari.cl\/en\/wp-json\/wp\/v2\/pages\/9592\/revisions"}],"predecessor-version":[{"id":10693,"href":"https:\/\/www.filantropiacortessolari.cl\/en\/wp-json\/wp\/v2\/pages\/9592\/revisions\/10693"}],"wp:attachment":[{"href":"https:\/\/www.filantropiacortessolari.cl\/en\/wp-json\/wp\/v2\/media?parent=9592"}],"curies":[{"name":"wp","href":"https:\/\/api.w.org\/{rel}","templated":true}]}}